{"id":10587,"date":"2025-09-17T15:16:07","date_gmt":"2025-09-17T13:16:07","guid":{"rendered":"https:\/\/www.kunstfuerangeln.de\/kunst-efteraar-2025"},"modified":"2026-03-14T11:42:28","modified_gmt":"2026-03-14T10:42:28","slug":"kunst-efteraar-2025","status":"publish","type":"page","link":"https:\/\/www.kunstfuerangeln.de\/da\/kunst-efteraar-2025","title":{"rendered":"KUNST EFTER\u00c5R 2025"},"content":{"rendered":"\n<h1 class=\"wp-block-heading\">KUNST EFTER\u00c5R 2025<\/h1>\n\n<p class=\"has-medium-font-size\">Efter\u00e5ret begyndte med et rigtigt h\u00f8jdepunkt for os &#8211; omkring 400 bes\u00f8gende fejrede \u00e5bningen af de to efter\u00e5rsudstillinger<\/p>\n\n<h2 class=\"wp-block-heading has-medium-font-size\"><strong>DER ER FINISSAGE P\u00c5 BEGGE UDSTILLINGER DEN 19.10. FRA KL. 12.00<\/strong><\/h2>\n\n<p><br \/><strong>S\u00f8ndag den 28. september 2025 <\/strong> \u00e5bnede <strong>Kunst-Herbst 2025<\/strong> p\u00e5 Wittkielhof &#8211; med <strong>to udstillinger, en bogpremiere og et livligt musikalsk kick-off<\/strong>.<\/p>\n\n<div class=\"wp-block-columns is-layout-flex wp-container-core-columns-is-layout-9d6595d7 wp-block-columns-is-layout-flex\">\n<div class=\"wp-block-column is-layout-flow wp-block-column-is-layout-flow\">\n<figure class=\"wp-block-image size-full is-resized\"><img loading=\"lazy\" decoding=\"async\" width=\"2077\" height=\"2560\" src=\"https:\/\/www.kunstfuerangeln.de\/wp-content\/uploads\/2025\/10\/IMG_4706-scaled.jpg\" alt=\"\" class=\"wp-image-9466\" style=\"width:347px;height:auto\" srcset=\"https:\/\/www.kunstfuerangeln.de\/wp-content\/uploads\/2025\/10\/IMG_4706-scaled.jpg 2077w, https:\/\/www.kunstfuerangeln.de\/wp-content\/uploads\/2025\/10\/IMG_4706-243x300.jpg 243w, https:\/\/www.kunstfuerangeln.de\/wp-content\/uploads\/2025\/10\/IMG_4706-831x1024.jpg 831w, https:\/\/www.kunstfuerangeln.de\/wp-content\/uploads\/2025\/10\/IMG_4706-768x947.jpg 768w, https:\/\/www.kunstfuerangeln.de\/wp-content\/uploads\/2025\/10\/IMG_4706-1246x1536.jpg 1246w, https:\/\/www.kunstfuerangeln.de\/wp-content\/uploads\/2025\/10\/IMG_4706-1662x2048.jpg 1662w\" sizes=\"auto, (max-width: 2077px) 100vw, 2077px\" \/><\/figure>\n<\/div>\n\n\n\n<div class=\"wp-block-column is-layout-flow wp-block-column-is-layout-flow\">\n<p>Udstilling 1)<br \/><strong>&#8220;The Kids are the Stars&#8221; &#8211; Tysklands st\u00f8rste b\u00f8rnekunstudstilling!<br \/><\/strong>Mere end <strong>400 b\u00f8rnekunstv\u00e6rker<\/strong>, skabt i workshops med daginstitutioner og skoler i vores region, forvandler 400 kvadratmeter udstillingsareal til en farverig og inspirerende oplevelse.  <\/p>\n\n\n\n<p>Denne ekstraordin\u00e6re udstilling er kurateret af Flensborg-kunstneren <strong>Henrik Becker<\/strong>.<\/p>\n\n\n\n<h3 class=\"wp-block-heading\" style=\"font-size:23px\"><em>Den ledsagende bog &#8220;The Kids are the Stars&#8221; blev udgivet i forbindelse med \u00e5bningen &#8211; 100 % af indt\u00e6gterne g\u00e5r til nye gratis kunstprojekter for b\u00f8rn, som vores forening organiserer.<\/em><br \/><br \/><br \/><\/h3>\n<\/div>\n<\/div>\n\n<p class=\"has-medium-font-size\"><\/p>\n\n<p><strong>Ekstramateriale:<br \/><\/strong>Man kan ogs\u00e5 se originale v\u00e6rker fra <strong>Roosen-Trinks-samlingen<\/strong>, som har v\u00e6ret en inspirationskilde for b\u00f8rnene. Blandt andet v\u00e6rker af <strong>Stephan Balkenhol<\/strong>, <strong>Picasso<\/strong>, <strong>Klaus Fu\u00dfmann<\/strong>, <strong>Thorsten Brinkmann<\/strong>,<strong>Sofie Bird M\u00f8ller<\/strong>, <strong>Rupprecht Matthies<\/strong> <strong>, Flensborg-kunstneren Nele Engler, Flensborg-kunstnerne Henrik Becker og Thore Bernstein<\/strong> og mange flere,  <\/p>\n\n<div class=\"wp-block-columns is-layout-flex wp-container-core-columns-is-layout-9d6595d7 wp-block-columns-is-layout-flex\">\n<div class=\"wp-block-column is-layout-flow wp-block-column-is-layout-flow\">\n<p>Udstilling 2)<br \/><strong>Fotokunst af Katja Ruge<br \/><\/strong>Den kendte kunstner, DJane og producer viser hjems\u00f8gende portr\u00e6tter fra sin serie <em>&#8220;Women in Electronic Music&#8221;.<\/em> Hendes arbejde kombinerer fotografi, musik, portr\u00e6tter og popkultur p\u00e5 en s\u00e6regen m\u00e5de.<\/p>\n\n\n\n<p><strong>Musikalsk optakt:<br \/><\/strong> <strong>Flensborgs <\/strong>skoleband <strong>&#8220;La Banda Viktoria&#8221;<\/strong> under ledelse af Christian Spevak skabte en fantastisk stemning og gav vores \u00e5bning en god start.<\/p>\n\n\n\n\n<\/div>\n\n\n\n<div class=\"wp-block-column is-layout-flow wp-block-column-is-layout-flow\"><div class=\"wp-block-image\">\n<figure class=\"alignright size-large is-resized\"><img loading=\"lazy\" decoding=\"async\" width=\"683\" height=\"1024\" src=\"https:\/\/www.kunstfuerangeln.de\/wp-content\/uploads\/2025\/09\/unnamed-1-683x1024.jpg\" alt=\"\" class=\"wp-image-9320\" style=\"width:294px;height:auto\" srcset=\"https:\/\/www.kunstfuerangeln.de\/wp-content\/uploads\/2025\/09\/unnamed-1-683x1024.jpg 683w, https:\/\/www.kunstfuerangeln.de\/wp-content\/uploads\/2025\/09\/unnamed-1-200x300.jpg 200w, https:\/\/www.kunstfuerangeln.de\/wp-content\/uploads\/2025\/09\/unnamed-1-768x1152.jpg 768w, https:\/\/www.kunstfuerangeln.de\/wp-content\/uploads\/2025\/09\/unnamed-1-1024x1536.jpg 1024w, https:\/\/www.kunstfuerangeln.de\/wp-content\/uploads\/2025\/09\/unnamed-1-1365x2048.jpg 1365w, https:\/\/www.kunstfuerangeln.de\/wp-content\/uploads\/2025\/09\/unnamed-1-scaled.jpg 1707w\" sizes=\"auto, (max-width: 683px) 100vw, 683px\" \/><\/figure>\n<\/div><\/div>\n<\/div>\n\n<p><strong>Udstillingen l\u00f8ber fra 28. september til 19. oktober 2025.<\/strong> Kontakt mig, s\u00e5 finder vi en passende dato for et bes\u00f8g.<\/p>\n\n<div class=\"wp-block-buttons is-layout-flex wp-block-buttons-is-layout-flex\">\n<div class=\"wp-block-button is-style-outline is-style-outline--1\"><a class=\"wp-block-button__link wp-element-button\" href=\"https:\/\/www.kunstfuerangeln.de\/wp-content\/uploads\/2025\/09\/PM-2025_08_KFA_KKC.pdf\"><strong>pressemeddelelse 1<\/strong><\/a><\/div>\n\n\n\n<div class=\"wp-block-button is-style-outline is-style-outline--2\"><a class=\"wp-block-button__link wp-element-button\" href=\"https:\/\/www.kunstfuerangeln.de\/wp-content\/uploads\/2025\/09\/PM-2025_08_KFA_Electric_Lights_PM.pdf\"><strong>pressemeddelelse 2<\/strong><\/a><\/div>\n<\/div>\n\n\n","protected":false},"excerpt":{"rendered":"<p>KUNST EFTER\u00c5R 2025 Efter\u00e5ret begyndte med et rigtigt h\u00f8jdepunkt for os &#8211; omkring 400 bes\u00f8gende fejrede \u00e5bningen af de to efter\u00e5rsudstillinger DER ER FINISSAGE P\u00c5 BEGGE UDSTILLINGER DEN 19.10. FRA KL. 12.00 S\u00f8ndag den 28. september 2025 \u00e5bnede Kunst-Herbst 2025 p\u00e5 Wittkielhof &#8211; med to udstillinger, en bogpremiere og et livligt musikalsk kick-off. Udstilling 1)&#8220;The [&hellip;]<\/p>\n","protected":false},"author":7,"featured_media":0,"parent":0,"menu_order":0,"comment_status":"closed","ping_status":"closed","template":"","meta":{"_acf_changed":false,"footnotes":""},"class_list":["post-10587","page","type-page","status-publish","hentry"],"acf":[],"_links":{"self":[{"href":"https:\/\/www.kunstfuerangeln.de\/da\/wp-json\/wp\/v2\/pages\/10587","targetHints":{"allow":["GET"]}}],"collection":[{"href":"https:\/\/www.kunstfuerangeln.de\/da\/wp-json\/wp\/v2\/pages"}],"about":[{"href":"https:\/\/www.kunstfuerangeln.de\/da\/wp-json\/wp\/v2\/types\/page"}],"author":[{"embeddable":true,"href":"https:\/\/www.kunstfuerangeln.de\/da\/wp-json\/wp\/v2\/users\/7"}],"replies":[{"embeddable":true,"href":"https:\/\/www.kunstfuerangeln.de\/da\/wp-json\/wp\/v2\/comments?post=10587"}],"version-history":[{"count":1,"href":"https:\/\/www.kunstfuerangeln.de\/da\/wp-json\/wp\/v2\/pages\/10587\/revisions"}],"predecessor-version":[{"id":10598,"href":"https:\/\/www.kunstfuerangeln.de\/da\/wp-json\/wp\/v2\/pages\/10587\/revisions\/10598"}],"wp:attachment":[{"href":"https:\/\/www.kunstfuerangeln.de\/da\/wp-json\/wp\/v2\/media?parent=10587"}],"curies":[{"name":"wp","href":"https:\/\/api.w.org\/{rel}","templated":true}]}}