{"id":10609,"date":"2026-01-20T17:56:01","date_gmt":"2026-01-20T16:56:01","guid":{"rendered":"https:\/\/www.kunstfuerangeln.de\/jeg-er-en-drinnie"},"modified":"2026-04-27T20:04:38","modified_gmt":"2026-04-27T18:04:38","slug":"jeg-er-en-drinnie","status":"publish","type":"page","link":"https:\/\/www.kunstfuerangeln.de\/da\/jeg-er-en-drinnie","title":{"rendered":"Jeg er en Drinnie"},"content":{"rendered":"\n<h1 class=\"wp-block-heading\">JEG ER EN DRINNIE<\/h1>\n\n\n\n<h2 class=\"wp-block-heading\">Tysk-dansk for\u00e5rsudstilling, arrangeret af foreningen KUNST F\u00dcR ANGELN, \u00e5bnede s\u00f8ndag den 19. april 2026<br \/><\/h2>\n\n\n\n<p class=\"has-medium-font-size\"><em>Med et st\u00e6rkt tysk-dansk samarbejde \u00e5bner den almennyttige forening KUNST F\u00dcR ANGELN kunst\u00e5ret 2026.<\/em><\/p>\n\n\n\n<p>Den store for\u00e5rsudstilling \u201cI Am a Drinnie\u201d (Drinnie er et k\u00e6lenavn for en person, der foretr\u00e6kker at v\u00e6re indend\u00f8rs) har i hele april forvandlet Wittkielhof ved Kappeln til et m\u00f8dested for samtidskunst, kulturel udveksling og nye perspektiver i gr\u00e6nseregionen mellem Slesvig-Holsten og Danmark.<\/p>\n\n\n\n<p><strong>Kunst forbinder &#8211; p\u00e5 tv\u00e6rs af gr\u00e6nser<\/strong><br \/>Siden grundl\u00e6ggelsen i 2022 har KUNST F\u00dcR ANGELN forfulgt m\u00e5let om at berige Slesvig-Holstens nordligste region med samtidskunst p\u00e5 en b\u00e6redygtig m\u00e5de og intensivere den kreative udveksling med danske kunstnere. Den geografiske n\u00e6rhed til den dansk-tyske gr\u00e6nse ses bevidst som en kulturel mulighed: Kunsten bliver et forbindelseselement mellem sprog, generationer og kunstneriske positioner.<\/p>\n\n\n\n<p>Dette samarbejde vil blive yderligere intensiveret i 2026. I t\u00e6t samarbejde med S\u00f8nderjyllands Kunstskole og med den danske kunstner og kunstformidler Thomas Lunau som kurator pr\u00e6senterer foreningen en udstilling, der p\u00e5 naturlig vis kombinerer tyske og danske perspektiver. <\/p>\n\n\n\n<h2 class=\"wp-block-heading\">Sociale medier er OUT!<\/h2>\n\n\n\n<p><br \/>I en verden, hvor digitale teknologier gennemsyrer og dominerer vores hverdag, vokser en stille, men st\u00f8t voksende modbev\u00e6gelse &#8211; p\u00e5 tv\u00e6rs af alle generationer: Flere og flere mennesker v\u00e6lger bevidst et liv med mindre sk\u00e6rmtid og mere dybde, mere analog erfaring. Hvad der i f\u00f8rste omgang kan virke som nostalgi, er faktisk et udtryk for social forandring <\/p>\n\n\n\n<p>Det, der ofte misforst\u00e5s som indadvendt, er snarere en l\u00e6ngsel efter et langsommere liv, en opbremsning, der opfattes som en tilbagevenden til det, der virkelig t\u00e6ller: rigtige m\u00f8der, kreative aktiviteter, b\u00e6redygtighed, mindfulness, autenticitet, fysisk tilstedev\u00e6relse. Nutidens &#8220;drinnie&#8221; leder efter \u00e6gte social kontakt &#8211; med &#8220;rigtige&#8221; mennesker! Flere og flere eksperter indser, at det er slut med sociale medier, og at rigtige mennesker tr\u00e6kker sig tilbage fra digitalt-syntetiske verdener og ind i den analoge verden!  <\/p>\n\n\n\n<p><strong>Udstillingen \u201eI am a Drinnie\u201c l\u00f8ber frem til den 17. maj med et l\u00e6seomr\u00e5de og et udvalg af litteratur.<\/strong><\/p>\n\n\n\n<figure class=\"wp-block-gallery has-nested-images columns-default is-cropped wp-block-gallery-1 is-layout-flex wp-block-gallery-is-layout-flex\">\n<figure class=\"wp-block-image size-large\"><img loading=\"lazy\" decoding=\"async\" width=\"1024\" height=\"890\" data-id=\"10475\" src=\"https:\/\/www.kunstfuerangeln.de\/wp-content\/uploads\/2026\/01\/dr-1-1024x890.jpeg\" alt=\"\" class=\"wp-image-10475\" srcset=\"https:\/\/www.kunstfuerangeln.de\/wp-content\/uploads\/2026\/01\/dr-1-1024x890.jpeg 1024w, https:\/\/www.kunstfuerangeln.de\/wp-content\/uploads\/2026\/01\/dr-1-300x261.jpeg 300w, https:\/\/www.kunstfuerangeln.de\/wp-content\/uploads\/2026\/01\/dr-1-768x668.jpeg 768w, https:\/\/www.kunstfuerangeln.de\/wp-content\/uploads\/2026\/01\/dr-1.jpeg 1355w\" sizes=\"auto, (max-width: 1024px) 100vw, 1024px\" \/><\/figure>\n\n\n\n<figure class=\"wp-block-image size-large\"><img loading=\"lazy\" decoding=\"async\" width=\"1024\" height=\"779\" data-id=\"10471\" src=\"https:\/\/www.kunstfuerangeln.de\/wp-content\/uploads\/2026\/01\/dr-2-1024x779.jpeg\" alt=\"\" class=\"wp-image-10471\" srcset=\"https:\/\/www.kunstfuerangeln.de\/wp-content\/uploads\/2026\/01\/dr-2-1024x779.jpeg 1024w, https:\/\/www.kunstfuerangeln.de\/wp-content\/uploads\/2026\/01\/dr-2-300x228.jpeg 300w, https:\/\/www.kunstfuerangeln.de\/wp-content\/uploads\/2026\/01\/dr-2-768x584.jpeg 768w, https:\/\/www.kunstfuerangeln.de\/wp-content\/uploads\/2026\/01\/dr-2.jpeg 1456w\" sizes=\"auto, (max-width: 1024px) 100vw, 1024px\" \/><\/figure>\n\n\n\n<figure class=\"wp-block-image size-large\"><img loading=\"lazy\" decoding=\"async\" width=\"1024\" height=\"882\" data-id=\"10469\" src=\"https:\/\/www.kunstfuerangeln.de\/wp-content\/uploads\/2026\/01\/dr-3-1024x882.jpeg\" alt=\"\" class=\"wp-image-10469\" srcset=\"https:\/\/www.kunstfuerangeln.de\/wp-content\/uploads\/2026\/01\/dr-3-1024x882.jpeg 1024w, https:\/\/www.kunstfuerangeln.de\/wp-content\/uploads\/2026\/01\/dr-3-300x259.jpeg 300w, https:\/\/www.kunstfuerangeln.de\/wp-content\/uploads\/2026\/01\/dr-3-768x662.jpeg 768w, https:\/\/www.kunstfuerangeln.de\/wp-content\/uploads\/2026\/01\/dr-3.jpeg 1164w\" sizes=\"auto, (max-width: 1024px) 100vw, 1024px\" \/><\/figure>\n\n\n\n<figure class=\"wp-block-image size-large\"><img loading=\"lazy\" decoding=\"async\" width=\"718\" height=\"1024\" data-id=\"10473\" src=\"https:\/\/www.kunstfuerangeln.de\/wp-content\/uploads\/2026\/01\/dr-4-718x1024.jpeg\" alt=\"\" class=\"wp-image-10473\" srcset=\"https:\/\/www.kunstfuerangeln.de\/wp-content\/uploads\/2026\/01\/dr-4-718x1024.jpeg 718w, https:\/\/www.kunstfuerangeln.de\/wp-content\/uploads\/2026\/01\/dr-4-210x300.jpeg 210w, https:\/\/www.kunstfuerangeln.de\/wp-content\/uploads\/2026\/01\/dr-4-768x1096.jpeg 768w, https:\/\/www.kunstfuerangeln.de\/wp-content\/uploads\/2026\/01\/dr-4-1076x1536.jpeg 1076w, https:\/\/www.kunstfuerangeln.de\/wp-content\/uploads\/2026\/01\/dr-4.jpeg 1112w\" sizes=\"auto, (max-width: 718px) 100vw, 718px\" \/><\/figure>\n\n\n\n<figure class=\"wp-block-image size-large\"><img loading=\"lazy\" decoding=\"async\" width=\"729\" height=\"729\" data-id=\"10467\" src=\"https:\/\/www.kunstfuerangeln.de\/wp-content\/uploads\/2026\/01\/dr-6.jpeg\" alt=\"\" class=\"wp-image-10467\" srcset=\"https:\/\/www.kunstfuerangeln.de\/wp-content\/uploads\/2026\/01\/dr-6.jpeg 729w, https:\/\/www.kunstfuerangeln.de\/wp-content\/uploads\/2026\/01\/dr-6-300x300.jpeg 300w, https:\/\/www.kunstfuerangeln.de\/wp-content\/uploads\/2026\/01\/dr-6-150x150.jpeg 150w\" sizes=\"auto, (max-width: 729px) 100vw, 729px\" \/><\/figure>\n\n\n\n<figure class=\"wp-block-image size-large\"><img loading=\"lazy\" decoding=\"async\" width=\"768\" height=\"1024\" data-id=\"10477\" src=\"https:\/\/www.kunstfuerangeln.de\/wp-content\/uploads\/2026\/01\/dr-5-768x1024.jpeg\" alt=\"\" class=\"wp-image-10477\" srcset=\"https:\/\/www.kunstfuerangeln.de\/wp-content\/uploads\/2026\/01\/dr-5-768x1024.jpeg 768w, https:\/\/www.kunstfuerangeln.de\/wp-content\/uploads\/2026\/01\/dr-5-225x300.jpeg 225w, https:\/\/www.kunstfuerangeln.de\/wp-content\/uploads\/2026\/01\/dr-5-1152x1536.jpeg 1152w, https:\/\/www.kunstfuerangeln.de\/wp-content\/uploads\/2026\/01\/dr-5.jpeg 1200w\" sizes=\"auto, (max-width: 768px) 100vw, 768px\" \/><\/figure>\n<\/figure>\n\n\n\n<p>Over 100 kunstv\u00e6rker udg\u00f8r et mangfoldigt panorama: v\u00e6rker af omkring 20 danske kunstnere, v\u00e6rker fra den private Roosen-Trinks-samling, udl\u00e5n og &#8211; pr\u00e6senteret for offentligheden for f\u00f8rste gang &#8211; v\u00e6rker af elever fra S\u00f8nderjyllands Kunstskole. Udstillingen suppleres af skiftende pr\u00e6sentationer i Angeln og S\u00f8nderborg samt workshops for b\u00f8rn under ledelse af danske kunstnere. <\/p>\n\n\n\n<p><strong>Kommentarer til udstillingen<\/strong><br \/>Ingrid Roosen-Trinks, bestyrelsesmedlem i KUNST F\u00dcR ANGELN, fremh\u00e6ver:<br \/>&#8220;Vores kommende udstillingstema &#8216;Jeg er en Drinnie&#8217; rummer et v\u00e6ld af associationer og fortolkninger. De unge studerendes v\u00e6rker fra S\u00f8nderborg passer perfekt til temaet og er en stor berigelse for udstillingen. Det er s\u00e6rligt v\u00e6rdifuldt, at de unge talenter er til stede personligt, hvilket giver mulighed for en direkte dialog med publikum.&#8221;<br \/><br \/><strong>Kurator Thomas Lunau tilf\u00f8jer:<\/strong><br \/>&#8220;Titlen &#8216;Jeg er en Drinnie&#8217; \u00e5bner op for s\u00e5 mange mulige fortolkninger. Is\u00e6r den yngre generation f\u00f8ler sig tiltalt af udtrykket og finder sin helt egen kunstneriske definition af det.&#8221;<br \/><br \/><strong>Udstillingen er i gang! Fra den 19.04. til den 17.05.2026<br \/>Torsdag til s\u00f8ndag DAGLIGT fra kl. 12:00 til 17:00.<br \/>Eller efter aftale.<\/strong><br \/><br \/>Kontakt:<br \/>Ingrid Roosen-Trinks<br \/><a href=\"mailto:visit@kunstfuerangeln.de\">visit@kunstfuerangeln.de<\/a><\/p>\n\n\n\n<hr class=\"wp-block-separator has-alpha-channel-opacity\"\/>\n\n\n\n<div class=\"wp-block-columns is-layout-flex wp-container-core-columns-is-layout-9d6595d7 wp-block-columns-is-layout-flex\">\n<div class=\"wp-block-column is-layout-flow wp-block-column-is-layout-flow\">\n<p class=\"has-text-color has-link-color has-medium-font-size wp-elements-1796d0b87a6ba84f366ddd696f5786cd\" id=\"literaturdsk\" style=\"color:#e62220\"><strong>Kunst x Litteratur!<br \/>19. april 2026: Ingrid Roosen-Trinks pr\u00e6senterede samarbejdet mellem foreningen KUNST F\u00dcR ANGELN og boghandlen og galleriet FELIX JUD (Hamborg og Keitum\/Sylt) som en del af \u00e5bningen af udstillingen \u201cIch bin ein Drinnie\u201d hos Kunst f\u00fcr Angeln p\u00e5 Wittkielhof i Slesvig-Holsten.<\/strong><\/p>\n\n\n\n<p class=\"has-text-color has-link-color has-medium-font-size wp-elements-7df89d38fe5d96b1b9cf1d842e4fbb67\" style=\"color:#e62220\"><a href=\"http:\/\/WWW.KUNSTFUERANGELN.DE\">WWW.KUNSTFUERANGELN.DE<\/a><br \/><a href=\"http:\/\/WWW.FELIXJUD.COM\">WWW.FELIXJUD.COM<\/a><\/p>\n<\/div>\n\n\n\n<div class=\"wp-block-column is-layout-flow wp-block-column-is-layout-flow\">\n<figure class=\"wp-block-image size-large\"><img loading=\"lazy\" decoding=\"async\" width=\"768\" height=\"1024\" src=\"https:\/\/www.kunstfuerangeln.de\/wp-content\/uploads\/2026\/03\/0-768x1024.jpg\" alt=\"\" class=\"wp-image-11609\" srcset=\"https:\/\/www.kunstfuerangeln.de\/wp-content\/uploads\/2026\/03\/0-768x1024.jpg 768w, https:\/\/www.kunstfuerangeln.de\/wp-content\/uploads\/2026\/03\/0-225x300.jpg 225w, https:\/\/www.kunstfuerangeln.de\/wp-content\/uploads\/2026\/03\/0.jpg 1096w\" sizes=\"auto, (max-width: 768px) 100vw, 768px\" \/><figcaption class=\"wp-element-caption\">Robert Eberhardt, <strong>Felix Jud<\/strong> og Ingrid Roosen-Trinks, <strong>Kunst f\u00fcr Angeln<\/strong><\/figcaption><\/figure>\n<\/div>\n<\/div>\n\n\n\n<hr class=\"wp-block-separator has-alpha-channel-opacity\"\/>\n\n\n\n<p><strong>\u201cJeg er en DRINNIE\u201d \u2013 N\u00e5r livet ogs\u00e5 m\u00e5 v\u00e6re analogt<\/strong><\/p>\n\n\n\n<p><em>En bes\u00f8gsberetning af Doris Ambrosius<\/em><\/p>\n\n\n\n<p>Et hus i et hus \u2013 jeg kan se indgangen p\u00e5 lang afstand. Over den troner ordet \u201cH\u00e5b\u201d. Indenfor lokker klare farver og us\u00e6dvanlige genstande, som v\u00e6kker min nysgerrighed og f\u00e5r mig til at tr\u00e6de ind. Forskellige m\u00f8bler indbyder til at s\u00e6tte sig ned og tage hvert eneste detalje i rummet ind i ro og mag. F\u00f8rst en dyb ind\u00e5nding \u2013 og slap af.<\/p>\n\n\n\n<p>Jeg m\u00e5 le, da jeg ser \u201cSocks\u201d af Frederick Albrecht st\u00e5 p\u00e5 gulvet; det er jo n\u00e6sten som derhjemme\u2026 t\u00e6nker jeg. Jeg f\u00f8ler mig stolt, for ved nogle af kunstv\u00e6rkerne genkender jeg straks kunstnernes s\u00e6rlige stil. De kommer fra regionen og fra Danmark. Mange v\u00e6rker er blevet skabt specielt til denne udstilling.<\/p>\n\n\n\n<p>Jeg ville gerne pr\u00f8ve ponchoen, der h\u00e6nger p\u00e5 v\u00e6ggen, men f\u00f8rst g\u00e5r jeg fra billede til billede, fra kunstv\u00e6rk til kunstv\u00e6rk, og overvejer hver gang, hvad der forbinder mig med det. Dybt inde taler hvert v\u00e6rk til mig p\u00e5 sin egen m\u00e5de og fremkalder minder.<\/p>\n\n\n\n<p>P\u00e5 bordene ligger b\u00f8ger, der relaterer sig til temaet: \u201cLangsom\u201d, \u201cStille mennesker, st\u00e6rk virkning\u201d, \u201cAt m\u00e6rke sig selv\u201d, \u201cFra at pr\u00e6stere til at leve\u201d, \u201cSig intet, h\u00f8r intet, se intet\u201d samt \u201cIkke at g\u00f8re noget\u201d, \u201cMentaliteter\u201d og <a href=\"https:\/\/www.kunstfuerangeln.de\/da\/jeg-er-en-drinnie#alleboger\">mange flere *<\/a>. Jeg f\u00e5r lyst til at l\u00e6gge mig p\u00e5 sofaen og faktisk l\u00e6se. \u201cJa, det er netop det, rummet er skabt til,\u201d forklarer formanden og kunstsamleren Ingrid Roosen-Trinks. \u201cHer m\u00e5 man gerne standse op,\u201d tilf\u00f8jer hun, \u201cog vende ryggen til den digitale hverdag et \u00f8jeblik.\u201d Ingrid Roosen-Trinks, grundl\u00e6gger af Kunst F\u00fcr Angeln e.V., arrangerer hvert \u00e5r us\u00e6dvanlige udstillinger, som bev\u00e6ger mennesker \u2013 b\u00e5de bes\u00f8gende og kunstnere.<\/p>\n\n\n\n<p>Id\u00e9en til titlen stammer fra en podcast, der opstod under COVID-perioden, hvor man kun m\u00e5tte opholde sig udenfor alene. \u201cOg p\u00e5 en eller anden m\u00e5de er disse helt vanvittige tider jo aldrig rigtig stoppet,\u201d siger hun og hentyder til krige og uforudsigelige pr\u00e6sidenter. \u201cDerudover ved man ikke l\u00e6ngere, hvad der er \u00e6gte.\u201d Hun henviser til en tid, hvor mere og mere AI dukker op p\u00e5 internettet og skaber en vis ensartethed overalt. \u201cOg s\u00e5 popper der s\u00e5 meget reklame op, at man f\u00f8ler, man hugger sig vej gennem en jungle med en machete for at lukke alle de sm\u00e5 krydser, bare for endelig at kunne l\u00e6se det, man egentlig ville.\u201d<\/p>\n\n\n\n<p>Verden udenfor findes naturligvis stadig \u2013 men ogs\u00e5 d\u00e9r kan enhver v\u00e6re en \u201cDrinnie\u201d. Det viser udstillingen gennem landskabsv\u00e6rker udenfor huset samt skulpturer, der kunne st\u00e5 i en park, og gennem S\u00f8nderborg-gangen: her st\u00e5r professorer og studerende over for hinanden med deres v\u00e6rker.<\/p>\n\n\n\n<p>Denne udstilling vil v\u00e6re noget forskelligt for alle, men \u00e9n ting forener den: vi f\u00e5r lov til at standse op og bes\u00f8ge vores \u201cindre\u201d. Det er virkelig v\u00e6rd at tage sig tid til efterklangen, i stedet for blot at g\u00e5 forbi og kigge hurtigt.<\/p>\n\n\n\n<p>Udstillingen l\u00f8ber til den 17. maj 2026, og denne gang er der endda faste \u00e5bningstider: torsdag til s\u00f8ndag, dagligt fra kl. 12.00 til 17.00. Kunst f\u00fcr Angeln p\u00e5 Wittkielhof.<\/p>\n\n\n\n<p id=\"alleboger\">* Alle b\u00f8ger er tilg\u00e6ngelige p\u00e5 tysk hos: <a href=\"http:\/\/WWW.FELIXJUD.COM\" target=\"_blank\" rel=\"noreferrer noopener\">WWW.FELIXJUD.COM<\/a><\/p>\n\n\n\n<hr class=\"wp-block-separator has-alpha-channel-opacity\"\/>\n\n\n\n<h2 class=\"wp-block-heading\">MAKING OF &#8220;JEG er eN DRINNIE&#8221;<\/h2>\n\n\n\n<div class=\"wp-block-columns is-layout-flex wp-container-core-columns-is-layout-9d6595d7 wp-block-columns-is-layout-flex\">\n<div class=\"wp-block-column is-layout-flow wp-block-column-is-layout-flow\">\n<figure class=\"wp-block-image size-large\"><img loading=\"lazy\" decoding=\"async\" width=\"768\" height=\"1024\" src=\"https:\/\/www.kunstfuerangeln.de\/wp-content\/uploads\/2026\/04\/90a96112-4786-4d12-832f-6bae0ce976dc-768x1024.jpeg\" alt=\"\" class=\"wp-image-11783\" srcset=\"https:\/\/www.kunstfuerangeln.de\/wp-content\/uploads\/2026\/04\/90a96112-4786-4d12-832f-6bae0ce976dc-768x1024.jpeg 768w, https:\/\/www.kunstfuerangeln.de\/wp-content\/uploads\/2026\/04\/90a96112-4786-4d12-832f-6bae0ce976dc-225x300.jpeg 225w, https:\/\/www.kunstfuerangeln.de\/wp-content\/uploads\/2026\/04\/90a96112-4786-4d12-832f-6bae0ce976dc-1152x1536.jpeg 1152w, https:\/\/www.kunstfuerangeln.de\/wp-content\/uploads\/2026\/04\/90a96112-4786-4d12-832f-6bae0ce976dc.jpeg 1200w\" sizes=\"auto, (max-width: 768px) 100vw, 768px\" \/><\/figure>\n\n\n\n<p>Tak til mit team Rob, Johannes og Carsten for husbyggeriet, til Alex og Gunter for oph\u00e6ngning og installationer, og til Thomas for kurateringen!<\/p>\n<\/div>\n\n\n\n<div class=\"wp-block-column is-layout-flow wp-block-column-is-layout-flow\">\n<figure class=\"wp-block-image size-large\"><img loading=\"lazy\" decoding=\"async\" width=\"768\" height=\"1024\" src=\"https:\/\/www.kunstfuerangeln.de\/wp-content\/uploads\/2026\/04\/a4050f2e-90cb-4e04-b5ba-14aff987f668-768x1024.jpeg\" alt=\"\" class=\"wp-image-11787\" srcset=\"https:\/\/www.kunstfuerangeln.de\/wp-content\/uploads\/2026\/04\/a4050f2e-90cb-4e04-b5ba-14aff987f668-768x1024.jpeg 768w, https:\/\/www.kunstfuerangeln.de\/wp-content\/uploads\/2026\/04\/a4050f2e-90cb-4e04-b5ba-14aff987f668-225x300.jpeg 225w, https:\/\/www.kunstfuerangeln.de\/wp-content\/uploads\/2026\/04\/a4050f2e-90cb-4e04-b5ba-14aff987f668-1152x1536.jpeg 1152w, https:\/\/www.kunstfuerangeln.de\/wp-content\/uploads\/2026\/04\/a4050f2e-90cb-4e04-b5ba-14aff987f668.jpeg 1536w\" sizes=\"auto, (max-width: 768px) 100vw, 768px\" \/><\/figure>\n\n\n\n<p><strong>N\u00c5R EN ID\u00c9 BLIVER TIL ET PROJEKT:<\/strong> Foreningen KUNST F\u00dcR ANGELN pr\u00e6senterer stolt et samarbejde med FELIX JUD, en concept store med litteratur og kunst (Keitum\/Sylt og Hamborg), i SILENT READING ROOM fra \u201cDRINNIE HUSET\u201d hos KUNST F\u00dcR ANGELN p\u00e5 Wittkielhof ved Kappeln.<\/p>\n<\/div>\n<\/div>\n\n\n\n<div class=\"wp-block-columns is-layout-flex wp-container-core-columns-is-layout-9d6595d7 wp-block-columns-is-layout-flex\">\n<div class=\"wp-block-column is-layout-flow wp-block-column-is-layout-flow\">\n<p>Vi har bygget et hus. I vores kunstrum. Her kan man se kunst, bladre i b\u00f8ger og l\u00e6se. Jeg serverer sm\u00e5kager og te, og vi taler om kunst &amp; litteratur \u2026<\/p>\n\n\n\n<p>S\u00f8ndag den 19. april 2026 fandt \u00e5bningen sted! <br \/>Tak til mit team Rob, Johannes og Carsten for husbyggeriet, til Alex og Gunter for oph\u00e6ngning og installationer, og til Thomas for kurateringen!<\/p>\n\n\n\n<p>110 kunstv\u00e6rker og et udvalg af litteratur om udstillingens tema \u201cJeg er en Drinnie\u201d venter p\u00e5 jer! Og B\u00f8rnekunstklubben er ogs\u00e5 \u00e5ben igen! Med de nyeste kunstv\u00e6rker fra b\u00f8rn mellem 3 og 14 \u00e5r!<\/p>\n\n\n\n<p>Udstillingen l\u00f8ber indtil midten af maj 2026.<\/p>\n\n\n\n<p><strong>\u00c5BNINGSTIDER:<\/strong><br \/>Torsdag til s\u00f8ndag DAGLIGT fra kl. 12:00 til 17:00.<br \/>Og efter aftale direkte med mig p\u00e5 <a>visit@kunstfuerangeln.de<\/a><\/p>\n\n\n\n<p><strong>Finissage:<\/strong> S\u00f8ndag den 17. maj 2026<\/p>\n\n\n\n<p>P\u00e5 gensyn snart,<br \/>Ingrid<\/p>\n<\/div>\n\n\n\n<div class=\"wp-block-column is-layout-flow wp-block-column-is-layout-flow\">\n <div id=\"slider-block_2dbe4c8b9b2ae74761eaf680127b74a3\" class=\"swiper-container-wrapper slider\">\n <div class=\"swiper-container\" data-spalten=\"1\" data-autoplay=\"\" data-delay=\"\">\n    <div class=\"swiper-wrapper\">\n      \n\n <div id=\"slide-block_64b84528d2ad60f85bdca4630f1e5bac\" class=\"swiper-slide slide\">\n    \n\n<figure class=\"wp-block-image size-large\"><img loading=\"lazy\" decoding=\"async\" width=\"768\" height=\"1024\" src=\"https:\/\/www.kunstfuerangeln.de\/wp-content\/uploads\/2026\/04\/MakDrinn-001a-768x1024.jpeg\" alt=\"\" class=\"wp-image-11756\" srcset=\"https:\/\/www.kunstfuerangeln.de\/wp-content\/uploads\/2026\/04\/MakDrinn-001a-768x1024.jpeg 768w, https:\/\/www.kunstfuerangeln.de\/wp-content\/uploads\/2026\/04\/MakDrinn-001a-225x300.jpeg 225w, https:\/\/www.kunstfuerangeln.de\/wp-content\/uploads\/2026\/04\/MakDrinn-001a-1152x1536.jpeg 1152w, https:\/\/www.kunstfuerangeln.de\/wp-content\/uploads\/2026\/04\/MakDrinn-001a.jpeg 1536w\" sizes=\"auto, (max-width: 768px) 100vw, 768px\" \/><figcaption class=\"wp-element-caption\">Delene til huset ankommer<\/figcaption><\/figure>\n\n<\/div>\n\n\n\n <div id=\"slide-block_64b84528d2ad60f85bdca4630f1e5bac\" class=\"swiper-slide slide\">\n    \n\n<figure class=\"wp-block-image size-large\"><img loading=\"lazy\" decoding=\"async\" width=\"768\" height=\"1024\" src=\"https:\/\/www.kunstfuerangeln.de\/wp-content\/uploads\/2026\/04\/MakDrinn-001b-768x1024.jpeg\" alt=\"\" class=\"wp-image-11759\" srcset=\"https:\/\/www.kunstfuerangeln.de\/wp-content\/uploads\/2026\/04\/MakDrinn-001b-768x1024.jpeg 768w, https:\/\/www.kunstfuerangeln.de\/wp-content\/uploads\/2026\/04\/MakDrinn-001b-225x300.jpeg 225w, https:\/\/www.kunstfuerangeln.de\/wp-content\/uploads\/2026\/04\/MakDrinn-001b-1152x1536.jpeg 1152w, https:\/\/www.kunstfuerangeln.de\/wp-content\/uploads\/2026\/04\/MakDrinn-001b.jpeg 1536w\" sizes=\"auto, (max-width: 768px) 100vw, 768px\" \/><figcaption class=\"wp-element-caption\">M\u00f8bler er med!<\/figcaption><\/figure>\n\n<\/div>\n\n\n\n <div id=\"slide-block_64b84528d2ad60f85bdca4630f1e5bac\" class=\"swiper-slide slide\">\n    \n\n<figure class=\"wp-block-image size-large\"><img loading=\"lazy\" decoding=\"async\" width=\"768\" height=\"1024\" src=\"https:\/\/www.kunstfuerangeln.de\/wp-content\/uploads\/2026\/04\/MakDrinn-001c-768x1024.jpeg\" alt=\"\" class=\"wp-image-11762\" srcset=\"https:\/\/www.kunstfuerangeln.de\/wp-content\/uploads\/2026\/04\/MakDrinn-001c-768x1024.jpeg 768w, https:\/\/www.kunstfuerangeln.de\/wp-content\/uploads\/2026\/04\/MakDrinn-001c-225x300.jpeg 225w, https:\/\/www.kunstfuerangeln.de\/wp-content\/uploads\/2026\/04\/MakDrinn-001c-1152x1536.jpeg 1152w, https:\/\/www.kunstfuerangeln.de\/wp-content\/uploads\/2026\/04\/MakDrinn-001c.jpeg 1536w\" sizes=\"auto, (max-width: 768px) 100vw, 768px\" \/><figcaption class=\"wp-element-caption\">Der bliver bygget<\/figcaption><\/figure>\n\n<\/div>\n\n\n\n <div id=\"slide-block_64b84528d2ad60f85bdca4630f1e5bac\" class=\"swiper-slide slide\">\n    \n\n<figure class=\"wp-block-image size-large\"><img loading=\"lazy\" decoding=\"async\" width=\"768\" height=\"1024\" src=\"https:\/\/www.kunstfuerangeln.de\/wp-content\/uploads\/2026\/04\/MakDrinn-001dd-768x1024.jpg\" alt=\"\" class=\"wp-image-11765\" srcset=\"https:\/\/www.kunstfuerangeln.de\/wp-content\/uploads\/2026\/04\/MakDrinn-001dd-768x1024.jpg 768w, https:\/\/www.kunstfuerangeln.de\/wp-content\/uploads\/2026\/04\/MakDrinn-001dd-225x300.jpg 225w, https:\/\/www.kunstfuerangeln.de\/wp-content\/uploads\/2026\/04\/MakDrinn-001dd-1152x1536.jpg 1152w, https:\/\/www.kunstfuerangeln.de\/wp-content\/uploads\/2026\/04\/MakDrinn-001dd.jpg 1536w\" sizes=\"auto, (max-width: 768px) 100vw, 768px\" \/><figcaption class=\"wp-element-caption\">Ligner allerede meget et hus<\/figcaption><\/figure>\n\n<\/div>\n\n\n\n <div id=\"slide-block_64b84528d2ad60f85bdca4630f1e5bac\" class=\"swiper-slide slide\">\n    \n\n<figure class=\"wp-block-image size-large\"><img loading=\"lazy\" decoding=\"async\" width=\"768\" height=\"1024\" src=\"https:\/\/www.kunstfuerangeln.de\/wp-content\/uploads\/2026\/04\/c628691c-b547-4365-ade9-1ad50e224349-768x1024.jpeg\" alt=\"\" class=\"wp-image-11771\" srcset=\"https:\/\/www.kunstfuerangeln.de\/wp-content\/uploads\/2026\/04\/c628691c-b547-4365-ade9-1ad50e224349-768x1024.jpeg 768w, https:\/\/www.kunstfuerangeln.de\/wp-content\/uploads\/2026\/04\/c628691c-b547-4365-ade9-1ad50e224349-225x300.jpeg 225w, https:\/\/www.kunstfuerangeln.de\/wp-content\/uploads\/2026\/04\/c628691c-b547-4365-ade9-1ad50e224349-1152x1536.jpeg 1152w, https:\/\/www.kunstfuerangeln.de\/wp-content\/uploads\/2026\/04\/c628691c-b547-4365-ade9-1ad50e224349.jpeg 1200w\" sizes=\"auto, (max-width: 768px) 100vw, 768px\" \/><figcaption class=\"wp-element-caption\">Indvendigt bliver der tapetseret<\/figcaption><\/figure>\n\n<\/div>\n\n\n\n <div id=\"slide-block_64b84528d2ad60f85bdca4630f1e5bac\" class=\"swiper-slide slide\">\n    \n\n<figure class=\"wp-block-image size-large\"><img loading=\"lazy\" decoding=\"async\" width=\"768\" height=\"1024\" src=\"https:\/\/www.kunstfuerangeln.de\/wp-content\/uploads\/2026\/04\/MakDrinn-3b-768x1024.jpeg\" alt=\"\" class=\"wp-image-11768\" srcset=\"https:\/\/www.kunstfuerangeln.de\/wp-content\/uploads\/2026\/04\/MakDrinn-3b-768x1024.jpeg 768w, https:\/\/www.kunstfuerangeln.de\/wp-content\/uploads\/2026\/04\/MakDrinn-3b-225x300.jpeg 225w, https:\/\/www.kunstfuerangeln.de\/wp-content\/uploads\/2026\/04\/MakDrinn-3b-1152x1536.jpeg 1152w, https:\/\/www.kunstfuerangeln.de\/wp-content\/uploads\/2026\/04\/MakDrinn-3b.jpeg 1536w\" sizes=\"auto, (max-width: 768px) 100vw, 768px\" \/><figcaption class=\"wp-element-caption\">Thomas Lunau &amp; Ingrid Roosen-Trinks<\/figcaption><\/figure>\n\n<\/div>\n\n\n\n <div id=\"slide-block_64b84528d2ad60f85bdca4630f1e5bac\" class=\"swiper-slide slide\">\n    \n\n<figure class=\"wp-block-image size-large\"><img loading=\"lazy\" decoding=\"async\" width=\"768\" height=\"1024\" src=\"https:\/\/www.kunstfuerangeln.de\/wp-content\/uploads\/2026\/04\/f018d477-6773-4caf-b293-0be1c073a2f0-768x1024.jpeg\" alt=\"\" class=\"wp-image-11774\" srcset=\"https:\/\/www.kunstfuerangeln.de\/wp-content\/uploads\/2026\/04\/f018d477-6773-4caf-b293-0be1c073a2f0-768x1024.jpeg 768w, https:\/\/www.kunstfuerangeln.de\/wp-content\/uploads\/2026\/04\/f018d477-6773-4caf-b293-0be1c073a2f0-225x300.jpeg 225w, https:\/\/www.kunstfuerangeln.de\/wp-content\/uploads\/2026\/04\/f018d477-6773-4caf-b293-0be1c073a2f0-1152x1536.jpeg 1152w, https:\/\/www.kunstfuerangeln.de\/wp-content\/uploads\/2026\/04\/f018d477-6773-4caf-b293-0be1c073a2f0.jpeg 1200w\" sizes=\"auto, (max-width: 768px) 100vw, 768px\" \/><figcaption class=\"wp-element-caption\">Noget at l\u00e6se om temaet<\/figcaption><\/figure>\n\n<\/div>\n\n\n\n <div id=\"slide-block_64b84528d2ad60f85bdca4630f1e5bac\" class=\"swiper-slide slide\">\n    \n\n<figure class=\"wp-block-image size-large\"><img loading=\"lazy\" decoding=\"async\" width=\"768\" height=\"1024\" src=\"https:\/\/www.kunstfuerangeln.de\/wp-content\/uploads\/2026\/04\/4acf508e-34b2-45d8-a57d-8678c009e2d0-768x1024.jpeg\" alt=\"\" class=\"wp-image-11777\" srcset=\"https:\/\/www.kunstfuerangeln.de\/wp-content\/uploads\/2026\/04\/4acf508e-34b2-45d8-a57d-8678c009e2d0-768x1024.jpeg 768w, https:\/\/www.kunstfuerangeln.de\/wp-content\/uploads\/2026\/04\/4acf508e-34b2-45d8-a57d-8678c009e2d0-225x300.jpeg 225w, https:\/\/www.kunstfuerangeln.de\/wp-content\/uploads\/2026\/04\/4acf508e-34b2-45d8-a57d-8678c009e2d0-1152x1536.jpeg 1152w, https:\/\/www.kunstfuerangeln.de\/wp-content\/uploads\/2026\/04\/4acf508e-34b2-45d8-a57d-8678c009e2d0.jpeg 1200w\" sizes=\"auto, (max-width: 768px) 100vw, 768px\" \/><figcaption class=\"wp-element-caption\">Kom indenfor!<\/figcaption><\/figure>\n\n<\/div>\n\n    <\/div>\n<\/div>\n  <div class=\"swiper-pagination\"><\/div>\n  <div class=\"swiper-button-prev\"><\/div>\n  <div class=\"swiper-button-next\"><\/div>\n<\/div>\n\n<script>\n\n<\/script>\n<\/div>\n<\/div>\n\n\n\n<div class=\"wp-block-buttons is-layout-flex wp-block-buttons-is-layout-flex\">\n<div class=\"wp-block-button is-style-outline is-style-outline--2\"><a class=\"wp-block-button__link wp-element-button\" href=\"https:\/\/www.kunstfuerangeln.de\/wp-content\/uploads\/2026\/01\/Drinnie-dansk.pdf\" target=\"_blank\" rel=\"noreferrer noopener\">PRESSEMEDDELELSE<\/a><\/div>\n<\/div>\n\n\n\n<hr class=\"wp-block-separator has-alpha-channel-opacity\"\/>\n\n\n\n<p><strong>Kunstnerliste 19.4.-17.5.26:<\/strong><\/p>\n\n\n\n<div class=\"wp-block-columns is-layout-flex wp-container-core-columns-is-layout-9d6595d7 wp-block-columns-is-layout-flex\">\n<div class=\"wp-block-column is-layout-flow wp-block-column-is-layout-flow\">\n<p>Slim Aarons<br \/>Ansel Adams<br \/>Ellen Auerbach<br \/>Stefan Balkenhol<br \/>Boris Becker<br \/>Henrik Becker<br \/>Thore Bernstein<br \/>Carolin Beyer<br \/>Rasmus Bj\u00f8rn<br \/>Michael van den Bogaard  <br \/>Charlotte Bonjour<br \/>Kate Bright  <br \/>Thorsten Brinkmann  <br \/>Andr\u00e9 Butzer  <br \/>Thomas C. Chung  <br \/>Justin Cooper  <br \/>Stephen Craig<br \/>Bj\u00f8rn Dahlem<br \/>Julius Deutschbauer  <br \/>Antje Dorn<br \/>Tobias Duwe<br \/>Marcel van Eeden  <br \/>Cerith Wyn Evans  <br \/>Walker Evans  <br \/>Arthur Fischer  <br \/>Klaus Fu\u00dfmann  <br \/>T.M.Glass<br \/>Ramiro Gomez<br \/>Greg Gorman  <br \/>Lennart gr\u00e5  <br \/>Willem Grimm  <br \/>Philip Gr\u00f6tzinger  <br \/>Beate G\u00fctschow  <br \/>Matt Hennek<br \/>Jane Hilton<br \/>Nicole Hollmann  <br \/>Candida H\u00f6fer  <br \/>Atsushi Kaga<br \/>Katrin Kampmann  <br \/>Emil Krenz<br \/>Diether Kressel  <br \/>Jesper Kristiansen  <br \/>Alexandra K\u00fcrtz  <br \/>Zilla Leutenegger  <br \/>Via Lewandowski  <br \/>Robert Lucander  <br \/>Oliver Mark  <br \/>Rupprecht Matthies<br \/>Bj\u00f8rn Melhus  <br \/>Monika Michalko  <br \/>Laszlo Moholy-Nagy  <br \/>David Moises  <br \/>Jonathan Monk  <br \/>Andreas M\u00fche  <br \/>Yoshimoto Nara<br \/>Jorge Pardo<br \/><br \/><\/p>\n<\/div>\n\n\n\n<div class=\"wp-block-column is-layout-flow wp-block-column-is-layout-flow\">\n<p>Natalia og Mar\u00eda Petschatnikov  <br \/>Elizabeth Peyton<br \/>Alexandra Ranner<br \/>Tobias Rehberger<br \/>Reimer Riediger  <br \/>Camillo Ritter<br \/>Gerwald Rockenschaub  <br \/>Ingrid Roosen<br \/>Gideon Rubin  <br \/>Christoph Ruckh\u00e4berle  <br \/>Tom Sachs<br \/>Gregor Sailer<br \/>Takako Saito<br \/>Maike Sander<br \/>Gitte Sch\u00e4fer<br \/>Georg Schulz<br \/>Chilli Seitz<br \/>Andreas Slominski  <br \/>Lucy Sparrow  <br \/>Daniel Spoerri  <br \/>Frank Suplie  <br \/>Christopher Thomas  <br \/>Gregor Toerzs<br \/>Malte Urbschat  <br \/>Kerrin Voges<br \/>Robert Voit<br \/>Till Warwas<br \/>Carol Wates<br \/>Donata Wenders  <br \/>Rachel Whiteread  <br \/>Robert Wilson<br \/>Erwin Wurm<br \/>Andrea Zittel<br \/><br \/>Danske kunstnere:  <br \/>Frederik Albrecht  <br \/>Linn Andresen  <br \/>Martin Askholm  <br \/>Rasmus Bj\u00f8rn<br \/>Iris Fridiksdottir  <br \/>Stine Marie  <br \/>Jacobsen Trine Jensen<br \/>Julie Busch Johansen  <br \/>Emil Krenz<br \/>Jesper Kristiansen  <br \/>Minna Kristoffersen  <br \/>Anne Lass<br \/>Clara Moos Larsen<br \/>Thomas Lunau<br \/>Tine Bay L\u00fchrssen<br \/>Sofie Bird M\u00f8ller<br \/>Viktor Qvistorff<br \/>Christian Schmidt-Rasmussen  <br \/>Yuu Sch\u00f6wing<br \/>Marie Sejer Bentzon  <br \/>Valley R<br \/>Lena Werner<\/p>\n<\/div>\n<\/div>\n","protected":false},"excerpt":{"rendered":"<p>JEG ER EN DRINNIE Tysk-dansk for\u00e5rsudstilling, arrangeret af foreningen KUNST F\u00dcR ANGELN, \u00e5bnede s\u00f8ndag den 19. april 2026 Med et st\u00e6rkt tysk-dansk samarbejde \u00e5bner den almennyttige forening KUNST F\u00dcR ANGELN kunst\u00e5ret 2026. Den store for\u00e5rsudstilling \u201cI Am a Drinnie\u201d (Drinnie er et k\u00e6lenavn for en person, der foretr\u00e6kker at v\u00e6re indend\u00f8rs) har i hele april [&hellip;]<\/p>\n","protected":false},"author":7,"featured_media":0,"parent":0,"menu_order":0,"comment_status":"closed","ping_status":"closed","template":"","meta":{"_acf_changed":false,"footnotes":""},"class_list":["post-10609","page","type-page","status-publish","hentry"],"acf":[],"_links":{"self":[{"href":"https:\/\/www.kunstfuerangeln.de\/da\/wp-json\/wp\/v2\/pages\/10609","targetHints":{"allow":["GET"]}}],"collection":[{"href":"https:\/\/www.kunstfuerangeln.de\/da\/wp-json\/wp\/v2\/pages"}],"about":[{"href":"https:\/\/www.kunstfuerangeln.de\/da\/wp-json\/wp\/v2\/types\/page"}],"author":[{"embeddable":true,"href":"https:\/\/www.kunstfuerangeln.de\/da\/wp-json\/wp\/v2\/users\/7"}],"replies":[{"embeddable":true,"href":"https:\/\/www.kunstfuerangeln.de\/da\/wp-json\/wp\/v2\/comments?post=10609"}],"version-history":[{"count":10,"href":"https:\/\/www.kunstfuerangeln.de\/da\/wp-json\/wp\/v2\/pages\/10609\/revisions"}],"predecessor-version":[{"id":12114,"href":"https:\/\/www.kunstfuerangeln.de\/da\/wp-json\/wp\/v2\/pages\/10609\/revisions\/12114"}],"wp:attachment":[{"href":"https:\/\/www.kunstfuerangeln.de\/da\/wp-json\/wp\/v2\/media?parent=10609"}],"curies":[{"name":"wp","href":"https:\/\/api.w.org\/{rel}","templated":true}]}}