{"id":10613,"date":"2025-10-24T10:46:00","date_gmt":"2025-10-24T08:46:00","guid":{"rendered":"https:\/\/www.kunstfuerangeln.de\/tidligere-aar"},"modified":"2026-03-18T18:40:20","modified_gmt":"2026-03-18T17:40:20","slug":"tidligere-aar","status":"publish","type":"page","link":"https:\/\/www.kunstfuerangeln.de\/da\/tidligere-aar","title":{"rendered":"Tidligere \u00e5r"},"content":{"rendered":"\n<h1 class=\"wp-block-heading\">Tidligere \u00e5r<\/h1>\n\n\n\n<h2 class=\"wp-block-heading has-text-color has-link-color wp-elements-c7f3c407486b9b53641e2662f3d00ff0\" style=\"color:#e62220\"><strong>gennemgang 2024<\/strong><\/h2>\n\n\n\n<div class=\"wp-block-columns is-layout-flex wp-container-core-columns-is-layout-9d6595d7 wp-block-columns-is-layout-flex\">\n<div class=\"wp-block-column is-layout-flow wp-block-column-is-layout-flow\">\n<p style=\"font-size:16px\"><strong>13. oktober til 10. november 2024 <\/strong> l\u00f8b KUNST F\u00dcR ANGELNs store efter\u00e5rsudstilling <strong>&#8220;FOTOKUNST &#8211; IKONER FOR FOTOKUNST&#8221;<\/strong> af stablen. Til udstillingen havde samleren Roosen-Trinks udvalgt fotografier af anerkendte fotokunstnere, hvis motiver siden er blevet ikoner. Desuden nyerhvervelser af unge fotokunstnere, som stadig arbejder analogt og kan klassificeres som autentisk fotografi. Timm Vollert trak p\u00e5 en omfattende pulje af enest\u00e5ende fotokunst fra n\u00e6sten alle emneomr\u00e5der takket v\u00e6re sit mange\u00e5rige t\u00e6tte samarbejde med internationale kunstnere og fotografer samt fra fotosamlinger og arkiver.     <\/p>\n\n\n\n<div class=\"wp-block-buttons is-content-justification-center is-layout-flex wp-container-core-buttons-is-layout-16018d1d wp-block-buttons-is-layout-flex\">\n<div class=\"wp-block-button is-style-outline is-style-outline--1\"><a class=\"wp-block-button__link wp-element-button\" href=\"https:\/\/www.kunstfuerangeln.de\/da\/ikoner-af-photo-art\">L\u00c6S MERE<\/a><\/div>\n<\/div>\n<\/div>\n\n\n\n<div class=\"wp-block-column is-layout-flow wp-block-column-is-layout-flow\">\n<figure class=\"wp-block-image size-large\"><img loading=\"lazy\" decoding=\"async\" width=\"1024\" height=\"786\" src=\"https:\/\/www.kunstfuerangeln.de\/wp-content\/uploads\/2025\/01\/POOL-1024x786.jpg\" alt=\"\" class=\"wp-image-8069\" srcset=\"https:\/\/www.kunstfuerangeln.de\/wp-content\/uploads\/2025\/01\/POOL-1024x786.jpg 1024w, https:\/\/www.kunstfuerangeln.de\/wp-content\/uploads\/2025\/01\/POOL-300x230.jpg 300w, https:\/\/www.kunstfuerangeln.de\/wp-content\/uploads\/2025\/01\/POOL-768x590.jpg 768w, https:\/\/www.kunstfuerangeln.de\/wp-content\/uploads\/2025\/01\/POOL-1536x1179.jpg 1536w, https:\/\/www.kunstfuerangeln.de\/wp-content\/uploads\/2025\/01\/POOL-2048x1572.jpg 2048w\" sizes=\"auto, (max-width: 1024px) 100vw, 1024px\" \/><\/figure>\n<\/div>\n<\/div>\n\n\n\n<hr class=\"wp-block-separator has-alpha-channel-opacity\"\/>\n\n\n\n<div class=\"wp-block-columns is-layout-flex wp-container-core-columns-is-layout-9d6595d7 wp-block-columns-is-layout-flex\">\n<div class=\"wp-block-column is-layout-flow wp-block-column-is-layout-flow\">\n<figure class=\"wp-block-image size-full\"><a href=\"https:\/\/www.kunstfuerangeln.de\/da\/insta-me-baby\"><img loading=\"lazy\" decoding=\"async\" width=\"1804\" height=\"1385\" src=\"https:\/\/www.kunstfuerangeln.de\/wp-content\/uploads\/2024\/12\/IRT-Chili-Seitz.jpg\" alt=\"\" class=\"wp-image-7718\" srcset=\"https:\/\/www.kunstfuerangeln.de\/wp-content\/uploads\/2024\/12\/IRT-Chili-Seitz.jpg 1804w, https:\/\/www.kunstfuerangeln.de\/wp-content\/uploads\/2024\/12\/IRT-Chili-Seitz-300x230.jpg 300w, https:\/\/www.kunstfuerangeln.de\/wp-content\/uploads\/2024\/12\/IRT-Chili-Seitz-1024x786.jpg 1024w, https:\/\/www.kunstfuerangeln.de\/wp-content\/uploads\/2024\/12\/IRT-Chili-Seitz-768x590.jpg 768w, https:\/\/www.kunstfuerangeln.de\/wp-content\/uploads\/2024\/12\/IRT-Chili-Seitz-1536x1179.jpg 1536w\" sizes=\"auto, (max-width: 1804px) 100vw, 1804px\" \/><\/a><\/figure>\n<\/div>\n\n\n\n<div class=\"wp-block-column is-layout-flow wp-block-column-is-layout-flow\">\n<p style=\"font-size:16px\">Udstillingen <strong>&#8220;Insta me, Baby&#8221;,<\/strong> der blev skabt af foreningen Kunst f\u00fcr Angeln, l\u00f8b <strong>fra 7. april til 5. maj 2024<\/strong>. Udstillingen fokuserede p\u00e5 de forskellige relationer mellem kunst og den digitale verden. Emnet blev ogs\u00e5 diskuteret i en paneldiskussion.    <br \/>Kurator: Kunstneren Thomas Lunau.<\/p>\n\n\n\n<div class=\"wp-block-buttons is-content-justification-center is-layout-flex wp-container-core-buttons-is-layout-16018d1d wp-block-buttons-is-layout-flex\">\n<div class=\"wp-block-button is-style-outline is-style-outline--2\"><a class=\"wp-block-button__link wp-element-button\" href=\"https:\/\/www.kunstfuerangeln.de\/da\/insta-me-baby\">L\u00c6S MERE<\/a><\/div>\n<\/div>\n<\/div>\n<\/div>\n\n\n\n<hr class=\"wp-block-separator has-alpha-channel-opacity\"\/>\n\n\n\n<div class=\"wp-block-columns is-layout-flex wp-container-core-columns-is-layout-9d6595d7 wp-block-columns-is-layout-flex\">\n<div class=\"wp-block-column is-layout-flow wp-block-column-is-layout-flow\">\n<figure class=\"wp-block-image size-full\"><a href=\"https:\/\/www.kunstfuerangeln.de\/da\/kunst-mod-ensomhed\"><img loading=\"lazy\" decoding=\"async\" width=\"1804\" height=\"1385\" src=\"https:\/\/www.kunstfuerangeln.de\/wp-content\/uploads\/2024\/12\/gegen-einsam-24.jpg\" alt=\"\" class=\"wp-image-7723\" srcset=\"https:\/\/www.kunstfuerangeln.de\/wp-content\/uploads\/2024\/12\/gegen-einsam-24.jpg 1804w, https:\/\/www.kunstfuerangeln.de\/wp-content\/uploads\/2024\/12\/gegen-einsam-24-300x230.jpg 300w, https:\/\/www.kunstfuerangeln.de\/wp-content\/uploads\/2024\/12\/gegen-einsam-24-1024x786.jpg 1024w, https:\/\/www.kunstfuerangeln.de\/wp-content\/uploads\/2024\/12\/gegen-einsam-24-768x590.jpg 768w, https:\/\/www.kunstfuerangeln.de\/wp-content\/uploads\/2024\/12\/gegen-einsam-24-1536x1179.jpg 1536w\" sizes=\"auto, (max-width: 1804px) 100vw, 1804px\" \/><\/a><\/figure>\n<\/div>\n\n\n\n<div class=\"wp-block-column is-layout-flow wp-block-column-is-layout-flow\">\n<p>Den <strong>16. april <\/strong>var en s\u00e6rlig dag for mange kunstinteresserede \u00e6ldre fra regionen. Ingrid Roosen-Trinks, formand for foreningen Kunst f\u00fcr Angeln, guidede disse bes\u00f8gende gennem udstillingen <strong>&#8220;Insta me, Baby&#8221;<\/strong> sammen med eleverne, som forklarede samtidskunst af overvejende danske og slesvig-holstenske kunstnere for den \u00e6ldre generation p\u00e5 stedet. <br \/><\/p>\n\n\n\n<div class=\"wp-block-buttons is-content-justification-center is-layout-flex wp-container-core-buttons-is-layout-16018d1d wp-block-buttons-is-layout-flex\">\n<div class=\"wp-block-button is-style-outline is-style-outline--3\"><a class=\"wp-block-button__link wp-element-button\" href=\"https:\/\/www.kunstfuerangeln.de\/da\/kunst-mod-ensomhed\">Mere om dette<\/a><\/div>\n<\/div>\n<\/div>\n<\/div>\n\n\n\n<hr class=\"wp-block-separator has-alpha-channel-opacity\"\/>\n\n\n\n<div class=\"wp-block-columns is-layout-flex wp-container-core-columns-is-layout-9d6595d7 wp-block-columns-is-layout-flex\">\n<div class=\"wp-block-column is-layout-flow wp-block-column-is-layout-flow\">\n<p style=\"font-size:16px\"><strong>Den<\/strong> <strong>28. april<\/strong> blev der afholdt en workshop for b\u00f8rn med kunstneren Nele Engler. De resulterende kunstv\u00e6rker blev udstillet p\u00e5 <strong>B\u00d8RNS KUNSTKLUB<\/strong> <strong>Angeln<\/strong>.<\/p>\n\n\n\n\n\n\n\n\n\n\n\n\n\n\n\n\n\n\n\n\n\n\n\n\n<\/div>\n\n\n\n<div class=\"wp-block-column is-layout-flow wp-block-column-is-layout-flow\">\n<figure class=\"wp-block-image size-full\"><img loading=\"lazy\" decoding=\"async\" width=\"1385\" height=\"1804\" src=\"https:\/\/www.kunstfuerangeln.de\/wp-content\/uploads\/2024\/12\/kinder-April-24.jpg\" alt=\"\" class=\"wp-image-7740\" srcset=\"https:\/\/www.kunstfuerangeln.de\/wp-content\/uploads\/2024\/12\/kinder-April-24.jpg 1385w, https:\/\/www.kunstfuerangeln.de\/wp-content\/uploads\/2024\/12\/kinder-April-24-230x300.jpg 230w, https:\/\/www.kunstfuerangeln.de\/wp-content\/uploads\/2024\/12\/kinder-April-24-786x1024.jpg 786w, https:\/\/www.kunstfuerangeln.de\/wp-content\/uploads\/2024\/12\/kinder-April-24-768x1000.jpg 768w, https:\/\/www.kunstfuerangeln.de\/wp-content\/uploads\/2024\/12\/kinder-April-24-1179x1536.jpg 1179w\" sizes=\"auto, (max-width: 1385px) 100vw, 1385px\" \/><\/figure>\n<\/div>\n<\/div>\n\n\n\n<hr class=\"wp-block-separator has-alpha-channel-opacity\"\/>\n\n\n\n<div class=\"wp-block-columns is-layout-flex wp-container-core-columns-is-layout-9d6595d7 wp-block-columns-is-layout-flex\">\n<div class=\"wp-block-column is-layout-flow wp-block-column-is-layout-flow\">\n<figure class=\"wp-block-image size-full\"><a href=\"https:\/\/www.kunstfuerangeln.de\/da\/ikoner-af-photo-art\"><img loading=\"lazy\" decoding=\"async\" width=\"886\" height=\"666\" src=\"https:\/\/www.kunstfuerangeln.de\/wp-content\/uploads\/2024\/12\/dean-andress.jpg\" alt=\"\" class=\"wp-image-7742\" srcset=\"https:\/\/www.kunstfuerangeln.de\/wp-content\/uploads\/2024\/12\/dean-andress.jpg 886w, https:\/\/www.kunstfuerangeln.de\/wp-content\/uploads\/2024\/12\/dean-andress-300x226.jpg 300w, https:\/\/www.kunstfuerangeln.de\/wp-content\/uploads\/2024\/12\/dean-andress-768x577.jpg 768w\" sizes=\"auto, (max-width: 886px) 100vw, 886px\" \/><\/a><\/figure>\n<\/div>\n\n\n\n<div class=\"wp-block-column is-layout-flow wp-block-column-is-layout-flow\">\n<p style=\"font-size:16px\">5) S\u00f8ndag den 24. oktober 2024: \u00c5bning af udstillingen <strong>&#8220;FOTOGRAFIKUNST &#8211; FOTOKUNSTENS IKONER&#8221;<\/strong><br \/><br \/>Fotografiets ikoner. Bare et spejl af aktuelle begivenheder? Hvordan opst\u00e5r denne s\u00e6rlige betydning, hvorfor bliver visse fotografier s\u00e5 velkendte? Hvorfor kommer de p\u00e5 bog- eller magasinforsider? Og hvorfor ender netop dette motiv p\u00e5 forsiden?    <\/p>\n\n\n\n<p style=\"font-size:16px\">Ingrid Roosen-Trinks, samler og bestyrelsesmedlem i foreningen KUNST F\u00dcR ANGELN, og Timm Vollert, kurator og medlem af Deutsche Gesellschaft f\u00fcr Photographie e.V., udforskede disse og andre sp\u00f8rgsm\u00e5l sammen i udstillingen &#8220;Fotokunst &#8211; Ikoner af fotografisk kunst&#8221;. <br \/>Afslutningen p\u00e5 udstillingen var den 10. november.<\/p>\n\n\n\n<div class=\"wp-block-buttons is-content-justification-center is-layout-flex wp-container-core-buttons-is-layout-16018d1d wp-block-buttons-is-layout-flex\">\n<div class=\"wp-block-button is-style-outline is-style-outline--4\"><a class=\"wp-block-button__link wp-element-button\" href=\"https:\/\/www.kunstfuerangeln.de\/da\/ikoner-af-photo-art\">L\u00e6s mere om det<\/a><\/div>\n<\/div>\n<\/div>\n<\/div>\n\n\n\n<hr class=\"wp-block-separator has-alpha-channel-opacity\"\/>\n\n\n\n<div class=\"wp-block-columns is-layout-flex wp-container-core-columns-is-layout-9d6595d7 wp-block-columns-is-layout-flex\">\n<div class=\"wp-block-column is-layout-flow wp-block-column-is-layout-flow\">\n<p style=\"font-size:16px\"><strong>19. til 27. oktober 2024:<\/strong> &#8220;<strong><\/strong><strong>Fotokunst overvinder gr\u00e6nser 2024<\/strong> p\u00e5 Gelting <strong>Slot<\/strong>&#8220;<br \/>I 2024 \u00e5bnede familien von Hobe-Gelting endnu en gang Gelting Slot og slotsparken for offentligheden. Seks v\u00e6rker fra fotoprojektet &#8220;Tysk-dansk venskab&#8221; blev udstillet i et separat omr\u00e5de som en del af &#8220;Fotokunst overvinder gr\u00e6nser 2024&#8221;, der blev lanceret i begyndelsen af \u00e5ret. &#8220;Jeg inviterede slesvig-holstenske fotokunstnere til at finde nogen p\u00e5 den danske side og omvendt. Hvert par blev bedt om at komme med et koncept for den bedste m\u00e5de at fotografere temaet tysk-dansk venskab p\u00e5,&#8221; siger Ingrid Roosen-Trinks og beskriver ideen. Resultatet blev motiver med meget forskellige fortolkninger, som kan findes i de forskellige mentaliteter hos beboerne p\u00e5 begge sider af den tysk-danske gr\u00e6nse.    <\/p>\n<\/div>\n\n\n\n<div class=\"wp-block-column is-layout-flow wp-block-column-is-layout-flow\">\n<figure class=\"wp-block-image size-full\"><img loading=\"lazy\" decoding=\"async\" width=\"886\" height=\"666\" src=\"https:\/\/www.kunstfuerangeln.de\/wp-content\/uploads\/2024\/12\/deutsch-daenisch-Gelting.jpg\" alt=\"\" class=\"wp-image-7746\" srcset=\"https:\/\/www.kunstfuerangeln.de\/wp-content\/uploads\/2024\/12\/deutsch-daenisch-Gelting.jpg 886w, https:\/\/www.kunstfuerangeln.de\/wp-content\/uploads\/2024\/12\/deutsch-daenisch-Gelting-300x226.jpg 300w, https:\/\/www.kunstfuerangeln.de\/wp-content\/uploads\/2024\/12\/deutsch-daenisch-Gelting-768x577.jpg 768w\" sizes=\"auto, (max-width: 886px) 100vw, 886px\" \/><figcaption class=\"wp-element-caption\"><em>Fotokunstner Thomas Hartstang, som har realiseret et f\u00e6lles koncept med danskeren Mads Peter Iversen.<\/em><\/figcaption><\/figure>\n<\/div>\n<\/div>\n\n\n\n<hr class=\"wp-block-separator has-alpha-channel-opacity\"\/>\n\n\n\n<div class=\"wp-block-columns is-layout-flex wp-container-core-columns-is-layout-9d6595d7 wp-block-columns-is-layout-flex\">\n<div class=\"wp-block-column is-layout-flow wp-block-column-is-layout-flow\">\n<figure class=\"wp-block-image size-large\"><img loading=\"lazy\" decoding=\"async\" width=\"1024\" height=\"581\" src=\"https:\/\/www.kunstfuerangeln.de\/wp-content\/uploads\/2024\/10\/89963b74-d22b-4c0c-99ec-895b4589115e-1024x581.jpeg\" alt=\"\" class=\"wp-image-7378\" srcset=\"https:\/\/www.kunstfuerangeln.de\/wp-content\/uploads\/2024\/10\/89963b74-d22b-4c0c-99ec-895b4589115e-1024x581.jpeg 1024w, https:\/\/www.kunstfuerangeln.de\/wp-content\/uploads\/2024\/10\/89963b74-d22b-4c0c-99ec-895b4589115e-300x170.jpeg 300w, https:\/\/www.kunstfuerangeln.de\/wp-content\/uploads\/2024\/10\/89963b74-d22b-4c0c-99ec-895b4589115e-768x436.jpeg 768w, https:\/\/www.kunstfuerangeln.de\/wp-content\/uploads\/2024\/10\/89963b74-d22b-4c0c-99ec-895b4589115e-1536x872.jpeg 1536w, https:\/\/www.kunstfuerangeln.de\/wp-content\/uploads\/2024\/10\/89963b74-d22b-4c0c-99ec-895b4589115e.jpeg 1600w\" sizes=\"auto, (max-width: 1024px) 100vw, 1024px\" \/><\/figure>\n<\/div>\n\n\n\n<div class=\"wp-block-column is-layout-flow wp-block-column-is-layout-flow\">\n<p style=\"font-size:16px\">Den <strong>20. oktober 2024<\/strong> blev der afholdt endnu en workshop for b\u00f8rn og unge p\u00e5 Wittkielhof. Deltagerne blev inspireret og vejledt af kunstneren Nele Engler. <\/p>\n\n\n\n<div class=\"wp-block-buttons is-content-justification-center is-layout-flex wp-container-core-buttons-is-layout-16018d1d wp-block-buttons-is-layout-flex\">\n<div class=\"wp-block-button is-style-outline is-style-outline--5\"><a class=\"wp-block-button__link wp-element-button\" href=\"https:\/\/www.kunstfuerangeln.de\/da\/kunstuddannelse\/vaerksteder\">L\u00e6s mere om det<\/a><\/div>\n<\/div>\n<\/div>\n<\/div>\n\n\n\n<hr class=\"wp-block-separator has-alpha-channel-opacity\"\/>\n\n\n\n<div class=\"wp-block-columns is-layout-flex wp-container-core-columns-is-layout-9d6595d7 wp-block-columns-is-layout-flex\">\n<div class=\"wp-block-column is-layout-flow wp-block-column-is-layout-flow\">\n<p style=\"font-size:16px\"><strong>10. november 2024 var FINISSAGE <\/strong>for udstillingen <strong>&#8220;FOTOGRAFIKUNST &#8211; IKONER AF FOTOKUNST&#8221;<\/strong><\/p>\n<\/div>\n\n\n\n<div class=\"wp-block-column is-layout-flow wp-block-column-is-layout-flow\">\n<figure class=\"wp-block-image size-full\"><img loading=\"lazy\" decoding=\"async\" width=\"360\" height=\"640\" src=\"https:\/\/www.kunstfuerangeln.de\/wp-content\/uploads\/2024\/11\/IMG_0770.png\" alt=\"\" class=\"wp-image-7587\" srcset=\"https:\/\/www.kunstfuerangeln.de\/wp-content\/uploads\/2024\/11\/IMG_0770.png 360w, https:\/\/www.kunstfuerangeln.de\/wp-content\/uploads\/2024\/11\/IMG_0770-169x300.png 169w\" sizes=\"auto, (max-width: 360px) 100vw, 360px\" \/><\/figure>\n<\/div>\n<\/div>\n\n\n\n<hr class=\"wp-block-separator has-alpha-channel-opacity\"\/>\n\n\n\n<h2 class=\"wp-block-heading has-text-color has-link-color wp-elements-988522ddfb6495db890be87cb0a713c1\" id=\"blick23\" style=\"color:#e62220\"><strong>gennemgang 2023<\/strong><\/h2>\n\n\n\n<p class=\"has-medium-font-size\"><em>Foreningen KUNST F\u00dcR ANGELN ser stolt tilbage p\u00e5 kunst\u00e5ret 2023 med i alt 10 projekter i \u00e5rets 10 uger:<\/em><\/p>\n\n\n\n<div class=\"wp-block-columns is-layout-flex wp-container-core-columns-is-layout-9d6595d7 wp-block-columns-is-layout-flex\">\n<div class=\"wp-block-column is-layout-flow wp-block-column-is-layout-flow\">\n<figure class=\"wp-block-image size-full\"><a href=\"https:\/\/www.kunstfuerangeln.de\/da\/kunsten-overvinder-graenserne\"><img loading=\"lazy\" decoding=\"async\" width=\"886\" height=\"665\" src=\"https:\/\/www.kunstfuerangeln.de\/wp-content\/uploads\/2023\/10\/AOB-1Rueck.jpg\" alt=\"\" class=\"wp-image-5641\" srcset=\"https:\/\/www.kunstfuerangeln.de\/wp-content\/uploads\/2023\/10\/AOB-1Rueck.jpg 886w, https:\/\/www.kunstfuerangeln.de\/wp-content\/uploads\/2023\/10\/AOB-1Rueck-300x225.jpg 300w, https:\/\/www.kunstfuerangeln.de\/wp-content\/uploads\/2023\/10\/AOB-1Rueck-768x576.jpg 768w\" sizes=\"auto, (max-width: 886px) 100vw, 886px\" \/><\/a><\/figure>\n<\/div>\n\n\n\n<div class=\"wp-block-column is-layout-flow wp-block-column-is-layout-flow\">\n<p>1) <strong>S\u00f8ndag den 16. april 2023 kl. 14.00<\/strong> var der fernisering p\u00e5 udstillingen <a href=\"https:\/\/www.kunstfuerangeln.de\/da\/kunsten-overvinder-graenserne\">ART OVERCOMES BO<\/a>UNDARIES, kurateret af Thomas Lunau, kunstner og leder af kunstskolen i S\u00f8nderborg. Udelukkende med kunst af kunstnere fra SCHLESWIG-HOLSTEIN og DANMARK. Der kom mange bes\u00f8gende fra Tyskland og Danmark. Et musikalsk indslag blev leveret af skolebandet &#8220;La Banda Viktoria&#8221; fra Flensborg. Udstillingen l\u00f8b frem til 14. maj 2023    <\/p>\n<\/div>\n<\/div>\n\n\n\n<hr class=\"wp-block-separator has-alpha-channel-opacity\"\/>\n\n\n\n<div class=\"wp-block-columns is-layout-flex wp-container-core-columns-is-layout-9d6595d7 wp-block-columns-is-layout-flex\">\n<div class=\"wp-block-column is-layout-flow wp-block-column-is-layout-flow\">\n<p>2) <a href=\"https:\/\/www.kunstfuerangeln.de\/da\/kunst-mod-ensomhed\">KUNST GEGEN EINSAMKEIT<\/a> blev videref\u00f8rt <strong>den 16. april 2013<\/strong>: Et socialt projekt, hvor elever &#8220;kidnappede&#8221; \u00e6ldre fra Angeln og deres plejehjem ind i samtidskunstens verden med v\u00e6rker af danske og slesvig-holstenske kunstnere. Flere udflugter gik til kunstudstillingen ART OVERCOMES BOUNDARIES arrangeret af foreningen Kunst f\u00fcr Angeln p\u00e5 WITTKIELHOF for \u00e6ldre fra Gelting, Langballig, Slesvig, Kappeln, Flensborg og Satrup. Organiseret og igangsat af foreningen KfA.<br \/>Projektet l\u00f8b frem til midten af maj 2023. <br \/><em>Dette projekt blev gjort muligt takket v\u00e6re venlig st\u00f8tte fra<\/em><br \/> <br \/><img loading=\"lazy\" decoding=\"async\" width=\"150\" height=\"70\" class=\"wp-image-3232\" style=\"width: 150px;\" src=\"https:\/\/www.kunstfuerangeln.de\/wp-content\/uploads\/2023\/03\/BBBank_D.jpg\" alt=\"\" srcset=\"https:\/\/www.kunstfuerangeln.de\/wp-content\/uploads\/2023\/03\/BBBank_D.jpg 876w, https:\/\/www.kunstfuerangeln.de\/wp-content\/uploads\/2023\/03\/BBBank_D-300x140.jpg 300w, https:\/\/www.kunstfuerangeln.de\/wp-content\/uploads\/2023\/03\/BBBank_D-768x358.jpg 768w\" sizes=\"auto, (max-width: 150px) 100vw, 150px\" \/><\/p>\n<\/div>\n\n\n\n<div class=\"wp-block-column is-layout-flow wp-block-column-is-layout-flow\">\n<figure class=\"wp-block-image size-large\"><a href=\"https:\/\/www.kunstfuerangeln.de\/da\/kunst-mod-ensomhed\"><img loading=\"lazy\" decoding=\"async\" width=\"1024\" height=\"768\" src=\"https:\/\/www.kunstfuerangeln.de\/wp-content\/uploads\/2022\/10\/AoB-gal-01-1024x768.jpg\" alt=\"\" class=\"wp-image-2306\" srcset=\"https:\/\/www.kunstfuerangeln.de\/wp-content\/uploads\/2022\/10\/AoB-gal-01-1024x768.jpg 1024w, https:\/\/www.kunstfuerangeln.de\/wp-content\/uploads\/2022\/10\/AoB-gal-01-300x225.jpg 300w, https:\/\/www.kunstfuerangeln.de\/wp-content\/uploads\/2022\/10\/AoB-gal-01-768x576.jpg 768w, https:\/\/www.kunstfuerangeln.de\/wp-content\/uploads\/2022\/10\/AoB-gal-01.jpg 1536w\" sizes=\"auto, (max-width: 1024px) 100vw, 1024px\" \/><\/a><\/figure>\n<\/div>\n<\/div>\n\n\n\n<hr class=\"wp-block-separator has-alpha-channel-opacity\"\/>\n\n\n\n<div class=\"wp-block-columns is-layout-flex wp-container-core-columns-is-layout-9d6595d7 wp-block-columns-is-layout-flex\">\n<div class=\"wp-block-column is-layout-flow wp-block-column-is-layout-flow\">\n<figure class=\"wp-block-image size-full\"><a href=\"https:\/\/www.kunstfuerangeln.de\/da\/kunst-og-musik-overvinder-graenser\"><img loading=\"lazy\" decoding=\"async\" width=\"886\" height=\"665\" src=\"https:\/\/www.kunstfuerangeln.de\/wp-content\/uploads\/2023\/10\/MUfest1-Rueck.jpg\" alt=\"\" class=\"wp-image-5645\" srcset=\"https:\/\/www.kunstfuerangeln.de\/wp-content\/uploads\/2023\/10\/MUfest1-Rueck.jpg 886w, https:\/\/www.kunstfuerangeln.de\/wp-content\/uploads\/2023\/10\/MUfest1-Rueck-300x225.jpg 300w, https:\/\/www.kunstfuerangeln.de\/wp-content\/uploads\/2023\/10\/MUfest1-Rueck-768x576.jpg 768w\" sizes=\"auto, (max-width: 886px) 100vw, 886px\" \/><\/a><\/figure>\n<\/div>\n\n\n\n<div class=\"wp-block-column is-layout-flow wp-block-column-is-layout-flow\">\n<p>3) <strong>11. til 13. august 2023: &#8220;<a href=\"https:\/\/www.kunstfuerangeln.de\/da\/kunst-og-musik-overvinder-graenser\">ART &amp; MUSIC OVERCOME<\/a><\/strong> <a href=\"https:\/\/www.kunstfuerangeln.de\/da\/kunst-og-musik-overvinder-graenser\">BOUNDARIES<\/a> <strong>&#8220;, et dansk-tysk samarbejde.<\/strong><br \/>KUNST F\u00dcR ANGELN har bygget en &#8220;kunstbro&#8221; fra Slesvig-Holsten til Danmark og viste udvalgte v\u00e6rker fra Roosen-Trinks-samlingen i Schackenborg som en forsmag p\u00e5 anden del af projektet ART &amp; MUSIC OVERCOME BOUNDARIES, som fandt sted p\u00e5 Wittkielhof i efter\u00e5ret.(V\u00e6rker af kunstnerne Thomas Lunau, Rasmus Bj\u00f8rn, Sofie Bird M\u00f8ller, Anne Lass, Jesper Kristiansen fra Danmark samt Henrik Becker, Thore Bernstein, Jorinde Voigt, Lennard Grau og Jonathan Meese fra Tyskland).<\/p>\n<\/div>\n<\/div>\n\n\n\n<hr class=\"wp-block-separator has-alpha-channel-opacity\"\/>\n\n\n\n<div class=\"wp-block-columns is-layout-flex wp-container-core-columns-is-layout-9d6595d7 wp-block-columns-is-layout-flex\">\n<div class=\"wp-block-column is-layout-flow wp-block-column-is-layout-flow\">\n<p>4) <strong>Fra<\/strong> <strong>17. september<\/strong> til 15. oktober kunne kunstelskere bes\u00f8ge udstillingen<a href=\"https:\/\/www.kunstfuerangeln.de\/da\/september-2023\">&#8220;Mondwald und der unglaubliche Mai &#8211; 50 Jahre Sammlung Roosen-Trinks<\/a>&#8220;. Kurateret af kunstneren Thorsten Brinkmann. <\/p>\n<\/div>\n\n\n\n<div class=\"wp-block-column is-layout-flow wp-block-column-is-layout-flow\">\n<figure class=\"wp-block-image size-full\"><a href=\"https:\/\/www.kunstfuerangeln.de\/da\/september-2023\"><img loading=\"lazy\" decoding=\"async\" width=\"886\" height=\"665\" src=\"https:\/\/www.kunstfuerangeln.de\/wp-content\/uploads\/2023\/10\/home-Rueck.jpg\" alt=\"\" class=\"wp-image-5615\" srcset=\"https:\/\/www.kunstfuerangeln.de\/wp-content\/uploads\/2023\/10\/home-Rueck.jpg 886w, https:\/\/www.kunstfuerangeln.de\/wp-content\/uploads\/2023\/10\/home-Rueck-300x225.jpg 300w, https:\/\/www.kunstfuerangeln.de\/wp-content\/uploads\/2023\/10\/home-Rueck-768x576.jpg 768w\" sizes=\"auto, (max-width: 886px) 100vw, 886px\" \/><\/a><\/figure>\n<\/div>\n<\/div>\n\n\n\n<hr class=\"wp-block-separator has-alpha-channel-opacity\"\/>\n\n\n\n<div class=\"wp-block-columns is-layout-flex wp-container-core-columns-is-layout-9d6595d7 wp-block-columns-is-layout-flex\">\n<div class=\"wp-block-column is-layout-flow wp-block-column-is-layout-flow\">\n<figure class=\"wp-block-image size-large\"><a href=\"https:\/\/www.kunstfuerangeln.de\/da\/kunstuddannelse\/vaerksteder#d-urbsch923\"><img loading=\"lazy\" decoding=\"async\" width=\"1024\" height=\"567\" src=\"https:\/\/www.kunstfuerangeln.de\/wp-content\/uploads\/2023\/10\/urbschat-work-23-02-1024x567.jpg\" alt=\"\" class=\"wp-image-5147\" srcset=\"https:\/\/www.kunstfuerangeln.de\/wp-content\/uploads\/2023\/10\/urbschat-work-23-02-1024x567.jpg 1024w, https:\/\/www.kunstfuerangeln.de\/wp-content\/uploads\/2023\/10\/urbschat-work-23-02-300x166.jpg 300w, https:\/\/www.kunstfuerangeln.de\/wp-content\/uploads\/2023\/10\/urbschat-work-23-02-768x426.jpg 768w, https:\/\/www.kunstfuerangeln.de\/wp-content\/uploads\/2023\/10\/urbschat-work-23-02-1536x851.jpg 1536w, https:\/\/www.kunstfuerangeln.de\/wp-content\/uploads\/2023\/10\/urbschat-work-23-02.jpg 1617w\" sizes=\"auto, (max-width: 1024px) 100vw, 1024px\" \/><\/a><\/figure>\n<\/div>\n\n\n\n<div class=\"wp-block-column is-layout-flow wp-block-column-is-layout-flow\">\n<p>5) <a href=\"https:\/\/www.kunstfuerangeln.de\/da\/kunstuddannelse\/vaerksteder#d-urbsch923\">S\u00f8ndag den 24. september 2023: Endnu en B\u00d8RNEWORKSHOP<\/a> arrangeret af KUNST F\u00dcR ANGELN med kunstneren Malte Urbschat fandt sted. B\u00f8rnene skabte skulpturer inspireret af Urbschats kunstv\u00e6rker og hans input.<\/p>\n\n\n\n\n<\/div>\n<\/div>\n\n\n\n<hr class=\"wp-block-separator has-alpha-channel-opacity\"\/>\n\n\n\n<div class=\"wp-block-columns is-layout-flex wp-container-core-columns-is-layout-9d6595d7 wp-block-columns-is-layout-flex\">\n<div class=\"wp-block-column is-layout-flow wp-block-column-is-layout-flow\">\n<p>6) <strong><a href=\"https:\/\/www.kunstfuerangeln.de\/da\/kunst-paa-slottet\">Fra 1. til 8. oktober 2023: &#8220;KUNST P\u00c5 SLOTTET&#8221;<\/a><\/strong><br \/>For f\u00f8rste gang \u00e5bnede familien von Hobe-Gelting Gelting Slot og slotsparken for offentligheden og udstillede samtidskunst af kunstnere fra regionen.<br \/>Malerier, fotografiske v\u00e6rker, objekter og skulpturer blev udstillet, kurateret af foreningen <br \/>KUNST F\u00dcR ANGELN.<br \/>Theresia von Hobe-Gelting: &#8220;At vise samtidskunst i disse historiske rum er virkelig f\u00f8rste gang for os, og blandingen er det, der g\u00f8r det s\u00e5 specielt. At vi ogs\u00e5 for f\u00f8rste gang tilbyder kunstnere fra Angeln-regionen en us\u00e6dvanlig udstillingsplatform, g\u00f8r os s\u00e6rligt stolte!&#8221;<\/p>\n<\/div>\n\n\n\n<div class=\"wp-block-column is-layout-flow wp-block-column-is-layout-flow\">\n<figure class=\"wp-block-image size-full\"><a href=\"https:\/\/www.kunstfuerangeln.de\/da\/kunst-paa-slottet\"><img loading=\"lazy\" decoding=\"async\" width=\"886\" height=\"665\" src=\"https:\/\/www.kunstfuerangeln.de\/wp-content\/uploads\/2023\/10\/schloss1-Rueck.jpg\" alt=\"\" class=\"wp-image-5654\" srcset=\"https:\/\/www.kunstfuerangeln.de\/wp-content\/uploads\/2023\/10\/schloss1-Rueck.jpg 886w, https:\/\/www.kunstfuerangeln.de\/wp-content\/uploads\/2023\/10\/schloss1-Rueck-300x225.jpg 300w, https:\/\/www.kunstfuerangeln.de\/wp-content\/uploads\/2023\/10\/schloss1-Rueck-768x576.jpg 768w\" sizes=\"auto, (max-width: 886px) 100vw, 886px\" \/><\/a><\/figure>\n<\/div>\n<\/div>\n\n\n\n<div class=\"wp-block-columns is-layout-flex wp-container-core-columns-is-layout-9d6595d7 wp-block-columns-is-layout-flex\">\n<div class=\"wp-block-column is-layout-flow wp-block-column-is-layout-flow\">\n<figure class=\"wp-block-image size-full\"><a href=\"https:\/\/www.kunstfuerangeln.de\/da\/kunst-paa-slottet\"><img loading=\"lazy\" decoding=\"async\" width=\"886\" height=\"665\" src=\"https:\/\/www.kunstfuerangeln.de\/wp-content\/uploads\/2023\/10\/schloss2-Rueck.jpg\" alt=\"\" class=\"wp-image-5657\" srcset=\"https:\/\/www.kunstfuerangeln.de\/wp-content\/uploads\/2023\/10\/schloss2-Rueck.jpg 886w, https:\/\/www.kunstfuerangeln.de\/wp-content\/uploads\/2023\/10\/schloss2-Rueck-300x225.jpg 300w, https:\/\/www.kunstfuerangeln.de\/wp-content\/uploads\/2023\/10\/schloss2-Rueck-768x576.jpg 768w\" sizes=\"auto, (max-width: 886px) 100vw, 886px\" \/><\/a><\/figure>\n<\/div>\n\n\n\n<div class=\"wp-block-column is-layout-flow wp-block-column-is-layout-flow\">\n<p>For Ingrid Roosen-Trinks fra foreningen KUNST F\u00dcR ANGELN, som er kurator for udstillingen, er det et lykketr\u00e6f. Hun er &#8220;utrolig glad&#8221; for at kunne bruge slottet og slotsparken: &#8220;Den er af og til \u00e5ben for private rundvisninger, f.eks. p\u00e5 Monument Day, men den er faktisk ikke \u00e5ben for offentligheden. Vi er de f\u00f8rste, der arrangerer en udstilling her. KUNST F\u00dcR ANGELN viser derfor KUNST I ANGELN i en historisk ramme!&#8221;<\/p>\n<\/div>\n<\/div>\n\n\n\n<hr class=\"wp-block-separator has-alpha-channel-opacity\"\/>\n\n\n\n<div class=\"wp-block-columns is-layout-flex wp-container-core-columns-is-layout-9d6595d7 wp-block-columns-is-layout-flex\">\n<div class=\"wp-block-column is-layout-flow wp-block-column-is-layout-flow\">\n<p>7) <strong><a href=\"https:\/\/www.kunstfuerangeln.de\/da\/kunst-og-musik-overvinder-graenser#d-prem2\">Kunst og musik overvinder gr\u00e6nser:<\/a><\/strong> en tysk og dansk premiere p\u00e5 internationalt kultursamarbejde. Schackenborg Musikfestival &amp; Kunst f\u00fcr Angeln viste kunstv\u00e6rker fra Roosen-Trinks-samlingen ved Schackenborg Musikfestival p\u00e5 M\u00f8gelt\u00f8nder Slot i august.<br \/>Og p\u00e5 <strong>7. og 8. oktober 2023 <\/strong> Schackenborg Musikfestival var g\u00e6st hos foreningen KUNST F\u00dcR ANGELN p\u00e5 WITTKIELHOF. Den Danske Klarinettrio, barytonen Viktor Rud fra Ukraine, den tyske pianist J\u00fcrgen Christ og Christian Spevak fra Flensborg med sit ART LA CARTE Jazz Ensemble optr\u00e5dte ved koncerten den 7. oktober og matin\u00e9en den 8. oktober.<\/p>\n<\/div>\n\n\n\n<div class=\"wp-block-column is-layout-flow wp-block-column-is-layout-flow\">\n<figure class=\"wp-block-image size-full\"><a href=\"https:\/\/www.kunstfuerangeln.de\/da\/kunst-og-musik-overvinder-graenser#d-prem2\"><img loading=\"lazy\" decoding=\"async\" width=\"886\" height=\"665\" src=\"https:\/\/www.kunstfuerangeln.de\/wp-content\/uploads\/2023\/10\/artCarte.jpg\" alt=\"\" class=\"wp-image-5662\" srcset=\"https:\/\/www.kunstfuerangeln.de\/wp-content\/uploads\/2023\/10\/artCarte.jpg 886w, https:\/\/www.kunstfuerangeln.de\/wp-content\/uploads\/2023\/10\/artCarte-300x225.jpg 300w, https:\/\/www.kunstfuerangeln.de\/wp-content\/uploads\/2023\/10\/artCarte-768x576.jpg 768w\" sizes=\"auto, (max-width: 886px) 100vw, 886px\" \/><\/a><\/figure>\n<\/div>\n<\/div>\n\n\n\n<hr class=\"wp-block-separator has-alpha-channel-opacity\"\/>\n\n\n\n<div class=\"wp-block-columns is-layout-flex wp-container-core-columns-is-layout-9d6595d7 wp-block-columns-is-layout-flex\">\n<div class=\"wp-block-column is-layout-flow wp-block-column-is-layout-flow\">\n<figure class=\"wp-block-image size-large\"><a href=\"https:\/\/www.kunstfuerangeln.de\/da\/kunstuddannelse\/kunst-for-boern\"><img loading=\"lazy\" decoding=\"async\" width=\"1024\" height=\"683\" src=\"https:\/\/www.kunstfuerangeln.de\/wp-content\/uploads\/2023\/10\/KunderClub-009-1024x683.jpg\" alt=\"\" class=\"wp-image-5431\" srcset=\"https:\/\/www.kunstfuerangeln.de\/wp-content\/uploads\/2023\/10\/KunderClub-009-1024x683.jpg 1024w, https:\/\/www.kunstfuerangeln.de\/wp-content\/uploads\/2023\/10\/KunderClub-009-300x200.jpg 300w, https:\/\/www.kunstfuerangeln.de\/wp-content\/uploads\/2023\/10\/KunderClub-009-768x512.jpg 768w, https:\/\/www.kunstfuerangeln.de\/wp-content\/uploads\/2023\/10\/KunderClub-009-1536x1024.jpg 1536w, https:\/\/www.kunstfuerangeln.de\/wp-content\/uploads\/2023\/10\/KunderClub-009.jpg 1800w\" sizes=\"auto, (max-width: 1024px) 100vw, 1024px\" \/><\/a><\/figure>\n<\/div>\n\n\n\n<div class=\"wp-block-column is-layout-flow wp-block-column-is-layout-flow\">\n<p>8) Den <a href=\"https:\/\/www.kunstfuerangeln.de\/da\/kunstuddannelse\/kunst-for-boern\"><strong>8. oktober 2023 <\/strong> <strong>blev KINDER KUNST CLUB ANGELN \u00c5BNET<\/strong><\/a>: P\u00e5 udstillingen var der udelukkende kunstv\u00e6rker skabt af b\u00f8rn i v\u00e6rkstederne i foreningen KUNST F\u00dcR ANGELN. H\u00f8jdepunktet: b\u00f8rn guidede voksne gennem udstillingen!<\/p>\n<\/div>\n<\/div>\n\n\n\n<hr class=\"wp-block-separator has-alpha-channel-opacity\"\/>\n\n\n\n<div class=\"wp-block-columns is-layout-flex wp-container-core-columns-is-layout-9d6595d7 wp-block-columns-is-layout-flex\">\n<div class=\"wp-block-column is-layout-flow wp-block-column-is-layout-flow\">\n<p>9) Den <strong>15. oktober 2023 var der AFSLUTNING <\/strong>p\u00e5 udstillingen &#8220;Mondwald und der unglaubliche Mai &#8211; 50 Jahre Sammlung Roosen-Trinks&#8221;.  <\/p>\n<\/div>\n\n\n\n<div class=\"wp-block-column is-layout-flow wp-block-column-is-layout-flow\">\n<figure class=\"wp-block-image size-full\"><img loading=\"lazy\" decoding=\"async\" width=\"886\" height=\"665\" src=\"https:\/\/www.kunstfuerangeln.de\/wp-content\/uploads\/2023\/11\/finissage-copia.jpg\" alt=\"\" class=\"wp-image-5739\" srcset=\"https:\/\/www.kunstfuerangeln.de\/wp-content\/uploads\/2023\/11\/finissage-copia.jpg 886w, https:\/\/www.kunstfuerangeln.de\/wp-content\/uploads\/2023\/11\/finissage-copia-300x225.jpg 300w, https:\/\/www.kunstfuerangeln.de\/wp-content\/uploads\/2023\/11\/finissage-copia-768x576.jpg 768w\" sizes=\"auto, (max-width: 886px) 100vw, 886px\" \/><\/figure>\n<\/div>\n<\/div>\n\n\n\n\n","protected":false},"excerpt":{"rendered":"<p>Tidligere \u00e5r gennemgang 2024 13. oktober til 10. november 2024 l\u00f8b KUNST F\u00dcR ANGELNs store efter\u00e5rsudstilling &#8220;FOTOKUNST &#8211; IKONER FOR FOTOKUNST&#8221; af stablen. Til udstillingen havde samleren Roosen-Trinks udvalgt fotografier af anerkendte fotokunstnere, hvis motiver siden er blevet ikoner. Desuden nyerhvervelser af unge fotokunstnere, som stadig arbejder analogt og kan klassificeres som autentisk fotografi. Timm [&hellip;]<\/p>\n","protected":false},"author":7,"featured_media":0,"parent":0,"menu_order":0,"comment_status":"closed","ping_status":"closed","template":"","meta":{"_acf_changed":false,"footnotes":""},"class_list":["post-10613","page","type-page","status-publish","hentry"],"acf":[],"_links":{"self":[{"href":"https:\/\/www.kunstfuerangeln.de\/da\/wp-json\/wp\/v2\/pages\/10613","targetHints":{"allow":["GET"]}}],"collection":[{"href":"https:\/\/www.kunstfuerangeln.de\/da\/wp-json\/wp\/v2\/pages"}],"about":[{"href":"https:\/\/www.kunstfuerangeln.de\/da\/wp-json\/wp\/v2\/types\/page"}],"author":[{"embeddable":true,"href":"https:\/\/www.kunstfuerangeln.de\/da\/wp-json\/wp\/v2\/users\/7"}],"replies":[{"embeddable":true,"href":"https:\/\/www.kunstfuerangeln.de\/da\/wp-json\/wp\/v2\/comments?post=10613"}],"version-history":[{"count":9,"href":"https:\/\/www.kunstfuerangeln.de\/da\/wp-json\/wp\/v2\/pages\/10613\/revisions"}],"predecessor-version":[{"id":11591,"href":"https:\/\/www.kunstfuerangeln.de\/da\/wp-json\/wp\/v2\/pages\/10613\/revisions\/11591"}],"wp:attachment":[{"href":"https:\/\/www.kunstfuerangeln.de\/da\/wp-json\/wp\/v2\/media?parent=10613"}],"curies":[{"name":"wp","href":"https:\/\/api.w.org\/{rel}","templated":true}]}}