{"id":10615,"date":"2025-10-23T09:01:29","date_gmt":"2025-10-23T07:01:29","guid":{"rendered":"https:\/\/www.kunstfuerangeln.de\/by-land-netvaerk-2022"},"modified":"2026-03-14T11:42:32","modified_gmt":"2026-03-14T10:42:32","slug":"by-land-netvaerk-2022","status":"publish","type":"page","link":"https:\/\/www.kunstfuerangeln.de\/da\/by-land-netvaerk-2022","title":{"rendered":"BY, LAND, NETV\u00c6RK 2022"},"content":{"rendered":"\n<h1 class=\"wp-block-heading alignwide has-text-align-left\">BY, LAND, NETV\u00c6RK<\/h1>\n\n <div id=\"slide-block_3a254bea2fefa5eb50ed3dd87f887484\" class=\"swiper-slide slide alignfull\">\n    \n\n<div class=\"wp-block-cover alignwide is-light has-custom-content-position is-position-top-left\"><img decoding=\"async\" class=\"wp-block-cover__image-background wp-image-1115\" alt=\"\" src=\"https:\/\/www.kunstfuerangeln.de\/wp-content\/uploads\/2022\/06\/slide-01-5-scaled.jpg\" style=\"object-position:0% 0%\" data-object-fit=\"cover\" data-object-position=\"0% 0%\"\/><span aria-hidden=\"true\" class=\"wp-block-cover__background has-background-dim-0 has-background-dim\"><\/span><div class=\"wp-block-cover__inner-container is-layout-flow wp-block-cover-is-layout-flow\">\n<div class=\"wp-block-group alignwide\"><div class=\"wp-block-group__inner-container is-layout-flow wp-block-group-is-layout-flow\"><\/div><\/div>\n<\/div><\/div>\n\n<\/div>\n\n<h2 class=\"wp-block-heading\">BY, LAND, NETV\u00c6RK<\/h2>\n\n<p>Den anden udstilling arrangeret af foreningen &#8220;Kunst f\u00fcr Angeln e.V.&#8221; sammen med Roosen-Trinks-samlingen udforskede referencesystemerne for by og land. Emner som &#8220;kunst og kunstighed&#8221;, &#8220;acceleration og deceleration&#8221;, &#8220;digitalitet&#8221; og &#8220;b\u00e6redygtighed&#8221; blev behandlet af de deltagende kunstnere. <\/p>\n\n<p class=\"has-text-align-left\">Gruppeudstillingen tog et multiperspektivisk blik p\u00e5 udstillingens tema og samlede v\u00e6rker af forskellige kunstnere, hvilket resulterede i et samlet billede, der var rigt p\u00e5 perspektiver.<\/p>\n\n<div class=\"wp-block-columns is-layout-flex wp-container-core-columns-is-layout-9d6595d7 wp-block-columns-is-layout-flex\">\n<div class=\"wp-block-column is-layout-flow wp-block-column-is-layout-flow\">\n<p>CITY COUNTRY NETWORK<br \/>9.10.2022 &#8211; 30.11.2022<br \/><a href=\"https:\/\/www.kunstfuerangeln.de\/wp-content\/uploads\/2022\/08\/PM_Roosen_Trinks_2022_DE.pdf\" target=\"_blank\" rel=\"noreferrer noopener\">Pressemeddelelse tysk &#8211; PDF<\/a><\/p>\n<\/div>\n\n\n\n<div class=\"wp-block-column is-layout-flow wp-block-column-is-layout-flow\">\n<p>CITY &#8211; COUNTRY &#8211; CONNECTIVITY<br \/>9. oktober 2022 til 30. november 2022<br \/><a href=\"https:\/\/www.kunstfuerangeln.de\/wp-content\/uploads\/2022\/08\/PR_Roosen_Trinks_2022_EN.pdf\" target=\"_blank\" rel=\"noreferrer noopener\">Pressemeddelelse engelsk &#8211; PDF<\/a><\/p>\n<\/div>\n<\/div>\n\n<h2 class=\"wp-block-heading\">Liste over kunstnere:<\/h2>\n\n<div class=\"wp-block-columns is-layout-flex wp-container-core-columns-is-layout-9d6595d7 wp-block-columns-is-layout-flex\">\n<div class=\"wp-block-column is-layout-flow wp-block-column-is-layout-flow\">\n<p>Slim Aarons  <\/p>\n\n\n\n<p>Ansel Adams<\/p>\n\n\n\n<p>Brian Alfred<\/p>\n\n\n\n<p>Eduard Bagheer<\/p>\n\n\n\n<p>Henrik Becker<\/p>\n\n\n\n<p>Maria Berking<\/p>\n\n\n\n<p>Thorsten Brinkmann  <\/p>\n\n\n\n<p>Viktoria Binschtok<\/p>\n\n\n\n<p>Julius von Bismarck  <\/p>\n\n\n\n<p>Michael Conrads<\/p>\n\n\n\n<p>Stephen Craig<\/p>\n\n\n\n<p>Walker Evans<\/p>\n\n\n\n<p>Klaus Fu\u00dfmann  <\/p>\n\n\n\n<p>T.M. Glas<\/p>\n\n\n\n<p>Ramiro Gomez  <\/p>\n\n\n\n<p>Greg Gorman<\/p>\n\n\n\n<p>Beate G\u00fctschow<\/p>\n\n\n\n<p>Roswitha Hecke<\/p>\n\n\n\n<p>Mat Hennek<\/p>\n\n\n\n<p>Thomas Herbst<\/p>\n\n\n\n<p>Jane Hilton<\/p>\n\n\n\n<p>Carsten H\u00f6ller<\/p>\n\n\n\n<p>Nicole Hollmann<\/p>\n\n\n\n<p>Dennis Hopper  <\/p>\n\n\n\n<p>Alexandra K\u00fcrtz<\/p>\n\n\n\n<p>Lazl\u00f3 Maholy-Nagy<\/p>\n\n\n\n<p>Rupprecht Matthies<\/p>\n\n\n\n<p>Sofie Bird M\u00f8ller<\/p>\n\n\n\n<p>Andreas M\u00fche<\/p>\n\n\n\n<p>Maria og Natalia Petschatnikov  <\/p>\n\n\n\n<p>Tom Sachs<\/p>\n\n\n\n<p>Max Scheler<\/p>\n\n\n\n<p>Andreas Slominski  <\/p>\n\n\n\n<p>Frank Suplie<\/p>\n\n\n\n<p>Christopher Thomas<\/p>\n\n\n\n<p>Malte Urbschat<\/p>\n\n\n\n<p>Robert Voit<\/p>\n\n\n\n<p>Athena Vida (f\u00f8dt som\/tidligere kendt som Gitte Sch\u00e4fer)<\/p>\n\n\n\n<p>Carol Wates<\/p>\n\n\n\n<p>Donata Wenders<\/p>\n\n\n\n<p>Cerith Wyn Evans<\/p>\n\n\n\n\n<\/div>\n\n\n\n<div class=\"wp-block-column is-layout-flow wp-block-column-is-layout-flow\">\n<p><strong>Plus l\u00e5n fra:<\/strong><\/p>\n\n\n\n<p>Verena Issel  <\/p>\n\n\n\n<p>Camillo Ritter<\/p>\n\n\n\n<p>Michael Conrads<\/p>\n\n\n\n\n\n\n\n<p><strong>International:<\/strong><\/p>\n\n\n\n<p>Slim Aarons (USA)<\/p>\n\n\n\n<p>Ansel Adams (USA)<\/p>\n\n\n\n<p>Brian Alfred (USA)<\/p>\n\n\n\n<p>Stephen Craig (Irland og Tyskland)<\/p>\n\n\n\n<p>Walker Evans (USA)<\/p>\n\n\n\n<p>T.M. Glass (Canada)<\/p>\n\n\n\n<p>Ramiro Gomez (USA og Mexico)<\/p>\n\n\n\n<p>Greg Gorman (USA)<\/p>\n\n\n\n<p>Mat Hennek (USA og Tyskland)<\/p>\n\n\n\n<p>Jane Hilton (Storbritannien)<\/p>\n\n\n\n<p>Dennis Hopper (USA)<\/p>\n\n\n\n<p>Lazl\u00f3 Maholy-Nagy (\u00d8strig\/Ungarn)<\/p>\n\n\n\n<p>Sofie Bird M\u00f8ller (Danmark)<\/p>\n\n\n\n<p>Maria og Natalia Petschatnikov (Rusland)<\/p>\n\n\n\n<p>Tom Sachs (USA)<\/p>\n\n\n\n<p>Carol Wates (UK)( IPad-malerier\/udseende, et sted mellem hyperrealistisk, akvarel og abstrakt)<\/p>\n\n\n\n<p>Cerith Wyn Evans (Storbritannien)<\/p>\n<\/div>\n<\/div>\n","protected":false},"excerpt":{"rendered":"<p>BY, LAND, NETV\u00c6RK BY, LAND, NETV\u00c6RK Den anden udstilling arrangeret af foreningen &#8220;Kunst f\u00fcr Angeln e.V.&#8221; sammen med Roosen-Trinks-samlingen udforskede referencesystemerne for by og land. Emner som &#8220;kunst og kunstighed&#8221;, &#8220;acceleration og deceleration&#8221;, &#8220;digitalitet&#8221; og &#8220;b\u00e6redygtighed&#8221; blev behandlet af de deltagende kunstnere. Gruppeudstillingen tog et multiperspektivisk blik p\u00e5 udstillingens tema og samlede v\u00e6rker af forskellige [&hellip;]<\/p>\n","protected":false},"author":7,"featured_media":0,"parent":0,"menu_order":0,"comment_status":"closed","ping_status":"closed","template":"","meta":{"_acf_changed":false,"footnotes":""},"class_list":["post-10615","page","type-page","status-publish","hentry"],"acf":[],"_links":{"self":[{"href":"https:\/\/www.kunstfuerangeln.de\/da\/wp-json\/wp\/v2\/pages\/10615","targetHints":{"allow":["GET"]}}],"collection":[{"href":"https:\/\/www.kunstfuerangeln.de\/da\/wp-json\/wp\/v2\/pages"}],"about":[{"href":"https:\/\/www.kunstfuerangeln.de\/da\/wp-json\/wp\/v2\/types\/page"}],"author":[{"embeddable":true,"href":"https:\/\/www.kunstfuerangeln.de\/da\/wp-json\/wp\/v2\/users\/7"}],"replies":[{"embeddable":true,"href":"https:\/\/www.kunstfuerangeln.de\/da\/wp-json\/wp\/v2\/comments?post=10615"}],"version-history":[{"count":1,"href":"https:\/\/www.kunstfuerangeln.de\/da\/wp-json\/wp\/v2\/pages\/10615\/revisions"}],"predecessor-version":[{"id":10616,"href":"https:\/\/www.kunstfuerangeln.de\/da\/wp-json\/wp\/v2\/pages\/10615\/revisions\/10616"}],"wp:attachment":[{"href":"https:\/\/www.kunstfuerangeln.de\/da\/wp-json\/wp\/v2\/media?parent=10615"}],"curies":[{"name":"wp","href":"https:\/\/api.w.org\/{rel}","templated":true}]}}