{"id":10625,"date":"2024-09-16T18:30:06","date_gmt":"2024-09-16T16:30:06","guid":{"rendered":"https:\/\/www.kunstfuerangeln.de\/test-testing"},"modified":"2026-03-14T11:42:39","modified_gmt":"2026-03-14T10:42:39","slug":"test-testing","status":"publish","type":"page","link":"https:\/\/www.kunstfuerangeln.de\/da\/test-testing","title":{"rendered":"TEST TESTING"},"content":{"rendered":"\n<h1 class=\"wp-block-heading\">JEG ER EN DRINNIE<\/h1>\n\n<h2 class=\"wp-block-heading\">En us\u00e6dvanlig start p\u00e5 kunst\u00e5ret 2026<br \/>Tysk-dansk for\u00e5rsudstilling, arrangeret af foreningen KUNST F\u00dcR ANGELN e.V., \u00e5bner s\u00f8ndag den 19. april 2026<br \/><\/h2>\n\n<p>Nonprofit-organisationen KUNST F\u00dcR ANGELN e.V. \u00e5bner kunst\u00e5ret 2026 med et st\u00e6rkt tysk-dansk samarbejde.<\/p>\n\n<p>Den store for\u00e5rsudstilling &#8220;I am a Drinnie&#8221; vil i april g\u00f8re Wittkielhof ved Kappeln til et m\u00f8dested for samtidskunst, kulturel udveksling og nye perspektiver i gr\u00e6nseregionen mellem Slesvig-Holsten og Danmark.<\/p>\n\n<p><strong>Kunst forbinder &#8211; p\u00e5 tv\u00e6rs af gr\u00e6nser<\/strong><\/p>\n\n<p>Siden grundl\u00e6ggelsen i 2022 har KUNST F\u00dcR ANGELN e.V. forfulgt m\u00e5let om at berige Slesvig-Holstens nordligste region med samtidskunst p\u00e5 en b\u00e6redygtig m\u00e5de og intensivere den kreative udveksling med danske kunstnere. Den geografiske n\u00e6rhed til den dansk-tyske gr\u00e6nse forst\u00e5s bevidst som en kulturel mulighed: Kunsten bliver et forbindelseselement mellem sprog, generationer og kunstneriske positioner.<\/p>\n\n<p>Dette samarbejde vil blive yderligere intensiveret i 2026. I t\u00e6t samarbejde med S\u00f8nderjyllands Kunstskole og med den danske kunstner og kunstformidler Thomas Lunau som kurator pr\u00e6senterer foreningen en udstilling, der p\u00e5 naturlig vis kombinerer tyske og danske perspektiver.<\/p>\n\n<p><strong>&#8220;Jeg er en Drinnie&#8221; &#8211; en titel, der v\u00e6kker nysgerrighed<\/strong><\/p>\n\n<p>Den us\u00e6dvanlige udstillingstitel \u00e5bner bevidst op for et bredt fortolkningsrum. &#8220;Drinnies&#8221; &#8211; en betegnelse for folk, der foretr\u00e6kker at blive inden d\u00f8re, i deres egen komfortzone &#8211; symboliserer den sociale udvikling, der er blevet tydeligere senest siden coronatiden. Mellem tilbagetr\u00e6kning, introspektion og ny indre refleksion afspejler de udstillede v\u00e6rker realiteterne i det moderne liv og personlige holdninger. Nutidens &#8220;Drinnie&#8221; s\u00f8ger \u00e6gte social kontakt &#8211; med &#8220;rigtige&#8221; mennesker! Flere og flere eksperter indser, at det er slut med sociale medier, og at rigtige mennesker tr\u00e6kker sig tilbage fra de digitale verdener til de analoge.<\/p>\n\n<div class=\"wp-block-buttons is-layout-flex wp-block-buttons-is-layout-flex\">\n<div class=\"wp-block-button is-style-outline is-style-outline--1\"><a class=\"wp-block-button__link wp-element-button\">PRESSEMEDDELELSE<\/a><\/div>\n<\/div>\n\n<figure class=\"wp-block-gallery has-nested-images columns-default is-cropped wp-block-gallery-2 is-layout-flex wp-block-gallery-is-layout-flex\">\n<figure class=\"wp-block-image size-large\"><img loading=\"lazy\" decoding=\"async\" width=\"1024\" height=\"890\" data-id=\"10475\" src=\"https:\/\/www.kunstfuerangeln.de\/wp-content\/uploads\/2026\/01\/dr-1-1024x890.jpeg\" alt=\"\" class=\"wp-image-10475\" srcset=\"https:\/\/www.kunstfuerangeln.de\/wp-content\/uploads\/2026\/01\/dr-1-1024x890.jpeg 1024w, https:\/\/www.kunstfuerangeln.de\/wp-content\/uploads\/2026\/01\/dr-1-300x261.jpeg 300w, https:\/\/www.kunstfuerangeln.de\/wp-content\/uploads\/2026\/01\/dr-1-768x668.jpeg 768w, https:\/\/www.kunstfuerangeln.de\/wp-content\/uploads\/2026\/01\/dr-1.jpeg 1355w\" sizes=\"auto, (max-width: 1024px) 100vw, 1024px\" \/><\/figure>\n\n\n\n<figure class=\"wp-block-image size-large\"><img loading=\"lazy\" decoding=\"async\" width=\"1024\" height=\"779\" data-id=\"10471\" src=\"https:\/\/www.kunstfuerangeln.de\/wp-content\/uploads\/2026\/01\/dr-2-1024x779.jpeg\" alt=\"\" class=\"wp-image-10471\" srcset=\"https:\/\/www.kunstfuerangeln.de\/wp-content\/uploads\/2026\/01\/dr-2-1024x779.jpeg 1024w, https:\/\/www.kunstfuerangeln.de\/wp-content\/uploads\/2026\/01\/dr-2-300x228.jpeg 300w, https:\/\/www.kunstfuerangeln.de\/wp-content\/uploads\/2026\/01\/dr-2-768x584.jpeg 768w, https:\/\/www.kunstfuerangeln.de\/wp-content\/uploads\/2026\/01\/dr-2.jpeg 1456w\" sizes=\"auto, (max-width: 1024px) 100vw, 1024px\" \/><\/figure>\n\n\n\n<figure class=\"wp-block-image size-large\"><img loading=\"lazy\" decoding=\"async\" width=\"1024\" height=\"882\" data-id=\"10469\" src=\"https:\/\/www.kunstfuerangeln.de\/wp-content\/uploads\/2026\/01\/dr-3-1024x882.jpeg\" alt=\"\" class=\"wp-image-10469\" srcset=\"https:\/\/www.kunstfuerangeln.de\/wp-content\/uploads\/2026\/01\/dr-3-1024x882.jpeg 1024w, https:\/\/www.kunstfuerangeln.de\/wp-content\/uploads\/2026\/01\/dr-3-300x259.jpeg 300w, https:\/\/www.kunstfuerangeln.de\/wp-content\/uploads\/2026\/01\/dr-3-768x662.jpeg 768w, https:\/\/www.kunstfuerangeln.de\/wp-content\/uploads\/2026\/01\/dr-3.jpeg 1164w\" sizes=\"auto, (max-width: 1024px) 100vw, 1024px\" \/><\/figure>\n\n\n\n<figure class=\"wp-block-image size-large\"><img loading=\"lazy\" decoding=\"async\" width=\"718\" height=\"1024\" data-id=\"10473\" src=\"https:\/\/www.kunstfuerangeln.de\/wp-content\/uploads\/2026\/01\/dr-4-718x1024.jpeg\" alt=\"\" class=\"wp-image-10473\" srcset=\"https:\/\/www.kunstfuerangeln.de\/wp-content\/uploads\/2026\/01\/dr-4-718x1024.jpeg 718w, https:\/\/www.kunstfuerangeln.de\/wp-content\/uploads\/2026\/01\/dr-4-210x300.jpeg 210w, https:\/\/www.kunstfuerangeln.de\/wp-content\/uploads\/2026\/01\/dr-4-768x1096.jpeg 768w, https:\/\/www.kunstfuerangeln.de\/wp-content\/uploads\/2026\/01\/dr-4-1076x1536.jpeg 1076w, https:\/\/www.kunstfuerangeln.de\/wp-content\/uploads\/2026\/01\/dr-4.jpeg 1112w\" sizes=\"auto, (max-width: 718px) 100vw, 718px\" \/><\/figure>\n\n\n\n<figure class=\"wp-block-image size-large\"><img loading=\"lazy\" decoding=\"async\" width=\"729\" height=\"729\" data-id=\"10467\" src=\"https:\/\/www.kunstfuerangeln.de\/wp-content\/uploads\/2026\/01\/dr-6.jpeg\" alt=\"\" class=\"wp-image-10467\" srcset=\"https:\/\/www.kunstfuerangeln.de\/wp-content\/uploads\/2026\/01\/dr-6.jpeg 729w, https:\/\/www.kunstfuerangeln.de\/wp-content\/uploads\/2026\/01\/dr-6-300x300.jpeg 300w, https:\/\/www.kunstfuerangeln.de\/wp-content\/uploads\/2026\/01\/dr-6-150x150.jpeg 150w\" sizes=\"auto, (max-width: 729px) 100vw, 729px\" \/><\/figure>\n\n\n\n<figure class=\"wp-block-image size-large\"><img loading=\"lazy\" decoding=\"async\" width=\"768\" height=\"1024\" data-id=\"10477\" src=\"https:\/\/www.kunstfuerangeln.de\/wp-content\/uploads\/2026\/01\/dr-5-768x1024.jpeg\" alt=\"\" class=\"wp-image-10477\" srcset=\"https:\/\/www.kunstfuerangeln.de\/wp-content\/uploads\/2026\/01\/dr-5-768x1024.jpeg 768w, https:\/\/www.kunstfuerangeln.de\/wp-content\/uploads\/2026\/01\/dr-5-225x300.jpeg 225w, https:\/\/www.kunstfuerangeln.de\/wp-content\/uploads\/2026\/01\/dr-5-1152x1536.jpeg 1152w, https:\/\/www.kunstfuerangeln.de\/wp-content\/uploads\/2026\/01\/dr-5.jpeg 1200w\" sizes=\"auto, (max-width: 768px) 100vw, 768px\" \/><\/figure>\n<\/figure>\n\n\n","protected":false},"excerpt":{"rendered":"<p>JEG ER EN DRINNIE En us\u00e6dvanlig start p\u00e5 kunst\u00e5ret 2026Tysk-dansk for\u00e5rsudstilling, arrangeret af foreningen KUNST F\u00dcR ANGELN e.V., \u00e5bner s\u00f8ndag den 19. april 2026 Nonprofit-organisationen KUNST F\u00dcR ANGELN e.V. \u00e5bner kunst\u00e5ret 2026 med et st\u00e6rkt tysk-dansk samarbejde. Den store for\u00e5rsudstilling &#8220;I am a Drinnie&#8221; vil i april g\u00f8re Wittkielhof ved Kappeln til et m\u00f8dested for [&hellip;]<\/p>\n","protected":false},"author":7,"featured_media":0,"parent":0,"menu_order":0,"comment_status":"closed","ping_status":"closed","template":"","meta":{"_acf_changed":false,"footnotes":""},"class_list":["post-10625","page","type-page","status-publish","hentry"],"acf":[],"_links":{"self":[{"href":"https:\/\/www.kunstfuerangeln.de\/da\/wp-json\/wp\/v2\/pages\/10625","targetHints":{"allow":["GET"]}}],"collection":[{"href":"https:\/\/www.kunstfuerangeln.de\/da\/wp-json\/wp\/v2\/pages"}],"about":[{"href":"https:\/\/www.kunstfuerangeln.de\/da\/wp-json\/wp\/v2\/types\/page"}],"author":[{"embeddable":true,"href":"https:\/\/www.kunstfuerangeln.de\/da\/wp-json\/wp\/v2\/users\/7"}],"replies":[{"embeddable":true,"href":"https:\/\/www.kunstfuerangeln.de\/da\/wp-json\/wp\/v2\/comments?post=10625"}],"version-history":[{"count":1,"href":"https:\/\/www.kunstfuerangeln.de\/da\/wp-json\/wp\/v2\/pages\/10625\/revisions"}],"predecessor-version":[{"id":10652,"href":"https:\/\/www.kunstfuerangeln.de\/da\/wp-json\/wp\/v2\/pages\/10625\/revisions\/10652"}],"wp:attachment":[{"href":"https:\/\/www.kunstfuerangeln.de\/da\/wp-json\/wp\/v2\/media?parent=10625"}],"curies":[{"name":"wp","href":"https:\/\/api.w.org\/{rel}","templated":true}]}}