{"id":10673,"date":"2025-01-18T12:47:48","date_gmt":"2025-01-18T11:47:48","guid":{"rendered":"https:\/\/www.kunstfuerangeln.de\/mediearkiv"},"modified":"2026-03-14T11:42:39","modified_gmt":"2026-03-14T10:42:39","slug":"mediearkiv","status":"publish","type":"page","link":"https:\/\/www.kunstfuerangeln.de\/da\/mediearkiv","title":{"rendered":"MEDIEARKIV"},"content":{"rendered":"\n<h1 class=\"wp-block-heading\">I mediernes arkiv<\/h1>\n\n<h1 class=\"wp-block-heading\">I MEDIERNE 2023<\/h1>\n\n<div class=\"wp-block-columns is-layout-flex wp-container-core-columns-is-layout-9d6595d7 wp-block-columns-is-layout-flex\">\n<div class=\"wp-block-column is-layout-flow wp-block-column-is-layout-flow\">\n<h2 class=\"wp-block-heading has-text-align-center\">TV-BIDRAG<\/h2>\n\n\n\n<hr class=\"wp-block-separator has-alpha-channel-opacity\"\/>\n\n\n\n<p style=\"font-size:16px\"><em>&#8220;KUNST IM SCHLOSS&#8221; <\/em><br \/>Indslag i programmet Schleswig-Holstein Magazin, 30.9.2023<br \/><a href=\"https:\/\/www.ndr.de\/fernsehen\/sendungen\/schleswig-holstein_magazin\/Kunst-im-Schloss-im-Schloss-Gelting,shmag109122.html\" target=\"_blank\" rel=\"noreferrer noopener\">Til tv-indslaget<\/a><\/p>\n\n\n\n<p style=\"font-size:16px\"><em>&#8220;Wittkielhof: Samler viser <\/em><br \/><em>dele af sin samling<\/em>&#8220;<br \/>Reportage i programmet Schleswig-Holstein Magazin, 20. september 2023<br \/><a href=\"https:\/\/www.ndr.de\/fernsehen\/sendungen\/schleswig-holstein_magazin\/Wittkielhof-Kunstsammlerin-zeigt-Teile-ihrer-Sammlung,shmag108804.html\" target=\"_blank\" rel=\"noreferrer noopener\">Til tv-indslaget<\/a><\/p>\n\n\n\n<p style=\"font-size:16px\"><em>&#8220;Gr\u00e6nseoverskridende kunst<\/em><em>i Wittkielhof<\/em>&#8220;<br \/>TV-indslag p\u00e5 NDR&#8217;s Schleswig-Holstein Magazin, 16. april 2023<br \/><a href=\"https:\/\/www.ndr.de\/fernsehen\/sendungen\/schleswig-holstein_magazin\/Grenzueberschreitende-Kunst-in-Wittkielhof,shmag103838.html\" target=\"_blank\" rel=\"noreferrer noopener\">Til TV-indslaget<\/a><\/p>\n<\/div>\n\n\n\n<div class=\"wp-block-column is-layout-flow wp-block-column-is-layout-flow\">\n<h2 class=\"wp-block-heading has-text-align-center\">PRINTMEDIA<\/h2>\n\n\n\n<hr class=\"wp-block-separator has-alpha-channel-opacity\"\/>\n\n\n\n<p style=\"font-size:16px\"><em>&#8220;Stor kunst af sm\u00e5 kunstnere&#8221;<\/em><br \/>Schleibote, 17.10.2023<br \/><a href=\"https:\/\/www.kunstfuerangeln.de\/wp-content\/uploads\/2023\/10\/schleibt161023.jpg\" target=\"_blank\" rel=\"noreferrer noopener\">Til artiklen<\/a><\/p>\n\n\n\n<p><em>&#8220;Kunst i hverdagen beriger og udvider horisonten<\/em>&#8220;<br \/>Bauernblatt, 14. oktober 2023<br \/><a href=\"https:\/\/www.kunstfuerangeln.de\/wp-content\/uploads\/2024\/01\/231014_Bauernblatt.pdf\" target=\"_blank\" rel=\"noreferrer noopener\">G\u00e5 til artiklen<\/a><\/p>\n\n\n\n<p style=\"font-size:16px\">&#8220;<em>At n\u00e5<\/em><em>folk p\u00e5 slottet <\/em><br \/><em>med kunst<\/em>&#8220;<br \/>Flensburger Tageblatt, 25. september 2023<br \/><a href=\"https:\/\/www.kunstfuerangeln.de\/wp-content\/uploads\/2023\/09\/fle-tag.jpg\" target=\"_blank\" rel=\"noreferrer noopener\">G\u00e5 til artiklen<\/a><\/p>\n\n\n\n<p style=\"font-size:16px\"><em>&#8220;Musik i Wittkiel&#8221;<\/em><br \/>Flensborg Avis, 11.9.2023<br \/><a href=\"https:\/\/www.kunstfuerangeln.de\/wp-content\/uploads\/2024\/01\/230911_Flensborg-Avis.pdf\" target=\"_blank\" rel=\"noreferrer noopener\">Til artiklen<\/a><\/p>\n\n\n\n<p style=\"font-size:16px\"><em>&#8220;Bek\u00e6mpelse af ensomhed med kunst<\/em>&#8220;<br \/>Flensburger Tageblatt og Schleibote, 8. maj 2023<br \/><a href=\"https:\/\/www.kunstfuerangeln.de\/wp-content\/uploads\/2023\/05\/einsam-FLT.jpg\" target=\"_blank\" rel=\"noreferrer noopener\">G\u00e5 til artiklen<\/a><\/p>\n\n\n\n<p style=\"font-size:16px\"><em>&#8220;On the Schlei: art project <\/em><br \/><em>against loneliness<\/em>&#8220;<br \/>Hamburger Abendblatt, 17. april 2023<br \/><a href=\"#abendblatt-einsam\">G\u00e5 til <\/a><a href=\"https:\/\/www.kunstfuerangeln.de\/wp-content\/uploads\/2023\/04\/KunstEinsamkeit.jpg\" target=\"_blank\" rel=\"noreferrer noopener\">artiklen<\/a><\/p>\n\n\n\n<p style=\"font-size:16px\"><em>&#8220;Kunst kan overvinde og opl\u00f8se gr\u00e6nser<\/em>&#8220;<br \/>Schleibote, 15. april 2023<br \/><a href=\"#schleibote-d\">G\u00e5 til <\/a><a href=\"https:\/\/www.kunstfuerangeln.de\/wp-content\/uploads\/2023\/04\/schleibote-scaled.jpg\" target=\"_blank\" rel=\"noreferrer noopener\">artiklen<\/a><\/p>\n\n\n\n<p style=\"font-size:16px\"><em>&#8220;Kunstsamler i Hamborg planl\u00e6gger udstilling om Schlei<\/em>&#8220;<br \/>Hamburger Abendblatt, 10. april 2023<br \/><a href=\"https:\/\/www.kunstfuerangeln.de\/wp-content\/uploads\/2023\/04\/Kunstsammlerin-plant-grosse-Ausstellung-150--scaled.jpg\">G\u00e5 til <\/a><a href=\"https:\/\/www.kunstfuerangeln.de\/wp-content\/uploads\/2023\/04\/Kunstsammlerin-plant-grosse-Ausstellung-150--scaled.jpg\" target=\"_blank\" rel=\"noreferrer noopener\">artiklen<\/a><\/p>\n\n\n\n<p style=\"font-size:16px\">Fra kunstmagasinet <br \/>art, 04\/2023<br \/><a href=\"https:\/\/www.kunstfuerangeln.de\/wp-content\/uploads\/2023\/04\/Kunstmagazin-art.jpg\" target=\"_blank\" rel=\"noreferrer noopener\">Til artiklen<\/a><\/p>\n\n\n\n<p><em>&#8220;En folkeskole <\/em><br \/><em>bliver til et museum<\/em>&#8220;<br \/>Schleswig Holstein Zeitung, 14. januar 2023<br \/><a href=\"https:\/\/www.kunstfuerangeln.de\/wp-content\/uploads\/2023\/01\/SHZ-16-1-23-2048x2048.jpg\" target=\"_blank\" rel=\"noreferrer noopener\">Til artiklen i avisen<\/a><br \/><a href=\"https:\/\/www.shz.de\/lokales\/gluecksburg-angeln\/artikel\/nordlichtschule-suederbrarup-kunstausstellung-in-der-grundschule-43938065\" target=\"_blank\" rel=\"noreferrer noopener\">Til online-artiklen<\/a><\/p>\n\n\n\n<p><em>&#8220;Kunst i folkeskolen<\/em>&#8220;<br \/>Hamburger Abendblatt, 11. januar 2023<br \/><a href=\"#abendblatt-grundsch\">G\u00e5 til <\/a><a href=\"https:\/\/www.kunstfuerangeln.de\/wp-content\/uploads\/2023\/01\/HH-Abendblatt-11-1-2023.jpg\" target=\"_blank\" rel=\"noreferrer noopener\">artiklen<\/a><\/p>\n<\/div>\n\n\n\n<div class=\"wp-block-column is-layout-flow wp-block-column-is-layout-flow\">\n<h2 class=\"wp-block-heading has-text-align-center\">ONLINE<\/h2>\n\n\n\n<hr class=\"wp-block-separator has-alpha-channel-opacity\"\/>\n\n\n\n<p id=\"podcast-d\" style=\"font-size:16px\"><em>&#8220;Hvad f\u00e5r kunstscenen til at tikke?&#8221; <\/em><br \/>Kunstpodcasten taler med Ingrid Roosen-Trinks, 16. oktober 2023<br \/><a href=\"https:\/\/www.kunstpodcast.com\/1892588\/13786218-ich-spreche-mit-der-sammlerin-ingrid-roosen-trinks\" target=\"_blank\" rel=\"noreferrer noopener\">Til pod<\/a>casten<\/p>\n\n\n\n<p style=\"font-size:16px\"><em>&#8220;Kunst og musik overvinder gr\u00e6nser&#8221;<\/em><br \/>Art Rabbit, oktober 2023<br \/><a href=\"https:\/\/www.artrabbit.com\/events\/art-music-overcome-boundaries-2023\" target=\"_blank\" rel=\"noreferrer noopener\">Til artiklen<\/a><\/p>\n\n\n\n<p style=\"font-size:16px\"><em>&#8220;Musik- og kunstfestival p\u00e5 Schackenburg Slot&#8221;<\/em><br \/>Der Nordschleswiger, 12. august 2023<br \/><a href=\"https:\/\/www.nordschleswiger.dk\/de\/nordschleswig-tondern-kultur\/musik-und-kunstfest-schloss-schackenburg\" target=\"_blank\" rel=\"noreferrer noopener\">G\u00e5 til artiklen<\/a><\/p>\n\n\n\n<p style=\"font-size:16px\"><em>&#8220;ART DOES NOT END AT THE BORDERS<\/em>&#8220;<br \/>n-tv interview med Ingrid Roosen Trinks, 5. maj 2023<br \/><a href=\"https:\/\/www.kunstfuerangeln.de\/n-tv-interview\">G\u00e5 til artiklen<\/a><\/p>\n\n\n\n<p style=\"font-size:16px\"><em>&#8220;Overvinde gr\u00e6nser med kunst<\/em>&#8220;<br \/>Online-artikel i Bauernblatt, 20. april 2023<br \/><a href=\"https:\/\/www.bauernblatt.com\/mit-kunst-grenzen-ueberwinden\/\" target=\"_blank\" rel=\"noreferrer noopener\">G\u00e5 til artiklen<\/a><\/p>\n\n\n\n<p style=\"font-size:16px\"><em>&#8220;Udstilling: Angeln b\u00f8r knyttes t\u00e6ttere til Danmark<\/em>&#8220;<br \/>Flensborg Avis online, 25. marts 2023 (p\u00e5 dansk)<br \/><a href=\"https:\/\/www.fla.de\/kultur\/kunst\/56070\/udstilling-angel-skal-bindes-taettere-pa-danmark\" target=\"_blank\" rel=\"noreferrer noopener\">Til artiklen<\/a><\/p>\n<\/div>\n<\/div>\n\n<h1 class=\"wp-block-heading\" id=\"mdnd22\">I MEDIERNE 2022<\/h1>\n\n<div class=\"wp-block-columns is-layout-flex wp-container-core-columns-is-layout-9d6595d7 wp-block-columns-is-layout-flex\">\n<div class=\"wp-block-column is-layout-flow wp-block-column-is-layout-flow\">\n<h2 class=\"wp-block-heading has-text-align-center\">TV-BIDRAG<\/h2>\n\n\n\n<hr class=\"wp-block-separator has-alpha-channel-opacity\"\/>\n\n\n\n<p style=\"font-size:16px\"><em>&#8220;Et liv for kunsten: <\/em><br \/><em>Ingrid Roosen-Trinks<\/em>&#8220;<br \/>TV-indslag p\u00e5 NDR&#8217;s Schleswig-Holstein Magazin, 26. oktober 2022<br \/><a href=\"https:\/\/www.ardmediathek.de\/video\/Y3JpZDovL25kci5kZS9iYmRiMmFjZi1lYTE4LTQyODItOGMwNi1mNDA4MGVjMTRiNDA\" target=\"_blank\" rel=\"noreferrer noopener\">Til TV-indslaget<\/a><\/p>\n\n\n\n\n<\/div>\n\n\n\n<div class=\"wp-block-column is-layout-flow wp-block-column-is-layout-flow\">\n<h2 class=\"wp-block-heading has-text-align-center\">PRINTMEDIA<\/h2>\n\n\n\n<hr class=\"wp-block-separator has-alpha-channel-opacity\"\/>\n\n\n\n<p style=\"font-size:16px\"><em>&#8220;Nu er der ogs\u00e5 <\/em><br \/><em>Kunst p\u00e5 Schlei<\/em>&#8220;<br \/>Hamburger Abendblatt, 19\/11\/2022<br \/><a href=\"https:\/\/www.kunstfuerangeln.de\/wp-content\/uploads\/2024\/12\/221119_HamburgerAbendblatt.pdf\">G\u00e5 til artiklen<\/a><\/p>\n\n\n\n<p style=\"font-size:16px\"><em>&#8220;Idyllen er bedragerisk<\/em>&#8220;<br \/>Tagesspiegel, 19\/11\/2022<br \/><a href=\"https:\/\/www.kunstfuerangeln.de\/wp-content\/uploads\/2022\/11\/Tagesspiegel-19-Nov-22-899x2048.jpg\" target=\"_blank\" rel=\"noreferrer noopener\">G\u00e5 til artiklen<\/a><\/p>\n\n\n\n<p class=\"has-text-color has-link-color wp-elements-81641ec94421bec89e918be08660684c\" style=\"color:#000000;font-size:16px\"><em>&#8220;CITY &#8211; COUNTRY &#8211; NETWORKING<\/em>&#8220;<br \/>TANGO &#8211; The Magazine<br \/>November 2022<br \/><a href=\"https:\/\/www.kunstfuerangeln.de\/wp-content\/uploads\/2022\/11\/TANGO-NOV-2022.pdf\" target=\"_blank\" rel=\"noreferrer noopener\">To PDF<\/a><\/p>\n<\/div>\n\n\n\n<div class=\"wp-block-column is-layout-flow wp-block-column-is-layout-flow\">\n<h2 class=\"wp-block-heading has-text-align-center\">ONLINE<\/h2>\n\n\n\n<hr class=\"wp-block-separator has-alpha-channel-opacity\"\/>\n\n\n\n<p style=\"font-size:16px\"><em>&#8220;Kunst p\u00e5 landet: 500 v\u00e6rker er flyttet til Schlei<\/em>&#8220;<br \/>Hamburger Abendblatt, online artikel, 19. november 2022<br \/><a href=\"https:\/\/www.abendblatt.de\/region\/schleswig-holstein\/article236943403\/kunst-auf-dem-land-500-werke-sind-an-die-schlei-gezogen-norden-kunst-ostsee.html\">Link til <\/a><a href=\"https:\/\/www.abendblatt.de\/region\/schleswig-holstein\/article236943403\/kunst-auf-dem-land-500-werke-sind-an-die-schlei-gezogen-norden-kunst-ostsee.html\" target=\"_blank\" rel=\"noreferrer noopener\">artikel<\/a><\/p>\n\n\n\n<p style=\"font-size:16px\"><em>&#8220;Udstilling af samtidskunst p\u00e5 Wittkielhof i Stolteb\u00fcll<\/em>&#8220;<br \/>SHZ, 7. oktober 2022<br \/><strong><a href=\"https:\/\/www.shz.de\/lokales\/kappeln\/artikel\/ingrid-roosen-trinks-laedt-zur-zweiten-ausstellung-auf-wittkielhof-43327404\" target=\"_blank\" rel=\"noreferrer noopener\">Link til artiklen<\/a><\/strong><\/p>\n\n\n\n<p><em>&#8220;En samler p\u00e5 en mission: en afslappet tilgang til kunst<\/em>&#8220;<br \/>Handelsblatt, 15\/08\/2022<br \/><strong><a href=\"https:\/\/www.handelsblatt.com\/arts_und_style\/kunstmarkt\/privatsammlung-sammlerin-mit-mission-unverkrampft-der-kunst-begegnen\/28599976.html\" target=\"_blank\" rel=\"noreferrer noopener\">Link til artiklen<\/a><\/strong><br \/><strong><a href=\"https:\/\/www.kunstfuerangeln.de\/wp-content\/uploads\/2022\/08\/220815_Handelsblatt.pdf\" target=\"_blank\" rel=\"noreferrer noopener\">Artikel som PDF<\/a><\/strong><\/p>\n\n\n\n<p style=\"font-size:16px\"><em>&#8220;CITY &#8211; COUNTRY &#8211; NETWORKING<\/em>&#8220;<br \/>Polis magazine, juni 2022<br \/><a href=\"https:\/\/polis-magazin.com\/events\/event\/stadt-land-vernetzung\/\" target=\"_blank\" rel=\"noreferrer noopener\">Link til artikel<\/a><\/p>\n<\/div>\n<\/div>\n","protected":false},"excerpt":{"rendered":"<p>I mediernes arkiv I MEDIERNE 2023 TV-BIDRAG &#8220;KUNST IM SCHLOSS&#8221; Indslag i programmet Schleswig-Holstein Magazin, 30.9.2023Til tv-indslaget &#8220;Wittkielhof: Samler viser dele af sin samling&#8220;Reportage i programmet Schleswig-Holstein Magazin, 20. september 2023Til tv-indslaget &#8220;Gr\u00e6nseoverskridende kunsti Wittkielhof&#8220;TV-indslag p\u00e5 NDR&#8217;s Schleswig-Holstein Magazin, 16. april 2023Til TV-indslaget PRINTMEDIA &#8220;Stor kunst af sm\u00e5 kunstnere&#8221;Schleibote, 17.10.2023Til artiklen &#8220;Kunst i hverdagen beriger [&hellip;]<\/p>\n","protected":false},"author":7,"featured_media":0,"parent":0,"menu_order":0,"comment_status":"closed","ping_status":"closed","template":"","meta":{"_acf_changed":false,"footnotes":""},"class_list":["post-10673","page","type-page","status-publish","hentry"],"acf":[],"_links":{"self":[{"href":"https:\/\/www.kunstfuerangeln.de\/da\/wp-json\/wp\/v2\/pages\/10673","targetHints":{"allow":["GET"]}}],"collection":[{"href":"https:\/\/www.kunstfuerangeln.de\/da\/wp-json\/wp\/v2\/pages"}],"about":[{"href":"https:\/\/www.kunstfuerangeln.de\/da\/wp-json\/wp\/v2\/types\/page"}],"author":[{"embeddable":true,"href":"https:\/\/www.kunstfuerangeln.de\/da\/wp-json\/wp\/v2\/users\/7"}],"replies":[{"embeddable":true,"href":"https:\/\/www.kunstfuerangeln.de\/da\/wp-json\/wp\/v2\/comments?post=10673"}],"version-history":[{"count":1,"href":"https:\/\/www.kunstfuerangeln.de\/da\/wp-json\/wp\/v2\/pages\/10673\/revisions"}],"predecessor-version":[{"id":10674,"href":"https:\/\/www.kunstfuerangeln.de\/da\/wp-json\/wp\/v2\/pages\/10673\/revisions\/10674"}],"wp:attachment":[{"href":"https:\/\/www.kunstfuerangeln.de\/da\/wp-json\/wp\/v2\/media?parent=10673"}],"curies":[{"name":"wp","href":"https:\/\/api.w.org\/{rel}","templated":true}]}}