{"id":10727,"date":"2024-11-18T18:31:55","date_gmt":"2024-11-18T17:31:55","guid":{"rendered":"https:\/\/www.kunstfuerangeln.de\/program-2026"},"modified":"2026-04-22T11:41:36","modified_gmt":"2026-04-22T09:41:36","slug":"program-2026","status":"publish","type":"page","link":"https:\/\/www.kunstfuerangeln.de\/da\/program-2026","title":{"rendered":"PROGRAM 2026"},"content":{"rendered":"\n<h1 class=\"wp-block-heading\">UDSIGT 2026<\/h1>\n\n\n\n<h2 class=\"wp-block-heading has-text-color has-link-color wp-elements-507ac0b3225819ec26678638f47947ec\" style=\"color:#e62321;font-size:26px\"><strong>Ogs\u00e5 i 2026 vil der igen v\u00e6re forskellige udstillinger og workshops<\/strong><\/h2>\n\n\n\n<p>Som altid er der fri entr\u00e9, og deltagelse i workshops er gratis.<br \/>Alle, der \u00f8nsker at blive medlem af Kunst f\u00fcr Angeln e.V.\u2019s vennekreds eller st\u00f8tte os med en mindre donation, er meget velkomne til at kontakte mig direkte.<\/p>\n\n\n\n<p>Kunst styrker modstandskraften \u2013 hvad enten man selv skaber den eller blot besk\u00e6ftiger sig med den.<br \/>Allerede det at betragte kunst kan give h\u00e5b, l\u00f8fte hum\u00f8ret og skabe optimisme.<br \/>At besk\u00e6ftige sig med kunst \u2013 aktivt eller passivt \u2013 burde egentlig ordineres af ens praktiserende l\u00e6ge!<br \/>Indtil det sker, tilbyder <strong>Kunst f\u00fcr Angeln<\/strong> e.V. fortsat gratis inspiration og \u00e6gte berigelse i hverdagen gennem sine mange udstillinger og workshops.<\/p>\n\n\n\n<p><a href=\"https:\/\/www.kunstfuerangeln.de\/da\/jeg-er-en-drinnie#literturdsk\">I 2026 f\u00e5r kunsten ogs\u00e5 selskab af litteraturen<\/a> \u2013 vores bog <em><a href=\"https:\/\/www.kunstfuerangeln.de\/da\/boernene-er-stjernerne\">\u201cThe Kids are the Stars\u201d<\/a><\/em> var kun begyndelsen.<\/p>\n\n\n\n<p><strong>Kunst f\u00fcr Angeln e.V.<\/strong> har forberedt et kunst- og kulturrigt 2026:<br \/>Fire us\u00e6dvanligt sp\u00e6ndende udstillinger er planlagt \u2013 et udvidet samarbejde med unge danske kunstnere samt projekter, der v\u00e6kker nysgerrighed og igen g\u00f8r Kunst f\u00fcr Angeln e.V. til et levende sted for kunst og m\u00f8der mellem mennesker.<\/p>\n\n\n\n<p>Men f\u00f8r vi ser frem mod programmet for 2026, er det v\u00e6rd at se tilbage: 2025 var endnu et s\u00e6rdeles succesfuldt \u00e5r for <strong>Kunst f\u00fcr Angeln e.V.<\/strong> Fire imponerende udstillinger p\u00e5 Wittkielhof og to kreative b\u00f8rneworkshops pr\u00e6gede \u00e5rets program. B\u00f8rnene var bevidst i centrum: den store efter\u00e5rsudstilling <a href=\"https:\/\/www.kunstfuerangeln.de\/da\/boernene-er-stjernerne\"><em>\u201cThe Kids are the Stars\u201d<\/em> <\/a>var helt dedikeret til deres v\u00e6rker \u2013 og inspirerede desuden til udgivelsen af foreningens f\u00f8rste bog.<\/p>\n\n\n\n<p>2026 startede med udstillingen <a href=\"https:\/\/www.kunstfuerangeln.de\/da\/jeg-er-en-drinnie\">\u201cJeg er en Drinnie\u201d<\/a>, som l\u00f8ber frem til den 17. maj \u2013 med et nyt gr\u00e6nseoverskridende samarbejde, nye unge talenter, der udstiller offentligt hos os for f\u00f8rste gang, samt sp\u00e6ndende eksklusive programmer og aktiviteter for KfA\u2019s vennekreds.<\/p>\n\n\n\n<p>Herefter f\u00f8lger: den f\u00f8rste <strong>soloudstilling<\/strong>, nyheder fra vores <strong>KfA-shop<\/strong>, mere om projektet <em>\u201c<strong>Kunst mod ensomhed\u201d<\/strong><\/em> samt nyt om planl\u00e6gningen af vores jubil\u00e6um <strong><em>\u201cCelebrating KfA \u2013 5 \u00e5r med Kunst f\u00fcr Angeln e.V.\u201d<\/em> <\/strong>\u2013 og meget mere!<\/p>\n\n\n\n<h2 class=\"wp-block-heading has-text-color has-link-color has-large-font-size wp-elements-acdaa732ad43328c4cf452c03c685fa2\" style=\"color:#e62321\"><strong>UDSTILLINGER<\/strong><\/h2>\n\n\n\n<figure class=\"wp-block-image size-full\"><img loading=\"lazy\" decoding=\"async\" width=\"1129\" height=\"1501\" src=\"https:\/\/www.kunstfuerangeln.de\/wp-content\/uploads\/2025\/10\/14-N22_1175-Jesper.jpg\" alt=\"\" class=\"wp-image-9705\" srcset=\"https:\/\/www.kunstfuerangeln.de\/wp-content\/uploads\/2025\/10\/14-N22_1175-Jesper.jpg 1129w, https:\/\/www.kunstfuerangeln.de\/wp-content\/uploads\/2025\/10\/14-N22_1175-Jesper-226x300.jpg 226w, https:\/\/www.kunstfuerangeln.de\/wp-content\/uploads\/2025\/10\/14-N22_1175-Jesper-770x1024.jpg 770w, https:\/\/www.kunstfuerangeln.de\/wp-content\/uploads\/2025\/10\/14-N22_1175-Jesper-768x1021.jpg 768w\" sizes=\"auto, (max-width: 1129px) 100vw, 1129px\" \/><\/figure>\n\n\n\n<h2 class=\"wp-block-heading has-text-color has-link-color wp-elements-3945dbf788c4931d5dd5c34e872e9bb4\" id=\"drinnie-d\" style=\"color:#e62220\"><strong>KUNST F\u00dcR ANGELN pr\u00e6senterer<\/strong><\/h2>\n\n\n\n<p class=\"has-medium-font-size\"><\/p>\n\n\n\n<p class=\"has-medium-font-size\"><strong><span style=\"text-decoration: underline;\">19. APRIL &#8211; 17. MAJ 2026:<\/span><\/strong> <strong>&#8220;JEG ER EN DRINNIE&#8221;<\/strong><br \/>Velkommen til en verden af drinnies &#8211; mennesker, der foretr\u00e6kker at v\u00e6re indend\u00f8rs frem for i rampelyset. Denne udstilling inviterer dig p\u00e5 en humoristisk og tankev\u00e6kkende rejse ind i det indre: vores v\u00e6relser, vores tanker, vores digitale verdener.<strong><br \/>Finissage og \u00e5bent hus: 17. maj | 12:00 &#8211; 17:00<\/strong><br \/><\/p>\n\n\n\n<p class=\"has-medium-font-size\"><strong><span style=\"text-decoration: underline;\">19. APRIL &#8211; 17. MAJ 2026:<\/span><\/strong> <strong><\/strong><strong>UDSTILLING B\u00d8RNENES KUNSTKLUB<\/strong><br \/>Nonprofit-organisationen <strong>Kunst f\u00fcr Angeln &#8211; kunst, der inspirerer!<br \/><\/strong>Samler <strong>Ingrid Roosen-Trinks<\/strong> har bragt samtidskunst til det nordligste Tyskland siden 2022. Hendes originale v\u00e6rker &#8211; herunder v\u00e6rker af <strong><a href=\"http:\/\/heikekatibarath.de\/category\/arbeiten-works\/\">Heike Kati Barath<\/a><\/strong> &#8211; bliver udl\u00e5nt til skoler og b\u00f8rnehaver for at opmuntre b\u00f8rn til at skabe deres egne kunstv\u00e6rker. De vil senere blive pr\u00e6senteret p\u00e5 offentlige udstillinger arrangeret af <strong>Kunst f\u00fcr Angeln.<\/strong><\/p>\n\n\n\n<p class=\"has-medium-font-size\"><strong>Heike Kati Barath<\/strong>, maler og professor i Bremen, er kendt for sine udtryksfulde, hjems\u00f8gende portr\u00e6tter af unge mennesker og hybride v\u00e6sener. Hendes kunst udfordrer os: <em>Hvem er du?<\/em> &#8211; og inviterer til dialog og refleksion.<\/p>\n\n\n\n<p class=\"has-medium-font-size\">Fra <strong>april 2026<\/strong> vil <strong>Kunst f\u00fcr Angeln<\/strong> vise kunstv\u00e6rker skabt af b\u00f8rn som <strong>fortolkninger af Baraths arbejde<\/strong> i en s\u00e6rlig udstilling.<br \/>Udstillingen <strong>vil v\u00e6re \u00e5ben for offentligheden fra den 19. april 2026<\/strong>.<\/p>\n\n\n\n<p class=\"has-medium-font-size\"><strong>Kunst, uddannelse og inspiration &#8211; vi skaber et kreativt f\u00e6llesskab sammen!<\/strong><\/p>\n\n\n\n<p class=\"has-medium-font-size\"><strong><span style=\"text-decoration: underline;\">26. april: WORKSHOP FOR B\u00d8RN<\/span><\/strong> <strong>MED THOMAS LUNAU<\/strong><br \/>Tilmelding p\u00e5: <br \/><a href=\"mailto:visit@kunstfuerangeln.de\">visit@kunstfuerangeln.de<\/a><\/p>\n\n\n\n<p class=\"has-medium-font-size\"><strong><span style=\"text-decoration: underline;\">27. SEPTEMBER &#8211; 25. OKTOBER 2026:<\/span><\/strong> <strong>SOLO SHOW<\/strong> <strong>HENRIK BECKER<\/strong><br \/>Henrik Becker bor og arbejder i Nordtyskland. Hans v\u00e6rker drejer sig om at finde nye konstellationer af farver og motiver &#8211; foranderlige, men med en umiskendelig tone. Becker er en integreret del af Roosen Trinks-samlingen og har allerede v\u00e6ret repr\u00e6senteret og kurateret flere KFA-gruppeudstillinger p\u00e5 Wittkielhof.<\/p>\n\n\n\n<p class=\"has-medium-font-size\"><strong>\u00c5bning og \u00e5bent hus: 27. september | 14:00 <br \/>Finissage og \u00e5bent hus: 25. oktober | 12:00 &#8211; 17:00<\/strong><br \/><\/p>\n\n\n\n<p class=\"has-medium-font-size\"><strong><span style=\"text-decoration: underline;\">27. SEPTEMBER &#8211; 25. OKTOBER 2026:<\/span><\/strong> <strong>UDSTILLING B\u00d8RNEKUNSTKLUB<\/strong><\/p>\n\n\n\n<p class=\"has-medium-font-size\"><strong><span style=\"text-decoration: underline;\">4. <strong><\/strong><strong><span style=\"text-decoration: underline;\">OKTOBER<\/span><\/strong><\/span><\/strong>: B\u00d8RNEWORKSHOP MED HENRIK BECKER<br \/>Tilmelding p\u00e5: <br \/><a href=\"mailto:visit@kunstfuerangeln.de\">visit@kunstfuerangeln.de<\/a><\/p>\n\n\n\n<hr class=\"wp-block-separator has-alpha-channel-opacity\"\/>\n\n\n\n<h2 class=\"wp-block-heading has-text-color has-link-color has-large-font-size wp-elements-243a00979034180dab1da58ce24ab2de\" style=\"color:#e62321\"><strong>HELE \u00c5RET<\/strong><\/h2>\n\n\n\n<p class=\"has-medium-font-size\">Udl\u00e5n af kunstv\u00e6rker til skoler og daginstitutioner i Angeln:<\/p>\n\n\n\n<p class=\"has-medium-font-size\"><strong>Kaj-Munk-Skole, Kappeln  <\/strong><\/p>\n\n\n\n<p class=\"has-medium-font-size\"><strong>Nordlicht Skole S\u00fcderbrarup  <\/strong><\/p>\n\n\n\n<p class=\"has-medium-font-size\"><strong>Ev. daginstitution Flensborg<\/strong><br \/><strong><br \/>Protestantisk daginstitution Scheggerott <\/strong><br \/><br \/><strong>Regnbue daginstitution Gelting<\/strong><\/p>\n\n\n\n\n\n\n\n\n","protected":false},"excerpt":{"rendered":"<p>UDSIGT 2026 Ogs\u00e5 i 2026 vil der igen v\u00e6re forskellige udstillinger og workshops Som altid er der fri entr\u00e9, og deltagelse i workshops er gratis.Alle, der \u00f8nsker at blive medlem af Kunst f\u00fcr Angeln e.V.\u2019s vennekreds eller st\u00f8tte os med en mindre donation, er meget velkomne til at kontakte mig direkte. Kunst styrker modstandskraften \u2013 [&hellip;]<\/p>\n","protected":false},"author":7,"featured_media":0,"parent":0,"menu_order":0,"comment_status":"closed","ping_status":"closed","template":"","meta":{"_acf_changed":false,"footnotes":""},"class_list":["post-10727","page","type-page","status-publish","hentry"],"acf":[],"_links":{"self":[{"href":"https:\/\/www.kunstfuerangeln.de\/da\/wp-json\/wp\/v2\/pages\/10727","targetHints":{"allow":["GET"]}}],"collection":[{"href":"https:\/\/www.kunstfuerangeln.de\/da\/wp-json\/wp\/v2\/pages"}],"about":[{"href":"https:\/\/www.kunstfuerangeln.de\/da\/wp-json\/wp\/v2\/types\/page"}],"author":[{"embeddable":true,"href":"https:\/\/www.kunstfuerangeln.de\/da\/wp-json\/wp\/v2\/users\/7"}],"replies":[{"embeddable":true,"href":"https:\/\/www.kunstfuerangeln.de\/da\/wp-json\/wp\/v2\/comments?post=10727"}],"version-history":[{"count":10,"href":"https:\/\/www.kunstfuerangeln.de\/da\/wp-json\/wp\/v2\/pages\/10727\/revisions"}],"predecessor-version":[{"id":12014,"href":"https:\/\/www.kunstfuerangeln.de\/da\/wp-json\/wp\/v2\/pages\/10727\/revisions\/12014"}],"wp:attachment":[{"href":"https:\/\/www.kunstfuerangeln.de\/da\/wp-json\/wp\/v2\/media?parent=10727"}],"curies":[{"name":"wp","href":"https:\/\/api.w.org\/{rel}","templated":true}]}}