{"id":10729,"date":"2024-01-09T19:34:41","date_gmt":"2024-01-09T18:34:41","guid":{"rendered":"https:\/\/www.kunstfuerangeln.de\/kunsten-kommer-til-daginstitutionen"},"modified":"2026-03-18T18:21:18","modified_gmt":"2026-03-18T17:21:18","slug":"kunsten-kommer-til-daginstitutionen","status":"publish","type":"page","link":"https:\/\/www.kunstfuerangeln.de\/da\/kunsten-kommer-til-daginstitutionen","title":{"rendered":"Kunsten kommer til daginstitutionen"},"content":{"rendered":"\n<h1 class=\"wp-block-heading\">Kunsten kommer til daginstitutionen<\/h1>\n\n\n\n<h2 class=\"wp-block-heading has-text-color has-link-color has-large-font-size wp-elements-58e66ced6879b8381f243ec99767b941\" style=\"color:#e62321\"><strong>kunsten kommer til daginstitutionen 2025<\/strong><\/h2>\n\n\n\n\n\n\n\n<div class=\"wp-block-columns is-layout-flex wp-container-core-columns-is-layout-9d6595d7 wp-block-columns-is-layout-flex\">\n<div class=\"wp-block-column is-layout-flow wp-block-column-is-layout-flow\">\n<p>I april udvalgte daginstitutionslederne i regionen kunstv\u00e6rker fra KUNST F\u00dcR ANGELN til udl\u00e5n for at inspirere &#8220;deres&#8221; b\u00f8rn til at skabe deres egen kunst. <br \/><br \/>Foreningens store efter\u00e5rsudstilling hed<a href=\"https:\/\/www.kunstfuerangeln.de\/da\/boernene-er-stjernerne\">&#8220;The Kids are the Stars &#8211; Tysklands st\u00f8rste udstilling af b\u00f8rnekunst<\/a>&#8220;, og de v\u00e6rker, der blev skabt i daginstitutionerne, blev udstillet p\u00e5 Wittkielhof i september og oktober 2025. <br \/><\/p>\n<\/div>\n\n\n\n<div class=\"wp-block-column is-layout-flow wp-block-column-is-layout-flow\">\n<figure class=\"wp-block-image size-large\"><img loading=\"lazy\" decoding=\"async\" width=\"1024\" height=\"1024\" src=\"https:\/\/www.kunstfuerangeln.de\/wp-content\/uploads\/2025\/04\/KitaLeiterinnen2-1024x1024.jpg\" alt=\"\" class=\"wp-image-8632\" srcset=\"https:\/\/www.kunstfuerangeln.de\/wp-content\/uploads\/2025\/04\/KitaLeiterinnen2-1024x1024.jpg 1024w, https:\/\/www.kunstfuerangeln.de\/wp-content\/uploads\/2025\/04\/KitaLeiterinnen2-300x300.jpg 300w, https:\/\/www.kunstfuerangeln.de\/wp-content\/uploads\/2025\/04\/KitaLeiterinnen2-150x150.jpg 150w, https:\/\/www.kunstfuerangeln.de\/wp-content\/uploads\/2025\/04\/KitaLeiterinnen2-768x768.jpg 768w, https:\/\/www.kunstfuerangeln.de\/wp-content\/uploads\/2025\/04\/KitaLeiterinnen2.jpg 1273w\" sizes=\"auto, (max-width: 1024px) 100vw, 1024px\" \/><figcaption class=\"wp-element-caption\"><em>Daginstitutionslederne og Ingrid Roosen-Trinks<\/em><\/figcaption><\/figure>\n\n\n\n\n<\/div>\n<\/div>\n\n\n\n<hr class=\"wp-block-separator has-alpha-channel-opacity\"\/>\n\n\n\n<h2 class=\"wp-block-heading has-text-color has-link-color has-large-font-size wp-elements-2e0a478a629f365d6e00721540d49cac\" style=\"color:#e62321\"><strong>Samtidskunst kommer til daginstitutionen<\/strong><\/h2>\n\n\n\n<div class=\"wp-block-columns is-layout-flex wp-container-core-columns-is-layout-9d6595d7 wp-block-columns-is-layout-flex\">\n<div class=\"wp-block-column is-layout-flow wp-block-column-is-layout-flow\">\n<figure class=\"wp-block-image size-full is-resized\"><img loading=\"lazy\" decoding=\"async\" width=\"841\" height=\"841\" src=\"https:\/\/www.kunstfuerangeln.de\/wp-content\/uploads\/2024\/01\/THORE-KIDS2-1.jpg\" alt=\"\" class=\"wp-image-5925\" style=\"width:396px;height:auto\" srcset=\"https:\/\/www.kunstfuerangeln.de\/wp-content\/uploads\/2024\/01\/THORE-KIDS2-1.jpg 841w, https:\/\/www.kunstfuerangeln.de\/wp-content\/uploads\/2024\/01\/THORE-KIDS2-1-300x300.jpg 300w, https:\/\/www.kunstfuerangeln.de\/wp-content\/uploads\/2024\/01\/THORE-KIDS2-1-150x150.jpg 150w, https:\/\/www.kunstfuerangeln.de\/wp-content\/uploads\/2024\/01\/THORE-KIDS2-1-768x768.jpg 768w\" sizes=\"auto, (max-width: 841px) 100vw, 841px\" \/><figcaption class=\"wp-element-caption\">Thore Bernstein<\/figcaption><\/figure>\n<\/div>\n\n\n\n<div class=\"wp-block-column is-layout-flow wp-block-column-is-layout-flow\">\n<p>Foreningen KUNST F\u00dcR ANGELN og Evangelische Kita Werk Schleswig-Holstein pr\u00e6senterede en &#8220;kunstpremiere&#8221; i begyndelsen af 2024: KITA-b\u00f8rnene fra Flensborg og Scheggerott rejser ikke TIL kunsten, men kunsten kommer til Kitaen. I januar 2024 modtog Katja B\u00e4r, leder af den protestantiske daginstitution i Slesvig-Flensborg, og Maren Maltzahn fra den protestantiske daginstitution St. Marien i Scheggerott l\u00e5n af samtidskunst fra Roosen-Trinks-samlingen til deres daginstitutioner fra bestyrelsen for foreningen KUNST F\u00dcR ANGELN, Ingrid Roosen-Trinks, med v\u00e6rker af de unge Flensborg-kunstnere Henrik Becker og Thore Bernstein.<\/p>\n\n\n\n<p>Daginstitutionen er s\u00e5ledes blevet et kunststed for alle b\u00f8rnene i disse daginstitutioner i Flensborg og Scheggerott &#8211; muliggjort af l\u00e5n af originale kunstv\u00e6rker fra foreningen KUNST F\u00dcR ANGELN.<\/p>\n\n\n\n\n<\/div>\n<\/div>\n\n\n\n\n\n\n\n<div class=\"wp-block-columns is-layout-flex wp-container-core-columns-is-layout-9d6595d7 wp-block-columns-is-layout-flex\">\n<div class=\"wp-block-column is-layout-flow wp-block-column-is-layout-flow\">\n<p>&#8220;Det er et sp\u00e6ndende eksperiment og en nyskabelse&#8221;, siger Katja B\u00e4r, leder af daginstitutionen i Slesvig-Flensborg, &#8220;vi er sp\u00e6ndte p\u00e5 at se, hvordan vores daginstitutionsb\u00f8rn tager imod denne nye form for kunstundervisning p\u00e5 stedet. Vi h\u00e5ber i hvert fald p\u00e5 inspiration til kreative ideer og tanker for vores 5- og 6-\u00e5rige b\u00f8rn og dermed en udvidelse af vores dagtilbud&#8221;.<\/p>\n\n\n\n<p>Maren Maltzahn fra den protestantiske daginstitution St. Marien i Scheggerott: &#8220;Vi ser denne nye type kunstsamarbejde som en udvidelse af vores p\u00e6dagogiske tilbud i daginstitutionen og er glade for at have kunstv\u00e6rkerne hos os indtil slutningen af marts 2024, hvor de vil fungere som modeller og inspirationskilder for vores daginstitutionsb\u00f8rn til at skabe deres egne kunstv\u00e6rker. Og s\u00e5 vil resultaterne blive udstillet offentligt i B\u00d8RNS KUNSTKLUB ANGELN af foreningen KUNST F\u00dcR ANGELN p\u00e5 WITTKIELHOF! Det er aldrig sket f\u00f8r i vores region&#8221;.<\/p>\n<\/div>\n\n\n\n<div class=\"wp-block-column is-layout-flow wp-block-column-is-layout-flow\">\n<figure class=\"wp-block-image size-large is-resized\"><img loading=\"lazy\" decoding=\"async\" width=\"775\" height=\"1024\" src=\"https:\/\/www.kunstfuerangeln.de\/wp-content\/uploads\/2024\/01\/Becker-kids-775x1024.jpg\" alt=\"\" class=\"wp-image-5929\" style=\"width:320px;height:auto\" srcset=\"https:\/\/www.kunstfuerangeln.de\/wp-content\/uploads\/2024\/01\/Becker-kids-775x1024.jpg 775w, https:\/\/www.kunstfuerangeln.de\/wp-content\/uploads\/2024\/01\/Becker-kids-227x300.jpg 227w, https:\/\/www.kunstfuerangeln.de\/wp-content\/uploads\/2024\/01\/Becker-kids-768x1015.jpg 768w, https:\/\/www.kunstfuerangeln.de\/wp-content\/uploads\/2024\/01\/Becker-kids-1162x1536.jpg 1162w, https:\/\/www.kunstfuerangeln.de\/wp-content\/uploads\/2024\/01\/Becker-kids.jpg 1240w\" sizes=\"auto, (max-width: 775px) 100vw, 775px\" \/><figcaption class=\"wp-element-caption\">Henrik Becker<\/figcaption><\/figure>\n<\/div>\n<\/div>\n\n\n\n<p>Ingrid Roosen-Trinks, bestyrelsesmedlem i foreningen KUNST F\u00dcR ANGELN : &#8220;Vi grundlagde vores forening KUNST F\u00dcR ANGELN for n\u00e6sten to \u00e5r siden med det pr\u00e6cise form\u00e5l at give let og ukompliceret adgang til samtidskunst ikke kun for skoleb\u00f8rn, unge, \u00e6ldre og alle mennesker, der bor, arbejder og g\u00e5r i skole i Angeln &#8211; men ogs\u00e5 for b\u00f8rn i vuggestuealderen! Efter udl\u00e5n af kunstv\u00e6rker til folkeskoler i Angeln kommer der nu yderligere v\u00e6rker til daginstitutioner i Angeln. Det nye samarbejde med den evangeliske daginstitution i Slesvig-Flensborg har nu gjort det muligt for os at udvide vores program! H\u00f8jdepunktet bliver udstillingen af dagplejeb\u00f8rnenes kunstv\u00e6rker i april 2024 i vores B\u00d8RNS KUNSTKLUB ANGELN &#8211; et udstillingsrum udelukkende for b\u00f8rnekunst! Takket v\u00e6re ROOSEN-TRINKS-samlingen g\u00f8r vi det nu ogs\u00e5 muligt at opleve samtidskunst live p\u00e5 stedet med udl\u00e5n &#8211; i dette tilf\u00e6lde i den protestantiske daginstitution St. Marien i Scheggerott &#8211; i hjertet af Angeln &#8211; og i den protestantiske daginstitution i Flensborg. Vi gl\u00e6der os til at h\u00f8re b\u00f8rnehaveb\u00f8rnenes kommentarer og kunstv\u00e6rker og ser frem til denne premiere og udstillingen i april 2024 i B\u00d8RNS KUNSTKLUB ANGELN p\u00e5 WITTKIELHOF!&#8221;<\/p>\n\n\n\n<div class=\"wp-block-columns is-layout-flex wp-container-core-columns-is-layout-9d6595d7 wp-block-columns-is-layout-flex\">\n<div class=\"wp-block-column is-layout-flow wp-block-column-is-layout-flow\">\n<figure class=\"wp-block-image size-full\"><img loading=\"lazy\" decoding=\"async\" width=\"841\" height=\"999\" src=\"https:\/\/www.kunstfuerangeln.de\/wp-content\/uploads\/2024\/01\/THORE-KIDS.jpg\" alt=\"\" class=\"wp-image-5933\" srcset=\"https:\/\/www.kunstfuerangeln.de\/wp-content\/uploads\/2024\/01\/THORE-KIDS.jpg 841w, https:\/\/www.kunstfuerangeln.de\/wp-content\/uploads\/2024\/01\/THORE-KIDS-253x300.jpg 253w, https:\/\/www.kunstfuerangeln.de\/wp-content\/uploads\/2024\/01\/THORE-KIDS-768x912.jpg 768w\" sizes=\"auto, (max-width: 841px) 100vw, 841px\" \/><figcaption class=\"wp-element-caption\">Thore Bernstein<\/figcaption><\/figure>\n<\/div>\n\n\n\n<div class=\"wp-block-column is-layout-flow wp-block-column-is-layout-flow\">\n<figure class=\"wp-block-image size-full\"><img loading=\"lazy\" decoding=\"async\" width=\"768\" height=\"960\" src=\"https:\/\/www.kunstfuerangeln.de\/wp-content\/uploads\/2024\/01\/frosch-becker.jpg\" alt=\"\" class=\"wp-image-5935\" srcset=\"https:\/\/www.kunstfuerangeln.de\/wp-content\/uploads\/2024\/01\/frosch-becker.jpg 768w, https:\/\/www.kunstfuerangeln.de\/wp-content\/uploads\/2024\/01\/frosch-becker-240x300.jpg 240w\" sizes=\"auto, (max-width: 768px) 100vw, 768px\" \/><figcaption class=\"wp-element-caption\">Henrik Becker<\/figcaption><\/figure>\n<\/div>\n<\/div>\n\n\n\n<p>Siden begyndelsen af 2022 har foreningen KUNST F\u00dcR ANGELN tilbudt regelm\u00e6ssige kunstworkshops for b\u00f8rn mellem 5 og 14 \u00e5r med kunstnere, der er repr\u00e6senteret med v\u00e6rker i Roosen-Trinks-samlingen. Alle workshops &#8211; ligesom alle foreningens programmer &#8211; er gratis og overv\u00e5ges og st\u00f8ttes personligt af kunstnere, undervisere og samleren.<\/p>\n\n\n\n<p>Nu udvides udl\u00e5net af kunstv\u00e6rker &#8211; ud over grundskoler &#8211; til daginstitutioner i Angeln-regionen. I 2024 udstillede foreningen KUNST F\u00dcR ANGELN ogs\u00e5 resultaterne af b\u00f8rnenes kunstv\u00e6rker p\u00e5 Wittkielhof i <a href=\"https:\/\/www.kunstfuerangeln.de\/da\/kunst-for-boern\">B\u00d8RNS KUNSTKLUB ANGELN<\/a>.<\/p>\n\n\n\n\n\n\n\n<hr class=\"wp-block-separator has-alpha-channel-opacity\"\/>\n\n\n\n<h2 class=\"wp-block-heading has-text-color has-link-color wp-elements-97385d4f76ff725a3eace04f5b57dd35\" style=\"color:#e62220\"><strong>FORENINGEN KUNST F\u00dcR ANGELN UDVIDER SIT SAMARBEJDE MED EV. FLENSBORG VUGGESTUE TIL OGS\u00c5 AT OMFATTE VUGGESTUER I STEINBERGKIRCHE, SCHLESWIG OG GELTING<\/strong><\/h2>\n\n\n\n<p>For at markere et\u00e5rsdagen for det eneste museum for b\u00f8rnekunst i Slesvig-Holsten &#8211; B\u00d8RNS KUNSTKLUB ANGELN &#8211; blev der i oktober 2024 udstillet kunstv\u00e6rker, som udelukkende var skabt af daginstitutionsb\u00f8rn.<\/p>\n\n\n\n<p>Det samarbejde, der blev indledt i januar 2024 med daginstitutionerne i det protestantiske Kita-Werk i Flensborg, Scheggerott og Gelting, var s\u00e5 vellykket, at det blev udvidet til ogs\u00e5 at omfatte daginstitutionerne i Engelsby\/Flensborg, Kita Hornbrunnen i Slesvig, Regenbogen Kita i Gelting og Kita &#8220;Siebenstern&#8221; i Steinbergkirche.<\/p>\n\n\n\n<p>Og i 2025 fortsatte Kunst f\u00fcr Angeln sit samarbejde med daginstitutionerne i Freienwill, Boren og Flensburg samt med Klaus Harms-skolen i Kappeln.<\/p>\n\n\n\n<div class=\"wp-block-buttons is-layout-flex wp-block-buttons-is-layout-flex\">\n<div class=\"wp-block-button is-style-outline is-style-outline--1\"><a class=\"wp-block-button__link wp-element-button\" href=\"https:\/\/www.kunstfuerangeln.de\/wp-content\/uploads\/2024\/07\/PM-Kita-Kunst-Koperation-2024.pdf\" target=\"_blank\" rel=\"noreferrer noopener\">L\u00e6s mere &#8211; Pressemeddelelse<\/a><\/div>\n<\/div>\n","protected":false},"excerpt":{"rendered":"<p>Kunsten kommer til daginstitutionen kunsten kommer til daginstitutionen 2025 I april udvalgte daginstitutionslederne i regionen kunstv\u00e6rker fra KUNST F\u00dcR ANGELN til udl\u00e5n for at inspirere &#8220;deres&#8221; b\u00f8rn til at skabe deres egen kunst. Foreningens store efter\u00e5rsudstilling hed&#8220;The Kids are the Stars &#8211; Tysklands st\u00f8rste udstilling af b\u00f8rnekunst&#8220;, og de v\u00e6rker, der blev skabt i daginstitutionerne, [&hellip;]<\/p>\n","protected":false},"author":7,"featured_media":0,"parent":0,"menu_order":0,"comment_status":"closed","ping_status":"closed","template":"","meta":{"_acf_changed":false,"footnotes":""},"class_list":["post-10729","page","type-page","status-publish","hentry"],"acf":[],"_links":{"self":[{"href":"https:\/\/www.kunstfuerangeln.de\/da\/wp-json\/wp\/v2\/pages\/10729","targetHints":{"allow":["GET"]}}],"collection":[{"href":"https:\/\/www.kunstfuerangeln.de\/da\/wp-json\/wp\/v2\/pages"}],"about":[{"href":"https:\/\/www.kunstfuerangeln.de\/da\/wp-json\/wp\/v2\/types\/page"}],"author":[{"embeddable":true,"href":"https:\/\/www.kunstfuerangeln.de\/da\/wp-json\/wp\/v2\/users\/7"}],"replies":[{"embeddable":true,"href":"https:\/\/www.kunstfuerangeln.de\/da\/wp-json\/wp\/v2\/comments?post=10729"}],"version-history":[{"count":3,"href":"https:\/\/www.kunstfuerangeln.de\/da\/wp-json\/wp\/v2\/pages\/10729\/revisions"}],"predecessor-version":[{"id":11584,"href":"https:\/\/www.kunstfuerangeln.de\/da\/wp-json\/wp\/v2\/pages\/10729\/revisions\/11584"}],"wp:attachment":[{"href":"https:\/\/www.kunstfuerangeln.de\/da\/wp-json\/wp\/v2\/media?parent=10729"}],"curies":[{"name":"wp","href":"https:\/\/api.w.org\/{rel}","templated":true}]}}