{"id":10740,"date":"2024-12-20T17:30:21","date_gmt":"2024-12-20T16:30:21","guid":{"rendered":"https:\/\/www.kunstfuerangeln.de\/anmeldelse-2025"},"modified":"2026-03-18T17:59:42","modified_gmt":"2026-03-18T16:59:42","slug":"anmeldelse-2025","status":"publish","type":"page","link":"https:\/\/www.kunstfuerangeln.de\/da\/anmeldelse-2025","title":{"rendered":"ANMELDELSE 2025"},"content":{"rendered":"\n<h1 class=\"wp-block-heading\">tilbageblik 2025<\/h1>\n\n\n\n<p class=\"has-medium-font-size\"><em><strong>Kunst for Angeln<\/strong><\/em> <strong><em>bragte ogs\u00e5 kunsten til folket og folket til kunsten i 2025<\/em><\/strong><\/p>\n\n\n\n<h2 class=\"wp-block-heading has-text-color has-link-color wp-elements-236be62ea516d3d1eae7e4cd9e1ad88b\" style=\"color:#e62220\"><strong>TAK<\/strong><\/h2>\n\n\n\n<div class=\"wp-block-columns is-layout-flex wp-container-core-columns-is-layout-9d6595d7 wp-block-columns-is-layout-flex\">\n<div class=\"wp-block-column is-layout-flow wp-block-column-is-layout-flow\">\n<p style=\"font-size:18px\">K\u00e6re kunstelskere, k\u00e6re kunstnere,<br \/>K\u00e6re bes\u00f8gende p\u00e5 vores udstillinger arrangeret af Kunst f\u00fcr Angeln,<\/p>\n\n\n\n<p><strong>TAK<\/strong> af hele vores hjerte for din opmuntring, din interesse, din tid, dine samtaler og din st\u00f8tte! Takket v\u00e6re dig br\u00f8d vi en helt s\u00e6rlig barriere i 2025: Vi b\u00f8d <strong>over 8.000 bes\u00f8gende<\/strong> velkommen til vores udstillinger &#8211; et \u00f8jeblik, der bev\u00e6ger os og g\u00f8r os meget taknemmelige.<br \/><br \/>Vores for\u00e5rs- og efter\u00e5rsudstillinger i 2025 var noget helt s\u00e6rligt. Ikke kun p\u00e5 grund af den enest\u00e5ende kvalitet af de udstillede v\u00e6rker, men f\u00f8rst og fremmest p\u00e5 grund af den enorme opmuntring fra jer. Din nysgerrighed, din \u00e5benhed og din entusiasme har bragt disse udstillinger til live.<br \/><br \/><\/p>\n<\/div>\n\n\n\n<div class=\"wp-block-column is-layout-flow wp-block-column-is-layout-flow\">\n<p>Vores b\u00f8rnekunstudstilling i efter\u00e5ret var et absolut h\u00f8jdepunkt: Med langt over 400 udstillede v\u00e6rker var det den st\u00f8rste udstilling af b\u00f8rnekunst, der nogensinde er blevet afholdt i Tyskland! Det blev kronet med vores <strong>f\u00f8rste bog<\/strong> med samme titel:<br \/>&#8220;The Kids are the Stars&#8221; (udgivet af Ihleo Verlag).<br \/><br \/>Vi havde det rigtig godt sammen &#8211; og endnu en gang blev det tydeligt, hvor vigtig kunsten er som en integreret del af vores hverdag. Tak for alle de gode samtaler, dit engagement og din store interesse for vores organisations arbejde.  <\/p>\n\n\n\n<p><strong>Der vil ogs\u00e5 v\u00e6re forskellige udstillinger og workshops igen i 2026<\/strong>&#8230;<\/p>\n\n\n\n<div class=\"wp-block-buttons is-layout-flex wp-block-buttons-is-layout-flex\">\n<div class=\"wp-block-button is-style-outline is-style-outline--1\"><a class=\"wp-block-button__link wp-element-button\" href=\"https:\/\/www.kunstfuerangeln.de\/da\/program-2026\">L\u00e6s mere om det<\/a><\/div>\n<\/div>\n<\/div>\n<\/div>\n\n\n\n<hr class=\"wp-block-separator has-alpha-channel-opacity\"\/>\n\n\n\n<h2 class=\"wp-block-heading has-text-color has-link-color wp-elements-e5cd44c819847ece63894131ae0fb2a9\" style=\"color:#e62220\"><strong>2025 P\u00c5 ET \u00d8JEBLIK<\/strong><\/h2>\n\n\n\n<div class=\"wp-block-columns is-layout-flex wp-container-core-columns-is-layout-9d6595d7 wp-block-columns-is-layout-flex\">\n<div class=\"wp-block-column is-layout-flow wp-block-column-is-layout-flow\">\n<figure class=\"wp-block-image size-large\"><img decoding=\"async\" src=\"https:\/\/www.kunstfuerangeln.de\/wp-content\/uploads\/2024\/11\/GALLEraps.jpg\" alt=\"\"\/><\/figure>\n\n\n\n<figure class=\"wp-block-image size-full\"><img loading=\"lazy\" decoding=\"async\" width=\"886\" height=\"666\" src=\"https:\/\/www.kunstfuerangeln.de\/wp-content\/uploads\/2024\/11\/8x6-norden-1.jpg\" alt=\"\" class=\"wp-image-7525\" srcset=\"https:\/\/www.kunstfuerangeln.de\/wp-content\/uploads\/2024\/11\/8x6-norden-1.jpg 886w, https:\/\/www.kunstfuerangeln.de\/wp-content\/uploads\/2024\/11\/8x6-norden-1-300x226.jpg 300w, https:\/\/www.kunstfuerangeln.de\/wp-content\/uploads\/2024\/11\/8x6-norden-1-768x577.jpg 768w\" sizes=\"auto, (max-width: 886px) 100vw, 886px\" \/><\/figure>\n<\/div>\n\n\n\n<div class=\"wp-block-column is-layout-flow wp-block-column-is-layout-flow\">\n<p class=\"has-medium-font-size\">For\u00e5rsudstillingen 2025<a href=\"https:\/\/www.kunstfuerangeln.de\/da\/lys-landskab-i-nord\">&#8220;LIGHT &amp; LANDSCAPE IN THE ART OF THE NORTH<\/a>&#8221; var dedikeret til den indflydelse, som lys og landskabsformationer i den nordlige del af Slesvig-Holsten og Danmark har p\u00e5 regionens kunstnere. Det bestod af to omr\u00e5der:<br \/><strong>Del I<\/strong> &#8211; Samarbejde mellem skabende kunstnere fra Danmark og Slesvig-Holsten.<br \/><strong>Del II <\/strong>&#8211; <strong><a href=\"https:\/\/www.kunstfuerangeln.de\/da\/hollandske-udsigter-lys-og-landskab-i-nordens-kunst\">HOLLANDSKE UDSIGTER &amp; LYS OG LANDSKAB<\/a><\/strong>For f\u00f8rste gang var en kunstner fra Holland inviteret.<\/p>\n\n\n\n<div style=\"height:46px\" aria-hidden=\"true\" class=\"wp-block-spacer\"><\/div>\n\n\n\n<p class=\"has-medium-font-size\">I april blev der afholdt en b\u00f8rneworkshop med <strong><a href=\"https:\/\/www.kunstfuerangeln.de\/da\/kunstuddannelse\/vaerksteder\">kunstner Chili Seitz<\/a> <\/strong>fandt sted<strong>.<\/strong> Workshoppen fokuserede p\u00e5 skulptur og krop, hvilket resulterede i skabelsen af en b\u00e6rbar skulptur.<\/p>\n<\/div>\n<\/div>\n\n\n\n<p class=\"has-medium-font-size\"><br \/><\/p>\n\n\n\n<div class=\"wp-block-columns is-layout-flex wp-container-core-columns-is-layout-9d6595d7 wp-block-columns-is-layout-flex\">\n<div class=\"wp-block-column is-layout-flow wp-block-column-is-layout-flow\">\n<p class=\"has-medium-font-size\">Efter\u00e5rsudstillingen 2025 med titlen <strong><a href=\"https:\/\/www.kunstfuerangeln.de\/da\/boernene-er-stjernerne\">&#8220;B\u00f8rnene er stjernerne!&#8221;<\/a><\/strong> viste mere end 400 kreative mesterv\u00e6rker af b\u00f8rn i alderen 2(!) til 14 \u00e5r i den st\u00f8rste udstilling af sin art. <br \/>Samtidig blev fotograf <strong>KATJA RUGEs<\/strong> v\u00e6rker vist p\u00e5 Wittkielhof, og titlen p\u00e5 denne udstilling var: <a href=\"https:\/\/www.kunstfuerangeln.de\/da\/katja-ruge-fotografi-musik\">&#8220;<strong>Electric Lights &#8211; Women in Electronic Music<\/strong>&#8220;.<\/a><\/p>\n\n\n\n<div style=\"height:46px\" aria-hidden=\"true\" class=\"wp-block-spacer\"><\/div>\n\n\n\n<p class=\"has-medium-font-size\"><br \/><a href=\"https:\/\/www.kunstfuerangeln.de\/da\/kunstuddannelse\/vaerksteder\">\u00c5rets anden b\u00f8rneworkshop<\/a> fandt sted i oktober, hvor Henrik Becker opmuntrede <strong>33 b\u00f8rn<\/strong> til at udtrykke sig kunstnerisk.<\/p>\n<\/div>\n\n\n\n<div class=\"wp-block-column is-layout-flow wp-block-column-is-layout-flow\">\n<figure class=\"wp-block-image size-large\"><img loading=\"lazy\" decoding=\"async\" width=\"514\" height=\"1024\" src=\"https:\/\/www.kunstfuerangeln.de\/wp-content\/uploads\/2025\/10\/RUeCK2x-514x1024.jpg\" alt=\"\" class=\"wp-image-10045\" srcset=\"https:\/\/www.kunstfuerangeln.de\/wp-content\/uploads\/2025\/10\/RUeCK2x-514x1024.jpg 514w, https:\/\/www.kunstfuerangeln.de\/wp-content\/uploads\/2025\/10\/RUeCK2x-150x300.jpg 150w, https:\/\/www.kunstfuerangeln.de\/wp-content\/uploads\/2025\/10\/RUeCK2x-768x1531.jpg 768w, https:\/\/www.kunstfuerangeln.de\/wp-content\/uploads\/2025\/10\/RUeCK2x-770x1536.jpg 770w, https:\/\/www.kunstfuerangeln.de\/wp-content\/uploads\/2025\/10\/RUeCK2x-1027x2048.jpg 1027w, https:\/\/www.kunstfuerangeln.de\/wp-content\/uploads\/2025\/10\/RUeCK2x-scaled.jpg 1284w\" sizes=\"auto, (max-width: 514px) 100vw, 514px\" \/><\/figure>\n<\/div>\n<\/div>\n\n\n\n\n","protected":false},"excerpt":{"rendered":"<p>tilbageblik 2025 Kunst for Angeln bragte ogs\u00e5 kunsten til folket og folket til kunsten i 2025 TAK K\u00e6re kunstelskere, k\u00e6re kunstnere,K\u00e6re bes\u00f8gende p\u00e5 vores udstillinger arrangeret af Kunst f\u00fcr Angeln, TAK af hele vores hjerte for din opmuntring, din interesse, din tid, dine samtaler og din st\u00f8tte! Takket v\u00e6re dig br\u00f8d vi en helt s\u00e6rlig [&hellip;]<\/p>\n","protected":false},"author":7,"featured_media":0,"parent":0,"menu_order":0,"comment_status":"closed","ping_status":"closed","template":"","meta":{"_acf_changed":false,"footnotes":""},"class_list":["post-10740","page","type-page","status-publish","hentry"],"acf":[],"_links":{"self":[{"href":"https:\/\/www.kunstfuerangeln.de\/da\/wp-json\/wp\/v2\/pages\/10740","targetHints":{"allow":["GET"]}}],"collection":[{"href":"https:\/\/www.kunstfuerangeln.de\/da\/wp-json\/wp\/v2\/pages"}],"about":[{"href":"https:\/\/www.kunstfuerangeln.de\/da\/wp-json\/wp\/v2\/types\/page"}],"author":[{"embeddable":true,"href":"https:\/\/www.kunstfuerangeln.de\/da\/wp-json\/wp\/v2\/users\/7"}],"replies":[{"embeddable":true,"href":"https:\/\/www.kunstfuerangeln.de\/da\/wp-json\/wp\/v2\/comments?post=10740"}],"version-history":[{"count":3,"href":"https:\/\/www.kunstfuerangeln.de\/da\/wp-json\/wp\/v2\/pages\/10740\/revisions"}],"predecessor-version":[{"id":11577,"href":"https:\/\/www.kunstfuerangeln.de\/da\/wp-json\/wp\/v2\/pages\/10740\/revisions\/11577"}],"wp:attachment":[{"href":"https:\/\/www.kunstfuerangeln.de\/da\/wp-json\/wp\/v2\/media?parent=10740"}],"curies":[{"name":"wp","href":"https:\/\/api.w.org\/{rel}","templated":true}]}}