{"id":10802,"date":"2023-03-24T16:42:09","date_gmt":"2023-03-24T15:42:09","guid":{"rendered":"https:\/\/www.kunstfuerangeln.de\/mixed"},"modified":"2026-04-20T18:55:33","modified_gmt":"2026-04-20T16:55:33","slug":"mixed","status":"publish","type":"page","link":"https:\/\/www.kunstfuerangeln.de\/da\/mixed","title":{"rendered":"MIXED"},"content":{"rendered":"\n<h1 class=\"wp-block-heading\">DIVERSE<\/h1>\n\n\n\n<div class=\"wp-block-columns is-layout-flex wp-container-core-columns-is-layout-9d6595d7 wp-block-columns-is-layout-flex\">\n<div class=\"wp-block-column is-layout-flow wp-block-column-is-layout-flow\">\n<h2 class=\"wp-block-heading\" style=\"font-style:normal;font-weight:800\">THOMAS LUNAU KURATOR<\/h2>\n\n\n\n<figure class=\"wp-block-image size-large\"><img loading=\"lazy\" decoding=\"async\" width=\"863\" height=\"1024\" src=\"https:\/\/www.kunstfuerangeln.de\/wp-content\/uploads\/2025\/01\/THLunau-863x1024.jpg\" alt=\"\" class=\"wp-image-8087\" srcset=\"https:\/\/www.kunstfuerangeln.de\/wp-content\/uploads\/2025\/01\/THLunau-863x1024.jpg 863w, https:\/\/www.kunstfuerangeln.de\/wp-content\/uploads\/2025\/01\/THLunau-253x300.jpg 253w, https:\/\/www.kunstfuerangeln.de\/wp-content\/uploads\/2025\/01\/THLunau-768x911.jpg 768w, https:\/\/www.kunstfuerangeln.de\/wp-content\/uploads\/2025\/01\/THLunau.jpg 1179w\" sizes=\"auto, (max-width: 863px) 100vw, 863px\" \/><\/figure>\n<\/div>\n\n\n\n<div class=\"wp-block-column is-layout-flow wp-block-column-is-layout-flow\">\n<p>KUNST F\u00dcR ANGELN  gl\u00e6der sig meget over fortsat at have Thomas Lunau, kunstner og leder af S\u00f8nderjyllands Kunstskole S\u00f8nderborg, som kurator for vores tysk-danske kunstprojekter. Ved den aktuelle udstilling <em>\u201cJeg er en Drinnie\u201d<\/em> var han som altid uundv\u00e6rlig. Tusind tak for det!<\/p>\n<\/div>\n<\/div>\n\n\n\n<hr class=\"wp-block-separator has-alpha-channel-opacity\"\/>\n\n\n\n<div style=\"height:35px\" aria-hidden=\"true\" class=\"wp-block-spacer\"><\/div>\n\n\n\n<div class=\"wp-block-columns is-layout-flex wp-container-core-columns-is-layout-9d6595d7 wp-block-columns-is-layout-flex\">\n<div class=\"wp-block-column is-layout-flow wp-block-column-is-layout-flow\">\n<h2 class=\"wp-block-heading\" style=\"font-style:normal;font-weight:800\">FRA SAMLINGEN<\/h2>\n\n\n\n<p>Ny tilf\u00f8jelse februar 2023<\/p>\n\n\n\n<figure class=\"wp-block-image size-large\"><img loading=\"lazy\" decoding=\"async\" width=\"1024\" height=\"802\" src=\"https:\/\/www.kunstfuerangeln.de\/wp-content\/uploads\/2023\/02\/Eisbaer-1024x802.jpg\" alt=\"\" class=\"wp-image-3203\" srcset=\"https:\/\/www.kunstfuerangeln.de\/wp-content\/uploads\/2023\/02\/Eisbaer-1024x802.jpg 1024w, https:\/\/www.kunstfuerangeln.de\/wp-content\/uploads\/2023\/02\/Eisbaer-300x235.jpg 300w, https:\/\/www.kunstfuerangeln.de\/wp-content\/uploads\/2023\/02\/Eisbaer-768x602.jpg 768w, https:\/\/www.kunstfuerangeln.de\/wp-content\/uploads\/2023\/02\/Eisbaer.jpg 1225w\" sizes=\"auto, (max-width: 1024px) 100vw, 1024px\" \/><figcaption class=\"wp-element-caption\"><br \/>Anne Lass, Untitled, Chicago, 2005 (Polar Bear), Archival Pigment Print, Diasec, shadow gap, 60 x 75 cm, Courtesy of Anne Lass \u00a9 Anne Lass\/VG Bild-Kunst, Bonn 2023<\/figcaption><\/figure>\n<\/div>\n\n\n\n<div class=\"wp-block-column is-layout-flow wp-block-column-is-layout-flow\">\n<h2 class=\"wp-block-heading\" id=\"block-761f68a2-f842-403c-9e13-7bde634801cc\" style=\"font-style:normal;font-weight:800\">OM KUNSTNERNE,<br \/>FRA KUNSTNERNE<\/h2>\n\n\n\n<p>Sofie Bird M\u00f8ller kommenterer <strong>Rolling Berlin &#8211; en hyldest til Berlin.<\/strong> V\u00e6rket blev vist sammen med andre af hendes v\u00e6rker p\u00e5 udstillingen<a href=\"https:\/\/www.kunstfuerangeln.de\/da\/kunsten-overvinder-graenserne\">&#8220;ART OVERCOMES BOUNDARIES<\/a>&#8220;. <br \/>Det var ogs\u00e5 hendes bidrag til udstillingen<a href=\"https:\/\/www.kunstfuerangeln.de\/da\/by-land-netvaerk-2022\">&#8220;Stadt &#8211; Land &#8211; Vernetzung<\/a>&#8221; af KUNST F\u00dcR ANGELN p\u00e5 Wittkielhof, 9. oktober til 30. november 2022.<\/p>\n\n\n\n<div class=\"wp-block-columns is-layout-flex wp-container-core-columns-is-layout-9d6595d7 wp-block-columns-is-layout-flex\">\n<div class=\"wp-block-column is-layout-flow wp-block-column-is-layout-flow\">\n<figure class=\"wp-block-video\"><video height=\"352\" style=\"aspect-ratio: 640 \/ 352;\" width=\"640\" controls src=\"https:\/\/www.kunstfuerangeln.de\/wp-content\/uploads\/2023\/01\/Rollin-Berlin-Sophie-Bird-MUeller.mp4\"><\/video><\/figure>\n<\/div>\n\n\n\n<div class=\"wp-block-column is-layout-flow wp-block-column-is-layout-flow\">\n<figure class=\"wp-block-image size-large\"><img loading=\"lazy\" decoding=\"async\" width=\"1024\" height=\"805\" src=\"https:\/\/www.kunstfuerangeln.de\/wp-content\/uploads\/2023\/01\/rollinBer-886-1024x805.jpg\" alt=\"\" class=\"wp-image-2847\" srcset=\"https:\/\/www.kunstfuerangeln.de\/wp-content\/uploads\/2023\/01\/rollinBer-886-1024x805.jpg 1024w, https:\/\/www.kunstfuerangeln.de\/wp-content\/uploads\/2023\/01\/rollinBer-886-300x236.jpg 300w, https:\/\/www.kunstfuerangeln.de\/wp-content\/uploads\/2023\/01\/rollinBer-886-768x604.jpg 768w, https:\/\/www.kunstfuerangeln.de\/wp-content\/uploads\/2023\/01\/rollinBer-886.jpg 1513w\" sizes=\"auto, (max-width: 1024px) 100vw, 1024px\" \/><\/figure>\n\n\n\n<p class=\"has-small-font-size\"><em>Sofie Bird M\u00f8ller , Rolling Berlin &#8211; en hyldest til Berlin, akryl p\u00e5 postkort, 2022<\/em><\/p>\n<\/div>\n<\/div>\n<\/div>\n<\/div>\n\n\n\n<hr class=\"wp-block-separator has-alpha-channel-opacity\"\/>\n\n\n\n<div class=\"wp-block-columns is-layout-flex wp-container-core-columns-is-layout-9d6595d7 wp-block-columns-is-layout-flex\">\n<div class=\"wp-block-column is-layout-flow wp-block-column-is-layout-flow\">\n<h2 class=\"wp-block-heading\" style=\"font-style:normal;font-weight:800\">ART FOR ANGLING GL\u00c6DER SIG OVER: <br \/>ART IN ANGLING!<\/h2>\n\n\n\n<p>&#8220;Curated Catastrophe&#8221; af Studio C.A.R.E. Rotterdam, den noget anderledes &#8220;nedrivningsfest&#8221;, der blev gennemf\u00f8rt i hjertet af Angeln, hos Paddy Boehme i Sterup!<\/p>\n\n\n\n<p>Et bidrag fra NDR<\/p>\n<\/div>\n\n\n\n<div class=\"wp-block-column is-layout-flow wp-block-column-is-layout-flow\">\n<figure class=\"wp-block-image size-large\"><a href=\"https:\/\/www.ardmediathek.de\/video\/Y3JpZDovL25kci5kZS9wcm9wbGFuXzE5NjM0ODYyM19nYW56ZVNlbmR1bmc\" target=\"_blank\" rel=\"noreferrer noopener\"><img loading=\"lazy\" decoding=\"async\" width=\"1024\" height=\"721\" src=\"https:\/\/www.kunstfuerangeln.de\/wp-content\/uploads\/2023\/09\/abrisssparty-1-1024x721.jpg\" alt=\"\" class=\"wp-image-4744\" srcset=\"https:\/\/www.kunstfuerangeln.de\/wp-content\/uploads\/2023\/09\/abrisssparty-1-1024x721.jpg 1024w, https:\/\/www.kunstfuerangeln.de\/wp-content\/uploads\/2023\/09\/abrisssparty-1-300x211.jpg 300w, https:\/\/www.kunstfuerangeln.de\/wp-content\/uploads\/2023\/09\/abrisssparty-1-768x541.jpg 768w, https:\/\/www.kunstfuerangeln.de\/wp-content\/uploads\/2023\/09\/abrisssparty-1-1536x1081.jpg 1536w, https:\/\/www.kunstfuerangeln.de\/wp-content\/uploads\/2023\/09\/abrisssparty-1-2048x1442.jpg 2048w\" sizes=\"auto, (max-width: 1024px) 100vw, 1024px\" \/><\/a><\/figure>\n<\/div>\n<\/div>\n","protected":false},"excerpt":{"rendered":"<p>DIVERSE THOMAS LUNAU KURATOR KUNST F\u00dcR ANGELN gl\u00e6der sig meget over fortsat at have Thomas Lunau, kunstner og leder af S\u00f8nderjyllands Kunstskole S\u00f8nderborg, som kurator for vores tysk-danske kunstprojekter. Ved den aktuelle udstilling \u201cJeg er en Drinnie\u201d var han som altid uundv\u00e6rlig. Tusind tak for det! FRA SAMLINGEN Ny tilf\u00f8jelse februar 2023 OM KUNSTNERNE,FRA KUNSTNERNE [&hellip;]<\/p>\n","protected":false},"author":7,"featured_media":0,"parent":0,"menu_order":0,"comment_status":"closed","ping_status":"closed","template":"","meta":{"_acf_changed":false,"footnotes":""},"class_list":["post-10802","page","type-page","status-publish","hentry"],"acf":[],"_links":{"self":[{"href":"https:\/\/www.kunstfuerangeln.de\/da\/wp-json\/wp\/v2\/pages\/10802","targetHints":{"allow":["GET"]}}],"collection":[{"href":"https:\/\/www.kunstfuerangeln.de\/da\/wp-json\/wp\/v2\/pages"}],"about":[{"href":"https:\/\/www.kunstfuerangeln.de\/da\/wp-json\/wp\/v2\/types\/page"}],"author":[{"embeddable":true,"href":"https:\/\/www.kunstfuerangeln.de\/da\/wp-json\/wp\/v2\/users\/7"}],"replies":[{"embeddable":true,"href":"https:\/\/www.kunstfuerangeln.de\/da\/wp-json\/wp\/v2\/comments?post=10802"}],"version-history":[{"count":6,"href":"https:\/\/www.kunstfuerangeln.de\/da\/wp-json\/wp\/v2\/pages\/10802\/revisions"}],"predecessor-version":[{"id":11920,"href":"https:\/\/www.kunstfuerangeln.de\/da\/wp-json\/wp\/v2\/pages\/10802\/revisions\/11920"}],"wp:attachment":[{"href":"https:\/\/www.kunstfuerangeln.de\/da\/wp-json\/wp\/v2\/media?parent=10802"}],"curies":[{"name":"wp","href":"https:\/\/api.w.org\/{rel}","templated":true}]}}