{"id":10835,"date":"2023-02-01T08:50:43","date_gmt":"2023-02-01T07:50:43","guid":{"rendered":"https:\/\/www.kunstfuerangeln.de\/kunst-og-musik-overvinder-graenser"},"modified":"2026-03-14T11:57:47","modified_gmt":"2026-03-14T10:57:47","slug":"kunst-og-musik-overvinder-graenser","status":"publish","type":"page","link":"https:\/\/www.kunstfuerangeln.de\/da\/kunst-og-musik-overvinder-graenser","title":{"rendered":"KUNST OG MUSIK OVERVINDER GR\u00c6NSER"},"content":{"rendered":"\n<p class=\"has-large-font-size\">SCHACKENBORG MUSIKFESTIVAL OG ART FOR ANGLING WITTKIELHOF &#8211; TO SUCCESFULDE ARRANGEMENTER<\/p>\n\n<p style=\"font-size:48px\">PREMIERE I &#8211; SCHACKENBORG<\/p>\n\n<p>Den f\u00f8rste del af projektet KUNST F\u00dcR ANGELN e.V. ART&amp;MUSIC OVERCOME BOUNDARIES 2023 blev afsluttet med succes i august 2023.<\/p>\n\n<p>3 dages koncerter og 1 opera i slotsparken som en del af SCHACKENBORG Musikfestival ligger bag os med i alt 600 bes\u00f8gende, herunder en udstilling fra Roosen-Trinks Samlingen med moderne kunstv\u00e6rker af danske og tyske kunstnere p\u00e5 slotspladsen i M\u00f8gelt\u00f8nder.  <\/p>\n\n<div class=\"wp-block-columns is-layout-flex wp-container-core-columns-is-layout-9d6595d7 wp-block-columns-is-layout-flex\">\n<div class=\"wp-block-column is-layout-flow wp-block-column-is-layout-flow\">\n<figure class=\"wp-block-image size-full is-resized\"><img loading=\"lazy\" decoding=\"async\" width=\"886\" height=\"666\" src=\"https:\/\/www.kunstfuerangeln.de\/wp-content\/uploads\/2023\/01\/ClarinetTrio-1.jpg\" alt=\"\" class=\"wp-image-3125\" style=\"width:354px;height:265px\" srcset=\"https:\/\/www.kunstfuerangeln.de\/wp-content\/uploads\/2023\/01\/ClarinetTrio-1.jpg 886w, https:\/\/www.kunstfuerangeln.de\/wp-content\/uploads\/2023\/01\/ClarinetTrio-1-300x226.jpg 300w, https:\/\/www.kunstfuerangeln.de\/wp-content\/uploads\/2023\/01\/ClarinetTrio-1-768x577.jpg 768w\" sizes=\"auto, (max-width: 886px) 100vw, 886px\" \/><figcaption class=\"wp-element-caption\">Den Danske Klarinettrio<\/figcaption><\/figure>\n<\/div>\n\n\n\n<div class=\"wp-block-column is-layout-flow wp-block-column-is-layout-flow\">\n<figure class=\"wp-block-image size-large\"><img decoding=\"async\" src=\"https:\/\/www.kunstfuerangeln.de\/wp-content\/uploads\/2023\/01\/Schackenborg-Castle-1024x665.jpg\" alt=\"\"\/><figcaption class=\"wp-element-caption\">Schackenborg Slot<\/figcaption><\/figure>\n<\/div>\n<\/div>\n\n<p>Fokus var p\u00e5 at g\u00f8re musik og samtidskunst tilg\u00e6ngelig for publikum p\u00e5 begge sider af gr\u00e6nsen <br \/>og g\u00f8re det muligt for alle g\u00e6ster fra Danmark og Tyskland at starte <br \/>en gr\u00e6nseoverskridende dialog og \u00e5ben udveksling <br \/>om begge kulturelle temaer &#8211; kunst og musik.<br \/>Et sprog, som alle forst\u00e5r.<\/p>\n\n<h2 class=\"wp-block-heading\">INDTRYK SCHACKENBORG AUGUST 2023<\/h2>\n\n <div id=\"slider-block_55ccef171b31a7629ac64c4df228bc43\" class=\"swiper-container-wrapper slider\">\n <div class=\"swiper-container\" data-spalten=\"1\" data-autoplay=\"\" data-delay=\"\">\n    <div class=\"swiper-wrapper\">\n      \n\n <div id=\"slide-block_385f887b9a9d0f34f47ef180bd140d93\" class=\"swiper-slide slide\">\n    \n\n\n\n\n\n<figure class=\"wp-block-image size-large\"><img loading=\"lazy\" decoding=\"async\" width=\"1024\" height=\"683\" src=\"https:\/\/www.kunstfuerangeln.de\/wp-content\/uploads\/2023\/08\/MUSIKFEST-01-1024x683.jpg\" alt=\"\" class=\"wp-image-4640\" srcset=\"https:\/\/www.kunstfuerangeln.de\/wp-content\/uploads\/2023\/08\/MUSIKFEST-01-1024x683.jpg 1024w, https:\/\/www.kunstfuerangeln.de\/wp-content\/uploads\/2023\/08\/MUSIKFEST-01-300x200.jpg 300w, https:\/\/www.kunstfuerangeln.de\/wp-content\/uploads\/2023\/08\/MUSIKFEST-01-768x512.jpg 768w, https:\/\/www.kunstfuerangeln.de\/wp-content\/uploads\/2023\/08\/MUSIKFEST-01-1536x1024.jpg 1536w, https:\/\/www.kunstfuerangeln.de\/wp-content\/uploads\/2023\/08\/MUSIKFEST-01.jpg 1800w\" sizes=\"auto, (max-width: 1024px) 100vw, 1024px\" \/><\/figure>\n\n<\/div>\n\n\n\n <div id=\"slide-block_385f887b9a9d0f34f47ef180bd140d93\" class=\"swiper-slide slide\">\n    \n\n\n\n\n\n<figure class=\"wp-block-image size-large\"><img loading=\"lazy\" decoding=\"async\" width=\"1024\" height=\"683\" src=\"https:\/\/www.kunstfuerangeln.de\/wp-content\/uploads\/2023\/08\/MUSIKFEST-02-1024x683.jpg\" alt=\"\" class=\"wp-image-4642\" srcset=\"https:\/\/www.kunstfuerangeln.de\/wp-content\/uploads\/2023\/08\/MUSIKFEST-02-1024x683.jpg 1024w, https:\/\/www.kunstfuerangeln.de\/wp-content\/uploads\/2023\/08\/MUSIKFEST-02-300x200.jpg 300w, https:\/\/www.kunstfuerangeln.de\/wp-content\/uploads\/2023\/08\/MUSIKFEST-02-768x512.jpg 768w, https:\/\/www.kunstfuerangeln.de\/wp-content\/uploads\/2023\/08\/MUSIKFEST-02-1536x1024.jpg 1536w, https:\/\/www.kunstfuerangeln.de\/wp-content\/uploads\/2023\/08\/MUSIKFEST-02.jpg 1800w\" sizes=\"auto, (max-width: 1024px) 100vw, 1024px\" \/><\/figure>\n\n<\/div>\n\n\n\n <div id=\"slide-block_385f887b9a9d0f34f47ef180bd140d93\" class=\"swiper-slide slide\">\n    \n\n\n\n\n\n<figure class=\"wp-block-image size-large\"><img loading=\"lazy\" decoding=\"async\" width=\"1024\" height=\"683\" src=\"https:\/\/www.kunstfuerangeln.de\/wp-content\/uploads\/2023\/08\/MUSIKFEST-04-1024x683.jpg\" alt=\"\" class=\"wp-image-4644\" srcset=\"https:\/\/www.kunstfuerangeln.de\/wp-content\/uploads\/2023\/08\/MUSIKFEST-04-1024x683.jpg 1024w, https:\/\/www.kunstfuerangeln.de\/wp-content\/uploads\/2023\/08\/MUSIKFEST-04-300x200.jpg 300w, https:\/\/www.kunstfuerangeln.de\/wp-content\/uploads\/2023\/08\/MUSIKFEST-04-768x512.jpg 768w, https:\/\/www.kunstfuerangeln.de\/wp-content\/uploads\/2023\/08\/MUSIKFEST-04-1536x1024.jpg 1536w, https:\/\/www.kunstfuerangeln.de\/wp-content\/uploads\/2023\/08\/MUSIKFEST-04.jpg 1800w\" sizes=\"auto, (max-width: 1024px) 100vw, 1024px\" \/><\/figure>\n\n<\/div>\n\n\n\n <div id=\"slide-block_385f887b9a9d0f34f47ef180bd140d93\" class=\"swiper-slide slide\">\n    \n\n\n\n\n\n<figure class=\"wp-block-image size-large\"><img loading=\"lazy\" decoding=\"async\" width=\"1024\" height=\"683\" src=\"https:\/\/www.kunstfuerangeln.de\/wp-content\/uploads\/2023\/08\/MUSIKFEST-05-1024x683.jpg\" alt=\"\" class=\"wp-image-4646\" srcset=\"https:\/\/www.kunstfuerangeln.de\/wp-content\/uploads\/2023\/08\/MUSIKFEST-05-1024x683.jpg 1024w, https:\/\/www.kunstfuerangeln.de\/wp-content\/uploads\/2023\/08\/MUSIKFEST-05-300x200.jpg 300w, https:\/\/www.kunstfuerangeln.de\/wp-content\/uploads\/2023\/08\/MUSIKFEST-05-768x512.jpg 768w, https:\/\/www.kunstfuerangeln.de\/wp-content\/uploads\/2023\/08\/MUSIKFEST-05-1536x1024.jpg 1536w, https:\/\/www.kunstfuerangeln.de\/wp-content\/uploads\/2023\/08\/MUSIKFEST-05.jpg 1800w\" sizes=\"auto, (max-width: 1024px) 100vw, 1024px\" \/><\/figure>\n\n<\/div>\n\n\n\n <div id=\"slide-block_385f887b9a9d0f34f47ef180bd140d93\" class=\"swiper-slide slide\">\n    \n\n\n\n\n\n<figure class=\"wp-block-image size-large\"><img loading=\"lazy\" decoding=\"async\" width=\"1024\" height=\"683\" src=\"https:\/\/www.kunstfuerangeln.de\/wp-content\/uploads\/2023\/08\/MUSIKFEST-06-1024x683.jpg\" alt=\"\" class=\"wp-image-4648\" srcset=\"https:\/\/www.kunstfuerangeln.de\/wp-content\/uploads\/2023\/08\/MUSIKFEST-06-1024x683.jpg 1024w, https:\/\/www.kunstfuerangeln.de\/wp-content\/uploads\/2023\/08\/MUSIKFEST-06-300x200.jpg 300w, https:\/\/www.kunstfuerangeln.de\/wp-content\/uploads\/2023\/08\/MUSIKFEST-06-768x512.jpg 768w, https:\/\/www.kunstfuerangeln.de\/wp-content\/uploads\/2023\/08\/MUSIKFEST-06-1536x1024.jpg 1536w, https:\/\/www.kunstfuerangeln.de\/wp-content\/uploads\/2023\/08\/MUSIKFEST-06.jpg 1800w\" sizes=\"auto, (max-width: 1024px) 100vw, 1024px\" \/><\/figure>\n\n<\/div>\n\n\n\n <div id=\"slide-block_385f887b9a9d0f34f47ef180bd140d93\" class=\"swiper-slide slide\">\n    \n\n\n\n\n\n<figure class=\"wp-block-image size-large\"><img loading=\"lazy\" decoding=\"async\" width=\"1024\" height=\"683\" src=\"https:\/\/www.kunstfuerangeln.de\/wp-content\/uploads\/2023\/08\/MUSIKFEST-07-1024x683.jpg\" alt=\"\" class=\"wp-image-4654\" srcset=\"https:\/\/www.kunstfuerangeln.de\/wp-content\/uploads\/2023\/08\/MUSIKFEST-07-1024x683.jpg 1024w, https:\/\/www.kunstfuerangeln.de\/wp-content\/uploads\/2023\/08\/MUSIKFEST-07-300x200.jpg 300w, https:\/\/www.kunstfuerangeln.de\/wp-content\/uploads\/2023\/08\/MUSIKFEST-07-768x512.jpg 768w, https:\/\/www.kunstfuerangeln.de\/wp-content\/uploads\/2023\/08\/MUSIKFEST-07-1536x1024.jpg 1536w, https:\/\/www.kunstfuerangeln.de\/wp-content\/uploads\/2023\/08\/MUSIKFEST-07.jpg 1800w\" sizes=\"auto, (max-width: 1024px) 100vw, 1024px\" \/><\/figure>\n\n<\/div>\n\n\n\n <div id=\"slide-block_385f887b9a9d0f34f47ef180bd140d93\" class=\"swiper-slide slide\">\n    \n\n\n\n\n\n<figure class=\"wp-block-image size-large\"><img loading=\"lazy\" decoding=\"async\" width=\"1024\" height=\"683\" src=\"https:\/\/www.kunstfuerangeln.de\/wp-content\/uploads\/2023\/08\/MUSIKFEST-08-1024x683.jpg\" alt=\"\" class=\"wp-image-4650\" srcset=\"https:\/\/www.kunstfuerangeln.de\/wp-content\/uploads\/2023\/08\/MUSIKFEST-08-1024x683.jpg 1024w, https:\/\/www.kunstfuerangeln.de\/wp-content\/uploads\/2023\/08\/MUSIKFEST-08-300x200.jpg 300w, https:\/\/www.kunstfuerangeln.de\/wp-content\/uploads\/2023\/08\/MUSIKFEST-08-768x512.jpg 768w, https:\/\/www.kunstfuerangeln.de\/wp-content\/uploads\/2023\/08\/MUSIKFEST-08-1536x1024.jpg 1536w, https:\/\/www.kunstfuerangeln.de\/wp-content\/uploads\/2023\/08\/MUSIKFEST-08.jpg 1800w\" sizes=\"auto, (max-width: 1024px) 100vw, 1024px\" \/><\/figure>\n\n<\/div>\n\n\n\n <div id=\"slide-block_385f887b9a9d0f34f47ef180bd140d93\" class=\"swiper-slide slide\">\n    \n\n\n\n\n\n<figure class=\"wp-block-image size-large\"><img loading=\"lazy\" decoding=\"async\" width=\"1024\" height=\"683\" src=\"https:\/\/www.kunstfuerangeln.de\/wp-content\/uploads\/2023\/08\/MUSIKFEST-09-1024x683.jpg\" alt=\"\" class=\"wp-image-4652\" srcset=\"https:\/\/www.kunstfuerangeln.de\/wp-content\/uploads\/2023\/08\/MUSIKFEST-09-1024x683.jpg 1024w, https:\/\/www.kunstfuerangeln.de\/wp-content\/uploads\/2023\/08\/MUSIKFEST-09-300x200.jpg 300w, https:\/\/www.kunstfuerangeln.de\/wp-content\/uploads\/2023\/08\/MUSIKFEST-09-768x512.jpg 768w, https:\/\/www.kunstfuerangeln.de\/wp-content\/uploads\/2023\/08\/MUSIKFEST-09-1536x1024.jpg 1536w, https:\/\/www.kunstfuerangeln.de\/wp-content\/uploads\/2023\/08\/MUSIKFEST-09.jpg 1800w\" sizes=\"auto, (max-width: 1024px) 100vw, 1024px\" \/><\/figure>\n\n<\/div>\n\n\n\n <div id=\"slide-block_385f887b9a9d0f34f47ef180bd140d93\" class=\"swiper-slide slide\">\n    \n\n\n\n\n\n<figure class=\"wp-block-image size-large\"><img loading=\"lazy\" decoding=\"async\" width=\"1024\" height=\"683\" src=\"https:\/\/www.kunstfuerangeln.de\/wp-content\/uploads\/2023\/08\/MUSIKFEST-09a-1024x683.jpg\" alt=\"\" class=\"wp-image-4656\" srcset=\"https:\/\/www.kunstfuerangeln.de\/wp-content\/uploads\/2023\/08\/MUSIKFEST-09a-1024x683.jpg 1024w, https:\/\/www.kunstfuerangeln.de\/wp-content\/uploads\/2023\/08\/MUSIKFEST-09a-300x200.jpg 300w, https:\/\/www.kunstfuerangeln.de\/wp-content\/uploads\/2023\/08\/MUSIKFEST-09a-768x512.jpg 768w, https:\/\/www.kunstfuerangeln.de\/wp-content\/uploads\/2023\/08\/MUSIKFEST-09a-1536x1024.jpg 1536w, https:\/\/www.kunstfuerangeln.de\/wp-content\/uploads\/2023\/08\/MUSIKFEST-09a.jpg 1800w\" sizes=\"auto, (max-width: 1024px) 100vw, 1024px\" \/><\/figure>\n\n<\/div>\n\n\n\n <div id=\"slide-block_385f887b9a9d0f34f47ef180bd140d93\" class=\"swiper-slide slide\">\n    \n\n<figure class=\"wp-block-image size-large\"><img loading=\"lazy\" decoding=\"async\" width=\"1024\" height=\"683\" src=\"https:\/\/www.kunstfuerangeln.de\/wp-content\/uploads\/2023\/08\/MUSIKFEST-09b-1024x683.jpg\" alt=\"\" class=\"wp-image-4658\" srcset=\"https:\/\/www.kunstfuerangeln.de\/wp-content\/uploads\/2023\/08\/MUSIKFEST-09b-1024x683.jpg 1024w, https:\/\/www.kunstfuerangeln.de\/wp-content\/uploads\/2023\/08\/MUSIKFEST-09b-300x200.jpg 300w, https:\/\/www.kunstfuerangeln.de\/wp-content\/uploads\/2023\/08\/MUSIKFEST-09b-768x512.jpg 768w, https:\/\/www.kunstfuerangeln.de\/wp-content\/uploads\/2023\/08\/MUSIKFEST-09b-1536x1024.jpg 1536w, https:\/\/www.kunstfuerangeln.de\/wp-content\/uploads\/2023\/08\/MUSIKFEST-09b.jpg 1800w\" sizes=\"auto, (max-width: 1024px) 100vw, 1024px\" \/><\/figure>\n\n<\/div>\n\n\n\n <div id=\"slide-block_385f887b9a9d0f34f47ef180bd140d93\" class=\"swiper-slide slide\">\n    \n\n<figure class=\"wp-block-image size-large\"><img loading=\"lazy\" decoding=\"async\" width=\"1024\" height=\"683\" src=\"https:\/\/www.kunstfuerangeln.de\/wp-content\/uploads\/2023\/09\/MUSIKFEST-010-1024x683.jpg\" alt=\"\" class=\"wp-image-4692\" srcset=\"https:\/\/www.kunstfuerangeln.de\/wp-content\/uploads\/2023\/09\/MUSIKFEST-010-1024x683.jpg 1024w, https:\/\/www.kunstfuerangeln.de\/wp-content\/uploads\/2023\/09\/MUSIKFEST-010-300x200.jpg 300w, https:\/\/www.kunstfuerangeln.de\/wp-content\/uploads\/2023\/09\/MUSIKFEST-010-768x512.jpg 768w, https:\/\/www.kunstfuerangeln.de\/wp-content\/uploads\/2023\/09\/MUSIKFEST-010-1536x1024.jpg 1536w, https:\/\/www.kunstfuerangeln.de\/wp-content\/uploads\/2023\/09\/MUSIKFEST-010.jpg 1800w\" sizes=\"auto, (max-width: 1024px) 100vw, 1024px\" \/><figcaption class=\"wp-element-caption\">Ingrid Roosen-Trinks med Martin Qvist Hansen og Tommaso Lonquich fra Den Danske Klarinettrio<\/figcaption><\/figure>\n\n<\/div>\n\n    <\/div>\n<\/div>\n  <div class=\"swiper-pagination\"><\/div>\n  <div class=\"swiper-button-prev\"><\/div>\n  <div class=\"swiper-button-next\"><\/div>\n<\/div>\n\n<script>\n\n<\/script>\n\n<p>Kunstudstillingen under Schackenborg Musikfestival er kurateret af musikerne i Den Danske Klarinettrio og grundl\u00e6ggerne af Schackenborg Musikfestival: Martin Qvist Hansen \/ klaver, Tommaso Lonquich \/ klarinet og Jonathan Slaatto \/ cello. Martin Qvist Hansen: &#8220;For os som musikere er det f\u00f8rste gang, at vi udv\u00e6lger kunstv\u00e6rker fra en privat samling til at blive udstillet under vores musikfestival i M\u00f8gelt\u00f8nder. Vi har valgt v\u00e6rker af tyske og danske kunstnere, som har en direkte forbindelse til klassisk musik, s\u00e5som Jorinde Voigt, Thomas Lunau, Rasmus Bj\u00f8rn og Jonathan Meese. Enten fordi de er blevet kunstnerisk inspireret af bestemte stykker klassisk musik, er p\u00e5virket af bestemte komponister og deres arbejde, eller fordi de selv laver musik. Denne kombination af at vise kunst, hvor der laves musik &#8211; p\u00e5 begge sider af gr\u00e6nsen &#8211; er nyskabende og inspirerer os i vores arbejde. Vi gl\u00e6der os allerede til anden del af vores samarbejde med foreningen KUNST F\u00dcR ANGELN e.V. i oktober p\u00e5 Wittkielhof i Slesvig-Holsten og til forts\u00e6ttelsen i 2024!&#8221; <\/p>\n\n<div style=\"height:30px\" aria-hidden=\"true\" class=\"wp-block-spacer\"><\/div>\n\n<hr class=\"wp-block-separator has-alpha-channel-opacity\"\/>\n\n<p id=\"d-prem2\" style=\"font-size:48px\">PREMIERE II &#8211; WITTKIELHOF<\/p>\n\n<p>Vi har gjort det! Stor succes for vores projekt ART&amp;MUSIC OVERCOME BOUNDARIES og en fantastisk weekend med KUNST F\u00dcR ANGELN og n\u00e6sten 300 g\u00e6ster fra Nordtyskland og Danmark, der fejrede den danske klarinettrio, barytonen Viktor Rud, pianisten og komponisten J\u00fcrgen Christ og ART LA CARTE, det tysk-danske jazzensemble fra Flensborg! Takket v\u00e6re st\u00f8tten fra Interreg Tyskland-Danmark og EU og et entusiastisk publikum f\u00f8ler vi os motiverede til at begynde at planl\u00e6gge forts\u00e6ttelsen af dette projekt i 2024!  <\/p>\n\n<div style=\"height:20px\" aria-hidden=\"true\" class=\"wp-block-spacer\"><\/div>\n\n<h2 class=\"wp-block-heading\">INDTRYK WITTKIELHOF OKTOBER 2023<\/h2>\n\n <div id=\"slider-block_55ccef171b31a7629ac64c4df228bc43\" class=\"swiper-container-wrapper slider\">\n <div class=\"swiper-container\" data-spalten=\"1\" data-autoplay=\"\" data-delay=\"\">\n    <div class=\"swiper-wrapper\">\n      \n\n <div id=\"slide-block_385f887b9a9d0f34f47ef180bd140d93\" class=\"swiper-slide slide\">\n    \n\n\n\n\n\n<figure class=\"wp-block-image size-large\"><img loading=\"lazy\" decoding=\"async\" width=\"1024\" height=\"683\" src=\"https:\/\/www.kunstfuerangeln.de\/wp-content\/uploads\/2023\/10\/MUSIKFEST-001-1024x683.jpg\" alt=\"\" class=\"wp-image-5208\" srcset=\"https:\/\/www.kunstfuerangeln.de\/wp-content\/uploads\/2023\/10\/MUSIKFEST-001-1024x683.jpg 1024w, https:\/\/www.kunstfuerangeln.de\/wp-content\/uploads\/2023\/10\/MUSIKFEST-001-300x200.jpg 300w, https:\/\/www.kunstfuerangeln.de\/wp-content\/uploads\/2023\/10\/MUSIKFEST-001-768x512.jpg 768w, https:\/\/www.kunstfuerangeln.de\/wp-content\/uploads\/2023\/10\/MUSIKFEST-001-1536x1024.jpg 1536w, https:\/\/www.kunstfuerangeln.de\/wp-content\/uploads\/2023\/10\/MUSIKFEST-001.jpg 1800w\" sizes=\"auto, (max-width: 1024px) 100vw, 1024px\" \/><\/figure>\n\n<\/div>\n\n\n\n <div id=\"slide-block_385f887b9a9d0f34f47ef180bd140d93\" class=\"swiper-slide slide\">\n    \n\n\n\n\n\n<figure class=\"wp-block-image size-large\"><img loading=\"lazy\" decoding=\"async\" width=\"1024\" height=\"683\" src=\"https:\/\/www.kunstfuerangeln.de\/wp-content\/uploads\/2023\/10\/MUSIKFEST-002-1024x683.jpg\" alt=\"\" class=\"wp-image-5210\" srcset=\"https:\/\/www.kunstfuerangeln.de\/wp-content\/uploads\/2023\/10\/MUSIKFEST-002-1024x683.jpg 1024w, https:\/\/www.kunstfuerangeln.de\/wp-content\/uploads\/2023\/10\/MUSIKFEST-002-300x200.jpg 300w, https:\/\/www.kunstfuerangeln.de\/wp-content\/uploads\/2023\/10\/MUSIKFEST-002-768x512.jpg 768w, https:\/\/www.kunstfuerangeln.de\/wp-content\/uploads\/2023\/10\/MUSIKFEST-002-1536x1024.jpg 1536w, https:\/\/www.kunstfuerangeln.de\/wp-content\/uploads\/2023\/10\/MUSIKFEST-002.jpg 1800w\" sizes=\"auto, (max-width: 1024px) 100vw, 1024px\" \/><\/figure>\n\n<\/div>\n\n\n\n <div id=\"slide-block_385f887b9a9d0f34f47ef180bd140d93\" class=\"swiper-slide slide\">\n    \n\n\n\n\n\n<figure class=\"wp-block-image size-large\"><img loading=\"lazy\" decoding=\"async\" width=\"1024\" height=\"683\" src=\"https:\/\/www.kunstfuerangeln.de\/wp-content\/uploads\/2023\/10\/MUSIKFEST-003-1024x683.jpg\" alt=\"\" class=\"wp-image-5212\" srcset=\"https:\/\/www.kunstfuerangeln.de\/wp-content\/uploads\/2023\/10\/MUSIKFEST-003-1024x683.jpg 1024w, https:\/\/www.kunstfuerangeln.de\/wp-content\/uploads\/2023\/10\/MUSIKFEST-003-300x200.jpg 300w, https:\/\/www.kunstfuerangeln.de\/wp-content\/uploads\/2023\/10\/MUSIKFEST-003-768x512.jpg 768w, https:\/\/www.kunstfuerangeln.de\/wp-content\/uploads\/2023\/10\/MUSIKFEST-003-1536x1024.jpg 1536w, https:\/\/www.kunstfuerangeln.de\/wp-content\/uploads\/2023\/10\/MUSIKFEST-003.jpg 1800w\" sizes=\"auto, (max-width: 1024px) 100vw, 1024px\" \/><\/figure>\n\n<\/div>\n\n\n\n <div id=\"slide-block_385f887b9a9d0f34f47ef180bd140d93\" class=\"swiper-slide slide\">\n    \n\n\n\n\n\n<figure class=\"wp-block-image size-large\"><img loading=\"lazy\" decoding=\"async\" width=\"1024\" height=\"683\" src=\"https:\/\/www.kunstfuerangeln.de\/wp-content\/uploads\/2023\/10\/MUSIKFEST-004-1024x683.jpg\" alt=\"\" class=\"wp-image-5214\" srcset=\"https:\/\/www.kunstfuerangeln.de\/wp-content\/uploads\/2023\/10\/MUSIKFEST-004-1024x683.jpg 1024w, https:\/\/www.kunstfuerangeln.de\/wp-content\/uploads\/2023\/10\/MUSIKFEST-004-300x200.jpg 300w, https:\/\/www.kunstfuerangeln.de\/wp-content\/uploads\/2023\/10\/MUSIKFEST-004-768x512.jpg 768w, https:\/\/www.kunstfuerangeln.de\/wp-content\/uploads\/2023\/10\/MUSIKFEST-004-1536x1024.jpg 1536w, https:\/\/www.kunstfuerangeln.de\/wp-content\/uploads\/2023\/10\/MUSIKFEST-004.jpg 1800w\" sizes=\"auto, (max-width: 1024px) 100vw, 1024px\" \/><\/figure>\n\n<\/div>\n\n\n\n <div id=\"slide-block_385f887b9a9d0f34f47ef180bd140d93\" class=\"swiper-slide slide\">\n    \n\n\n\n\n\n<figure class=\"wp-block-image size-large\"><img loading=\"lazy\" decoding=\"async\" width=\"1024\" height=\"683\" src=\"https:\/\/www.kunstfuerangeln.de\/wp-content\/uploads\/2023\/10\/MUSIKFEST-005-1024x683.jpg\" alt=\"\" class=\"wp-image-5216\" srcset=\"https:\/\/www.kunstfuerangeln.de\/wp-content\/uploads\/2023\/10\/MUSIKFEST-005-1024x683.jpg 1024w, https:\/\/www.kunstfuerangeln.de\/wp-content\/uploads\/2023\/10\/MUSIKFEST-005-300x200.jpg 300w, https:\/\/www.kunstfuerangeln.de\/wp-content\/uploads\/2023\/10\/MUSIKFEST-005-768x512.jpg 768w, https:\/\/www.kunstfuerangeln.de\/wp-content\/uploads\/2023\/10\/MUSIKFEST-005-1536x1024.jpg 1536w, https:\/\/www.kunstfuerangeln.de\/wp-content\/uploads\/2023\/10\/MUSIKFEST-005.jpg 1800w\" sizes=\"auto, (max-width: 1024px) 100vw, 1024px\" \/><\/figure>\n\n<\/div>\n\n\n\n <div id=\"slide-block_385f887b9a9d0f34f47ef180bd140d93\" class=\"swiper-slide slide\">\n    \n\n\n\n\n\n<figure class=\"wp-block-image size-large\"><img loading=\"lazy\" decoding=\"async\" width=\"1024\" height=\"683\" src=\"https:\/\/www.kunstfuerangeln.de\/wp-content\/uploads\/2023\/10\/MUSIKFEST-006-1024x683.jpg\" alt=\"\" class=\"wp-image-5218\" srcset=\"https:\/\/www.kunstfuerangeln.de\/wp-content\/uploads\/2023\/10\/MUSIKFEST-006-1024x683.jpg 1024w, https:\/\/www.kunstfuerangeln.de\/wp-content\/uploads\/2023\/10\/MUSIKFEST-006-300x200.jpg 300w, https:\/\/www.kunstfuerangeln.de\/wp-content\/uploads\/2023\/10\/MUSIKFEST-006-768x512.jpg 768w, https:\/\/www.kunstfuerangeln.de\/wp-content\/uploads\/2023\/10\/MUSIKFEST-006-1536x1024.jpg 1536w, https:\/\/www.kunstfuerangeln.de\/wp-content\/uploads\/2023\/10\/MUSIKFEST-006.jpg 1800w\" sizes=\"auto, (max-width: 1024px) 100vw, 1024px\" \/><\/figure>\n\n<\/div>\n\n\n\n <div id=\"slide-block_385f887b9a9d0f34f47ef180bd140d93\" class=\"swiper-slide slide\">\n    \n\n\n\n\n\n<figure class=\"wp-block-image size-large\"><img loading=\"lazy\" decoding=\"async\" width=\"1024\" height=\"683\" src=\"https:\/\/www.kunstfuerangeln.de\/wp-content\/uploads\/2023\/10\/MUSIKFEST-007-1024x683.jpg\" alt=\"\" class=\"wp-image-5220\" srcset=\"https:\/\/www.kunstfuerangeln.de\/wp-content\/uploads\/2023\/10\/MUSIKFEST-007-1024x683.jpg 1024w, https:\/\/www.kunstfuerangeln.de\/wp-content\/uploads\/2023\/10\/MUSIKFEST-007-300x200.jpg 300w, https:\/\/www.kunstfuerangeln.de\/wp-content\/uploads\/2023\/10\/MUSIKFEST-007-768x512.jpg 768w, https:\/\/www.kunstfuerangeln.de\/wp-content\/uploads\/2023\/10\/MUSIKFEST-007-1536x1024.jpg 1536w, https:\/\/www.kunstfuerangeln.de\/wp-content\/uploads\/2023\/10\/MUSIKFEST-007.jpg 1800w\" sizes=\"auto, (max-width: 1024px) 100vw, 1024px\" \/><\/figure>\n\n<\/div>\n\n\n\n <div id=\"slide-block_385f887b9a9d0f34f47ef180bd140d93\" class=\"swiper-slide slide\">\n    \n\n\n\n\n\n<figure class=\"wp-block-image size-large\"><img loading=\"lazy\" decoding=\"async\" width=\"1024\" height=\"683\" src=\"https:\/\/www.kunstfuerangeln.de\/wp-content\/uploads\/2023\/10\/MUSIKFEST-008-1024x683.jpg\" alt=\"\" class=\"wp-image-5222\" srcset=\"https:\/\/www.kunstfuerangeln.de\/wp-content\/uploads\/2023\/10\/MUSIKFEST-008-1024x683.jpg 1024w, https:\/\/www.kunstfuerangeln.de\/wp-content\/uploads\/2023\/10\/MUSIKFEST-008-300x200.jpg 300w, https:\/\/www.kunstfuerangeln.de\/wp-content\/uploads\/2023\/10\/MUSIKFEST-008-768x512.jpg 768w, https:\/\/www.kunstfuerangeln.de\/wp-content\/uploads\/2023\/10\/MUSIKFEST-008-1536x1024.jpg 1536w, https:\/\/www.kunstfuerangeln.de\/wp-content\/uploads\/2023\/10\/MUSIKFEST-008.jpg 1800w\" sizes=\"auto, (max-width: 1024px) 100vw, 1024px\" \/><\/figure>\n\n<\/div>\n\n    <\/div>\n<\/div>\n  <div class=\"swiper-pagination\"><\/div>\n  <div class=\"swiper-button-prev\"><\/div>\n  <div class=\"swiper-button-next\"><\/div>\n<\/div>\n\n<script>\n\n<\/script>\n\n<p>Ingrid Roosen-Trinks: &#8220;Kunst og musik er et sprog, som alle forst\u00e5r. Derfor er foreningen KUNST F\u00dcR ANGELN e.V. s\u00e6rligt glad for at kunne kombinere disse to kunstformer. At vise kunst, hvor der spilles musik, og at opleve musik, hvor der udstilles kunst. B\u00e5de i Danmark i august og p\u00e5 den tyske side i oktober. ART &amp; MUSIC OVERCOME BOUNDARIES giver en fantastisk ny mulighed for at l\u00e6re det mangfoldige kulturliv i den tysk-danske gr\u00e6nseregion at kende. Og det vil ske HVERT \u00c5R fra nu af!&#8221;<\/p>\n\n\n\n\n\n\n","protected":false},"excerpt":{"rendered":"<p>SCHACKENBORG MUSIKFESTIVAL OG ART FOR ANGLING WITTKIELHOF &#8211; TO SUCCESFULDE ARRANGEMENTER PREMIERE I &#8211; SCHACKENBORG Den f\u00f8rste del af projektet KUNST F\u00dcR ANGELN e.V. ART&amp;MUSIC OVERCOME BOUNDARIES 2023 blev afsluttet med succes i august 2023. 3 dages koncerter og 1 opera i slotsparken som en del af SCHACKENBORG Musikfestival ligger bag os med i alt [&hellip;]<\/p>\n","protected":false},"author":7,"featured_media":0,"parent":0,"menu_order":0,"comment_status":"closed","ping_status":"closed","template":"","meta":{"_acf_changed":false,"footnotes":""},"class_list":["post-10835","page","type-page","status-publish","hentry"],"acf":[],"_links":{"self":[{"href":"https:\/\/www.kunstfuerangeln.de\/da\/wp-json\/wp\/v2\/pages\/10835","targetHints":{"allow":["GET"]}}],"collection":[{"href":"https:\/\/www.kunstfuerangeln.de\/da\/wp-json\/wp\/v2\/pages"}],"about":[{"href":"https:\/\/www.kunstfuerangeln.de\/da\/wp-json\/wp\/v2\/types\/page"}],"author":[{"embeddable":true,"href":"https:\/\/www.kunstfuerangeln.de\/da\/wp-json\/wp\/v2\/users\/7"}],"replies":[{"embeddable":true,"href":"https:\/\/www.kunstfuerangeln.de\/da\/wp-json\/wp\/v2\/comments?post=10835"}],"version-history":[{"count":1,"href":"https:\/\/www.kunstfuerangeln.de\/da\/wp-json\/wp\/v2\/pages\/10835\/revisions"}],"predecessor-version":[{"id":10876,"href":"https:\/\/www.kunstfuerangeln.de\/da\/wp-json\/wp\/v2\/pages\/10835\/revisions\/10876"}],"wp:attachment":[{"href":"https:\/\/www.kunstfuerangeln.de\/da\/wp-json\/wp\/v2\/media?parent=10835"}],"curies":[{"name":"wp","href":"https:\/\/api.w.org\/{rel}","templated":true}]}}