{"id":10978,"date":"2022-03-31T12:18:50","date_gmt":"2022-03-31T10:18:50","guid":{"rendered":"https:\/\/www.kunstfuerangeln.de\/information"},"modified":"2026-03-14T11:58:03","modified_gmt":"2026-03-14T10:58:03","slug":"information","status":"publish","type":"page","link":"https:\/\/www.kunstfuerangeln.de\/da\/kunstuddannelse\/information","title":{"rendered":"Information"},"content":{"rendered":"\n<h1 class=\"wp-block-heading\">Information<\/h1>\n\n<div style=\"height:26px\" aria-hidden=\"true\" class=\"wp-block-spacer\"><\/div>\n\n<p class=\"has-medium-font-size\">Foreningen &#8220;Kunst f\u00fcr Angeln e.V.&#8221; har til form\u00e5l at formidle og videregive k\u00e6rlighed til kunst. Is\u00e6r unge mennesker kan have stor gavn af at v\u00e6re t\u00e6t p\u00e5 kunsten, udvikle deres kreativitet, t\u00e6nke selv og l\u00e6re, at deres tanker og id\u00e9er er vigtige og bliver h\u00f8rt. I 2023 er der allerede to faste workshopdatoer med kunstnere fra vores udstillingsprogram.  <\/p>\n\n<h1 class=\"wp-block-heading\">DATOER 2023:<\/h1>\n\n<p class=\"has-large-font-size\">S\u00f8ndag den 23. april:<br \/>Workshop med Henrik Becker<\/p>\n\n<p class=\"has-large-font-size\">S\u00f8ndag den 24. september:<br \/>Workshop med Malte Urbschat  <\/p>\n\n<p style=\"font-size:24px\">N\u00e5r som helst: <br \/>Book kunstture p\u00e5 <a href=\"mailto:visit@kunstfuerangeln.de\">visit@kunstfuerangeln.de<\/a><\/p>\n","protected":false},"excerpt":{"rendered":"<p>Information Foreningen &#8220;Kunst f\u00fcr Angeln e.V.&#8221; har til form\u00e5l at formidle og videregive k\u00e6rlighed til kunst. Is\u00e6r unge mennesker kan have stor gavn af at v\u00e6re t\u00e6t p\u00e5 kunsten, udvikle deres kreativitet, t\u00e6nke selv og l\u00e6re, at deres tanker og id\u00e9er er vigtige og bliver h\u00f8rt. I 2023 er der allerede to faste workshopdatoer med [&hellip;]<\/p>\n","protected":false},"author":1,"featured_media":0,"parent":10979,"menu_order":0,"comment_status":"closed","ping_status":"closed","template":"","meta":{"_acf_changed":false,"footnotes":""},"class_list":["post-10978","page","type-page","status-publish","hentry"],"acf":[],"_links":{"self":[{"href":"https:\/\/www.kunstfuerangeln.de\/da\/wp-json\/wp\/v2\/pages\/10978","targetHints":{"allow":["GET"]}}],"collection":[{"href":"https:\/\/www.kunstfuerangeln.de\/da\/wp-json\/wp\/v2\/pages"}],"about":[{"href":"https:\/\/www.kunstfuerangeln.de\/da\/wp-json\/wp\/v2\/types\/page"}],"author":[{"embeddable":true,"href":"https:\/\/www.kunstfuerangeln.de\/da\/wp-json\/wp\/v2\/users\/1"}],"replies":[{"embeddable":true,"href":"https:\/\/www.kunstfuerangeln.de\/da\/wp-json\/wp\/v2\/comments?post=10978"}],"version-history":[{"count":1,"href":"https:\/\/www.kunstfuerangeln.de\/da\/wp-json\/wp\/v2\/pages\/10978\/revisions"}],"predecessor-version":[{"id":10980,"href":"https:\/\/www.kunstfuerangeln.de\/da\/wp-json\/wp\/v2\/pages\/10978\/revisions\/10980"}],"up":[{"embeddable":true,"href":"https:\/\/www.kunstfuerangeln.de\/da\/wp-json\/wp\/v2\/pages\/10979"}],"wp:attachment":[{"href":"https:\/\/www.kunstfuerangeln.de\/da\/wp-json\/wp\/v2\/media?parent=10978"}],"curies":[{"name":"wp","href":"https:\/\/api.w.org\/{rel}","templated":true}]}}