{"id":11003,"date":"2022-03-29T17:37:13","date_gmt":"2022-03-29T15:37:13","guid":{"rendered":"https:\/\/www.kunstfuerangeln.de\/tidligere-udstillinger"},"modified":"2026-03-14T12:12:13","modified_gmt":"2026-03-14T11:12:13","slug":"tidligere-udstillinger","status":"publish","type":"page","link":"https:\/\/www.kunstfuerangeln.de\/da\/udstillinger\/tidligere-udstillinger","title":{"rendered":"Tidligere udstillinger"},"content":{"rendered":"\n<p class=\"has-text-color has-link-color has-large-font-size wp-elements-6d844e505d6b12cf3cefb3c85c65e1a9\" style=\"color:#e62220\"><strong>TIDLIGERE UDSTILLINGER<\/strong><\/p>\n\n<h1 class=\"wp-block-heading has-text-align-left\">B\u00d8RNENE ER STJERNERNE<\/h1>\n\n<p>Efter\u00e5rsudstillingen 2025 med titlen <strong><\/strong><strong>&#8220;<\/strong><a href=\"https:\/\/www.kunstfuerangeln.de\/da\/boernene-er-stjernerne\">The Kids are the Stars<\/a>! <strong>&#8220;<\/strong> viste mere end 400 kreative mesterv\u00e6rker af b\u00f8rn i alderen 2(!) til 14 \u00e5r i den st\u00f8rste udstilling af sin art.<br \/>Samtidig blev fotograf <strong>KATJA RUGEs<\/strong> v\u00e6rker vist p\u00e5 Wittkielhof, titlen p\u00e5 denne udstilling: <strong>&#8220;<a href=\"https:\/\/www.kunstfuerangeln.de\/da\/katja-ruge-fotografi-musik\">Electric Lights &#8211; Women in Electronic Music<\/a>&#8220;<\/strong><\/p>\n\n<figure class=\"wp-block-image size-large\"><a href=\"https:\/\/www.kunstfuerangeln.de\/da\/boernene-er-stjernerne\"><img loading=\"lazy\" decoding=\"async\" width=\"1024\" height=\"357\" src=\"https:\/\/www.kunstfuerangeln.de\/wp-content\/uploads\/2025\/10\/kidsPAST-D-1024x357.jpg\" alt=\"\" class=\"wp-image-10027\" srcset=\"https:\/\/www.kunstfuerangeln.de\/wp-content\/uploads\/2025\/10\/kidsPAST-D-1024x357.jpg 1024w, https:\/\/www.kunstfuerangeln.de\/wp-content\/uploads\/2025\/10\/kidsPAST-D-300x105.jpg 300w, https:\/\/www.kunstfuerangeln.de\/wp-content\/uploads\/2025\/10\/kidsPAST-D-768x268.jpg 768w, https:\/\/www.kunstfuerangeln.de\/wp-content\/uploads\/2025\/10\/kidsPAST-D-1536x536.jpg 1536w, https:\/\/www.kunstfuerangeln.de\/wp-content\/uploads\/2025\/10\/kidsPAST-D.jpg 2048w\" sizes=\"auto, (max-width: 1024px) 100vw, 1024px\" \/><\/a><\/figure>\n\n<hr class=\"wp-block-separator has-alpha-channel-opacity\"\/>\n\n<h1 class=\"wp-block-heading has-text-align-left\">LYS OG LANDSKAB I NORDENS KUNST<\/h1>\n\n<h2 class=\"wp-block-heading\" style=\"font-size:24px\">Udstillingen med v\u00e6rker af <strong>Till Warwas, Katharina Duwe, Frank Suplie, Klaus Fussmann, Sofie Bird M\u00f8ller, Chili Seitz, Stephen Craig, Maritta Hobe-Gelting, Gert Hein de Visser, Katja B\u00e4r, Kerrin Voges, Thomas Lunau , Martin Askholm, Iris Fridriksdottir og mange andre<\/strong> l\u00f8b af stablen i for\u00e5ret 2025. <\/h2>\n\n<p>Med dette projekt \u00f8nskede Kunst f\u00fcr Angeln e.V. at formidle den nuv\u00e6rende generation af kunstneres syn p\u00e5, hvor meget Nordens s\u00e6rlige lys og landskabsformationer p\u00e5virker deres arbejde.<\/p>\n\n<figure class=\"wp-block-image size-large\"><a href=\"https:\/\/www.kunstfuerangeln.de\/da\/lys-landskab-i-nord\"><img decoding=\"async\" src=\"https:\/\/www.kunstfuerangeln.de\/wp-content\/uploads\/2025\/05\/LILA-COVER-1024x357.jpg\" alt=\"\" class=\"wp-image-8856\"\/><\/a><\/figure>\n\n<hr class=\"wp-block-separator has-alpha-channel-opacity\"\/>\n\n<h1 class=\"wp-block-heading has-text-align-left\">DUTCH VIEWS &amp; LIGHT AND LANDSCAPE &#8211; LYS OG LANDSKAB I NORDENS KUNST<\/h1>\n\n<p>Vores for\u00e5rsudstilling 2025 &#8221; <strong>Lys og Landskab <\/strong>&#8221; var dedikeret til den indflydelse, som lys og landskabsformationer i det nordlige Slesvig-Holsten og Danmark har p\u00e5 regionens kunstnere. Det bestod af to omr\u00e5der: Del I &#8211; Samarbejde mellem skabende kunstnere fra Danmark og Slesvig-Holsten. Del II &#8211; <strong>DUTCH VIEWS &amp; LIGHT AND LANDSCAPE<\/strong>: For f\u00f8rste gang var en kunstner fra Holland inviteret.<\/p>\n\n<figure class=\"wp-block-image size-large\"><a href=\"https:\/\/www.kunstfuerangeln.de\/da\/hollandske-udsigter-lys-og-landskab-i-nordens-kunst\"><img decoding=\"async\" src=\"https:\/\/www.kunstfuerangeln.de\/wp-content\/uploads\/2025\/05\/dutch-vergang-1024x357.jpg\" alt=\"\" class=\"wp-image-8930\"\/><\/a><\/figure>\n\n<hr class=\"wp-block-separator has-alpha-channel-opacity\"\/>\n\n<h1 class=\"wp-block-heading has-text-align-left\">FOTOKUNST &#8211; IKONER FOR FOTOGRAFISK KUNST<\/h1>\n\n<h2 class=\"wp-block-heading\">Fra den 13. oktober til den 10. november 2024 blev der udstillet mesterv\u00e6rker af fotokunstnere p\u00e5 HERBSTAusstellung 2024 by Kunst f\u00fcr Angeln<\/h2>\n\n<p>Hvad er et godt billede? &#8211; Et godt billede ber\u00f8rer. Det kommer ind under huden p\u00e5 dig, det s\u00e6tter sig fast i din hukommelse. Der er billeder, som n\u00e6sten alle kender. Uanset om du allerede har studeret fotografiet og dets historie eller ej, er der nogle billeder, der er fast forankret i det 21. \u00e5rhundredes visuelle hukommelse som samtidsdokumenter.<\/p>\n\n<figure class=\"wp-block-image size-large\"><a href=\"https:\/\/www.kunstfuerangeln.de\/da\/ikoner-af-photo-art\"><img loading=\"lazy\" decoding=\"async\" width=\"1024\" height=\"357\" src=\"https:\/\/www.kunstfuerangeln.de\/wp-content\/uploads\/2024\/11\/FOTOKUNSTver-1024x357.jpg\" alt=\"\" class=\"wp-image-7683\" srcset=\"https:\/\/www.kunstfuerangeln.de\/wp-content\/uploads\/2024\/11\/FOTOKUNSTver-1024x357.jpg 1024w, https:\/\/www.kunstfuerangeln.de\/wp-content\/uploads\/2024\/11\/FOTOKUNSTver-300x105.jpg 300w, https:\/\/www.kunstfuerangeln.de\/wp-content\/uploads\/2024\/11\/FOTOKUNSTver-768x268.jpg 768w, https:\/\/www.kunstfuerangeln.de\/wp-content\/uploads\/2024\/11\/FOTOKUNSTver-1536x536.jpg 1536w, https:\/\/www.kunstfuerangeln.de\/wp-content\/uploads\/2024\/11\/FOTOKUNSTver-2048x714.jpg 2048w\" sizes=\"auto, (max-width: 1024px) 100vw, 1024px\" \/><\/a><\/figure>\n\n<div class=\"wp-block-buttons is-layout-flex wp-block-buttons-is-layout-flex\">\n<div class=\"wp-block-button is-style-outline is-style-outline--1\"><a class=\"wp-block-button__link wp-element-button\" href=\"https:\/\/www.kunstfuerangeln.de\/da\/ikoner-af-photo-art\">L\u00c6S MERE<\/a><\/div>\n<\/div>\n\n<hr class=\"wp-block-separator has-alpha-channel-opacity\"\/>\n\n<h1 class=\"wp-block-heading has-text-align-left\">INSTA MIG, BABY!<\/h1>\n\n<h2 class=\"wp-block-heading\">DE FORSKELLIGE RELATIONER MELLEM KUNST OG DEN DIGITALE VERDEN<\/h2>\n\n<p>Mennesker fra alle generationer blev opfordret til at udforske deres kreativitet i forhold til den digitale verden og de sociale medier og til at indg\u00e5 i dialog p\u00e5 tv\u00e6rs af landegr\u00e6nser og generationer.<\/p>\n\n<figure class=\"wp-block-image size-large\"><a href=\"https:\/\/www.kunstfuerangeln.de\/da\/insta-me-baby\"><img loading=\"lazy\" decoding=\"async\" width=\"1024\" height=\"357\" src=\"https:\/\/www.kunstfuerangeln.de\/wp-content\/uploads\/2024\/07\/INSTA-PAST-1024x357.jpg\" alt=\"\" class=\"wp-image-6896\" srcset=\"https:\/\/www.kunstfuerangeln.de\/wp-content\/uploads\/2024\/07\/INSTA-PAST-1024x357.jpg 1024w, https:\/\/www.kunstfuerangeln.de\/wp-content\/uploads\/2024\/07\/INSTA-PAST-300x105.jpg 300w, https:\/\/www.kunstfuerangeln.de\/wp-content\/uploads\/2024\/07\/INSTA-PAST-768x268.jpg 768w, https:\/\/www.kunstfuerangeln.de\/wp-content\/uploads\/2024\/07\/INSTA-PAST-1536x536.jpg 1536w, https:\/\/www.kunstfuerangeln.de\/wp-content\/uploads\/2024\/07\/INSTA-PAST-2048x714.jpg 2048w\" sizes=\"auto, (max-width: 1024px) 100vw, 1024px\" \/><\/a><\/figure>\n\n<div class=\"wp-block-buttons is-layout-flex wp-block-buttons-is-layout-flex\">\n<div class=\"wp-block-button is-style-outline is-style-outline--2\"><a class=\"wp-block-button__link wp-element-button\" href=\"https:\/\/www.kunstfuerangeln.de\/da\/insta-me-baby\">L\u00e6s mere om det<\/a><\/div>\n<\/div>\n\n<hr class=\"wp-block-separator has-alpha-channel-opacity\"\/>\n\n<h1 class=\"wp-block-heading has-text-align-left\">MONDWALD AND THE INCREDIBLE MAY-<br \/>50 \u00c5R MED ROOSEN-TRINKS-SAMLINGEN<\/h1>\n\n<p style=\"font-size:32px\">17. september til 15. oktober 2023<\/p>\n\n<figure class=\"wp-block-image size-large\"><a href=\"https:\/\/www.kunstfuerangeln.de\/da\/september-2023\"><img loading=\"lazy\" decoding=\"async\" width=\"1024\" height=\"410\" src=\"https:\/\/www.kunstfuerangeln.de\/wp-content\/uploads\/2024\/01\/vergangMOND-1024x410.jpg\" alt=\"\" class=\"wp-image-6108\" srcset=\"https:\/\/www.kunstfuerangeln.de\/wp-content\/uploads\/2024\/01\/vergangMOND-1024x410.jpg 1024w, https:\/\/www.kunstfuerangeln.de\/wp-content\/uploads\/2024\/01\/vergangMOND-300x120.jpg 300w, https:\/\/www.kunstfuerangeln.de\/wp-content\/uploads\/2024\/01\/vergangMOND-768x308.jpg 768w, https:\/\/www.kunstfuerangeln.de\/wp-content\/uploads\/2024\/01\/vergangMOND-1536x615.jpg 1536w, https:\/\/www.kunstfuerangeln.de\/wp-content\/uploads\/2024\/01\/vergangMOND.jpg 2048w\" sizes=\"auto, (max-width: 1024px) 100vw, 1024px\" \/><\/a><\/figure>\n\n<p>Ingrid Roosen-Trinks: &#8220;Jeg har levet med kunst i min hverdag i omkring 50 \u00e5r og kan sige, at den beriger mig enormt og udvider min horisont. Det er pr\u00e6cis, hvad jeg har brug for for ikke at miste min optimisme.&#8221;  <\/p>\n\n<div class=\"wp-block-buttons is-layout-flex wp-block-buttons-is-layout-flex\">\n<div class=\"wp-block-button is-style-outline is-style-outline--3\"><a class=\"wp-block-button__link wp-element-button\" href=\"https:\/\/www.kunstfuerangeln.de\/da\/september-2023\">L\u00e6s mere om det<\/a><\/div>\n<\/div>\n\n<hr class=\"wp-block-separator has-alpha-channel-opacity\"\/>\n\n<h1 class=\"wp-block-heading has-text-align-left\">KUNSTEN OVERVINDER GR\u00c6NSERNE<\/h1>\n\n<p style=\"font-size:32px\">16. april til 14. maj 2023<\/p>\n\n<figure class=\"wp-block-image size-large\"><a href=\"https:\/\/www.kunstfuerangeln.de\/da\/kunsten-overvinder-graenserne\"><img loading=\"lazy\" decoding=\"async\" width=\"1024\" height=\"410\" src=\"https:\/\/www.kunstfuerangeln.de\/wp-content\/uploads\/2023\/06\/D2EXH_AoverB-1024x410.jpg\" alt=\"\" class=\"wp-image-4121\" srcset=\"https:\/\/www.kunstfuerangeln.de\/wp-content\/uploads\/2023\/06\/D2EXH_AoverB-1024x410.jpg 1024w, https:\/\/www.kunstfuerangeln.de\/wp-content\/uploads\/2023\/06\/D2EXH_AoverB-300x120.jpg 300w, https:\/\/www.kunstfuerangeln.de\/wp-content\/uploads\/2023\/06\/D2EXH_AoverB-768x308.jpg 768w, https:\/\/www.kunstfuerangeln.de\/wp-content\/uploads\/2023\/06\/D2EXH_AoverB-1536x615.jpg 1536w, https:\/\/www.kunstfuerangeln.de\/wp-content\/uploads\/2023\/06\/D2EXH_AoverB.jpg 2048w\" sizes=\"auto, (max-width: 1024px) 100vw, 1024px\" \/><\/a><\/figure>\n\n<p>Den store udstilling ART OVERCOMES BOUNDARIES med kunstnere fra Danmark og Slesvig-Holsten sluttede den 14. maj 2023.<br \/>Foreningen KUNST F\u00dcR ANGELN e.V. har siden sin grundl\u00e6ggelse i 2022 engageret sig i at st\u00f8tte og styrke b\u00e5nd og venskaber med Danmark gennem kunstsamarbejder og kunstudstillinger. Med kunstnere og musikere fra Danmark og Tyskland gennem udstillinger, workshops, sociale projekter og musikfestivaler p\u00e5 Wittkielhof i Schlei-regionen i Slesvig-Holsten. <\/p>\n\n<div class=\"wp-block-buttons is-layout-flex wp-block-buttons-is-layout-flex\">\n<div class=\"wp-block-button is-style-outline is-style-outline--4\"><a class=\"wp-block-button__link wp-element-button\" href=\"https:\/\/www.kunstfuerangeln.de\/da\/kunsten-overvinder-graenserne\">L\u00c6S MERE<\/a><\/div>\n<\/div>\n\n<hr class=\"wp-block-separator has-alpha-channel-opacity\"\/>\n\n<h1 class=\"wp-block-heading has-text-align-left\">BY, LAND, NETV\u00c6RK<\/h1>\n\n<p style=\"font-size:32px\">9. oktober 2022 til 30. november 2022<\/p>\n\n<figure class=\"wp-block-image size-large\"><a href=\"https:\/\/www.kunstfuerangeln.de\/da\/by-land-netvaerk-2022\"><img loading=\"lazy\" decoding=\"async\" width=\"1024\" height=\"410\" src=\"https:\/\/www.kunstfuerangeln.de\/wp-content\/uploads\/2022\/11\/SLV-d-1024x410.jpg\" alt=\"\" class=\"wp-image-2632\" srcset=\"https:\/\/www.kunstfuerangeln.de\/wp-content\/uploads\/2022\/11\/SLV-d-1024x410.jpg 1024w, https:\/\/www.kunstfuerangeln.de\/wp-content\/uploads\/2022\/11\/SLV-d-300x120.jpg 300w, https:\/\/www.kunstfuerangeln.de\/wp-content\/uploads\/2022\/11\/SLV-d-768x308.jpg 768w, https:\/\/www.kunstfuerangeln.de\/wp-content\/uploads\/2022\/11\/SLV-d-1536x615.jpg 1536w, https:\/\/www.kunstfuerangeln.de\/wp-content\/uploads\/2022\/11\/SLV-d.jpg 2048w\" sizes=\"auto, (max-width: 1024px) 100vw, 1024px\" \/><\/a><\/figure>\n\n\n\n<p>Den anden udstilling af foreningen &#8220;Kunst f\u00fcr Angeln e.V.&#8221; sammen med Roosen-Trinks Collection l\u00f8b fra 9. oktober 2022 til 30. november 2022 og besk\u00e6ftigede sig med referencesystemerne by og land. Emner som &#8220;kunst og kunstighed&#8221;, &#8220;acceleration og deceleration&#8221;, &#8220;digitalitet&#8221; og &#8220;b\u00e6redygtighed&#8221; blev behandlet af de deltagende kunstnere. <\/p>\n\n<p class=\"has-text-align-left\">Gruppeudstillingen anlagde et multiperspektivisk syn p\u00e5 udstillingens tema og viste meget forskellige v\u00e6rker, hvilket resulterede i et mangefacetteret helhedsbillede.  <br \/><br \/>Der var stor interesse fra offentligheden og <a href=\"https:\/\/www.kunstfuerangeln.de\/da\/om-os\/i-medierne\">medierne<\/a>, hvilket er endnu et tegn p\u00e5, at en kulturinstitution som ART FOR ANGELS l\u00e6nge har v\u00e6ret \u00f8nsket i regionen. Deltagelsen i de (n\u00e6sten) daglige kunstture var tilsvarende livlig.   <\/p>\n\n<figure class=\"wp-block-video\"><video height=\"270\" style=\"aspect-ratio: 480 \/ 270;\" width=\"480\" controls=\"\" src=\"https:\/\/www.kunstfuerangeln.de\/wp-content\/uploads\/2022\/11\/opening.mov\"><\/video><\/figure>\n\n<div class=\"wp-block-columns is-layout-flex wp-container-core-columns-is-layout-9d6595d7 wp-block-columns-is-layout-flex\">\n<div class=\"wp-block-column is-layout-flow wp-block-column-is-layout-flow\">\n<p>CITY COUNTRY NETWORK<br \/>9.10.2022 &#8211; 30.11.2022<br \/><a href=\"https:\/\/www.kunstfuerangeln.de\/wp-content\/uploads\/2022\/08\/PM_Roosen_Trinks_2022_DE.pdf\" target=\"_blank\" rel=\"noreferrer noopener\">Pressemeddelelse tysk &#8211; PDF<\/a><\/p>\n<\/div>\n\n\n\n<div class=\"wp-block-column is-layout-flow wp-block-column-is-layout-flow\">\n<p>CITY &#8211; COUNTRY &#8211; CONNECTIVITY<br \/>9. oktober 2022 til 30. november 2022<br \/><a href=\"https:\/\/www.kunstfuerangeln.de\/wp-content\/uploads\/2022\/08\/PR_Roosen_Trinks_2022_EN.pdf\" target=\"_blank\" rel=\"noreferrer noopener\">Pressemeddelelse engelsk &#8211; PDF<\/a><\/p>\n<\/div>\n<\/div>\n\n<h2 class=\"wp-block-heading\">Liste over kunstnere:<\/h2>\n\n<div class=\"wp-block-columns is-layout-flex wp-container-core-columns-is-layout-9d6595d7 wp-block-columns-is-layout-flex\">\n<div class=\"wp-block-column is-layout-flow wp-block-column-is-layout-flow\">\n<p style=\"font-size:16px\">Slim Aarons  <\/p>\n\n\n\n<p style=\"font-size:16px\">Ansel Adams<\/p>\n\n\n\n<p style=\"font-size:16px\">Brian Alfred<\/p>\n\n\n\n<p style=\"font-size:16px\">Eduard Bagheer<\/p>\n\n\n\n<p style=\"font-size:16px\">Henrik Becker<\/p>\n\n\n\n<p style=\"font-size:16px\">Maria Berking<\/p>\n\n\n\n<p style=\"font-size:16px\">Thorsten Brinkmann  <\/p>\n\n\n\n<p style=\"font-size:16px\">Viktoria Binschtok<\/p>\n\n\n\n<p style=\"font-size:16px\">Julius von Bismarck  <\/p>\n\n\n\n<p style=\"font-size:16px\">Michael Conrads<\/p>\n\n\n\n<p style=\"font-size:16px\">Stephen Craig<\/p>\n\n\n\n<p style=\"font-size:16px\">Walker Evans<\/p>\n\n\n\n<p style=\"font-size:16px\">Klaus Fu\u00dfmann  <\/p>\n\n\n\n<p style=\"font-size:16px\">T.M. Glas<\/p>\n\n\n\n<p style=\"font-size:16px\">Ramiro Gomez  <\/p>\n\n\n\n<p style=\"font-size:16px\">Greg Gorman<\/p>\n\n\n\n<p style=\"font-size:16px\">Beate G\u00fctschow<\/p>\n\n\n\n<p style=\"font-size:16px\">Roswitha Hecke<\/p>\n\n\n\n<p style=\"font-size:16px\">Mat Hennek<\/p>\n\n\n\n<p style=\"font-size:16px\">Thomas Herbst<\/p>\n\n\n\n<p style=\"font-size:16px\">Jane Hilton<\/p>\n\n\n\n<p style=\"font-size:16px\">Carsten H\u00f6ller<\/p>\n\n\n\n<p style=\"font-size:16px\">Nicole Hollmann<\/p>\n\n\n\n<p style=\"font-size:16px\">Dennis Hopper  <\/p>\n\n\n\n<p style=\"font-size:16px\">Alexandra K\u00fcrtz<\/p>\n\n\n\n<p style=\"font-size:16px\">Lazl\u00f3 Maholy-Nagy<\/p>\n\n\n\n<p style=\"font-size:16px\">Rupprecht Matthies<\/p>\n\n\n\n<p style=\"font-size:16px\">Sofie Bird M\u00f8ller<\/p>\n\n\n\n<p style=\"font-size:16px\">Andreas M\u00fche<\/p>\n\n\n\n<p style=\"font-size:16px\">Maria og Natalia Petschatnikov<\/p>\n\n\n\n<p style=\"font-size:16px\">Tom Sachs<\/p>\n\n\n\n<p style=\"font-size:16px\">Max Scheler  <\/p>\n\n\n\n\n\n\n\n\n<\/div>\n\n\n\n<div class=\"wp-block-column is-layout-flow wp-block-column-is-layout-flow\">\n<p style=\"font-size:16px\">Andreas Slominski  <\/p>\n\n\n\n<p style=\"font-size:16px\">Frank Suplie<\/p>\n\n\n\n<p style=\"font-size:16px\">Christopher Thomas<\/p>\n\n\n\n<p style=\"font-size:16px\">Malte Urbschat<\/p>\n\n\n\n<p style=\"font-size:16px\">Robert Voit<\/p>\n\n\n\n<p style=\"font-size:16px\">Athena Vida (f\u00f8dt som\/tidligere kendt som Gitte Sch\u00e4fer)<\/p>\n\n\n\n<p style=\"font-size:16px\">Carol Wates<\/p>\n\n\n\n<p style=\"font-size:16px\">Donata Wenders<\/p>\n\n\n\n<p style=\"font-size:16px\">Cerith Wyn Evans<br \/><br \/><strong>Plus l\u00e5n fra:<\/strong><\/p>\n\n\n\n<p style=\"font-size:16px\">Verena Issel  <\/p>\n\n\n\n<p style=\"font-size:16px\">Camillo Ritter<\/p>\n\n\n\n<p style=\"font-size:16px\">Michael Conrads<\/p>\n\n\n\n<p style=\"font-size:16px\"><\/p>\n\n\n\n<p style=\"font-size:16px\"><strong>International:<\/strong><\/p>\n\n\n\n<p style=\"font-size:16px\">Slim Aarons (USA)<\/p>\n\n\n\n<p style=\"font-size:16px\">Ansel Adams (USA)<\/p>\n\n\n\n<p style=\"font-size:16px\">Brian Alfred (USA)<\/p>\n\n\n\n<p style=\"font-size:16px\">Stephen Craig (Irland og Tyskland)<\/p>\n\n\n\n<p style=\"font-size:16px\">Walker Evans (USA)<\/p>\n\n\n\n<p style=\"font-size:16px\">T.M. Glass (Canada)<\/p>\n\n\n\n<p style=\"font-size:16px\">Ramiro Gomez (USA og Mexico)<\/p>\n\n\n\n<p style=\"font-size:16px\">Greg Gorman (USA)<\/p>\n\n\n\n<p style=\"font-size:16px\">Mat Hennek (USA og Tyskland)<\/p>\n\n\n\n<p style=\"font-size:16px\">Jane Hilton (Storbritannien)<\/p>\n\n\n\n<p style=\"font-size:16px\">Dennis Hopper (USA)<\/p>\n\n\n\n<p style=\"font-size:16px\">Lazl\u00f3 Maholy-Nagy (\u00d8strig\/Ungarn)<\/p>\n\n\n\n<p style=\"font-size:16px\">Sofie Bird M\u00f8ller (Danmark)<\/p>\n\n\n\n<p style=\"font-size:16px\">Maria og Natalia Petschatnikov (Rusland)<\/p>\n\n\n\n<p style=\"font-size:16px\">Tom Sachs (USA)<\/p>\n\n\n\n<p style=\"font-size:16px\">Carol Wates (UK)( IPad-malerier\/udseende, et sted mellem hyperrealistisk, akvarel og abstrakt)<\/p>\n\n\n\n<p style=\"font-size:16px\">Cerith Wyn Evans (Storbritannien)<\/p>\n<\/div>\n<\/div>\n\n<hr class=\"wp-block-separator has-alpha-channel-opacity\"\/>\n\n<h1 class=\"wp-block-heading erste-ausstellung\" id=\"erste-ausstellung\">PORTR\u00c6TTER &#8211; MASKER &#8211; INDPAKNING  <\/h1>\n\n<h2 class=\"wp-block-heading\">FRA 24.04.2022 til 30.05.2022<\/h2>\n\n<figure class=\"wp-block-image size-large\"><img loading=\"lazy\" decoding=\"async\" width=\"1024\" height=\"410\" src=\"https:\/\/www.kunstfuerangeln.de\/wp-content\/uploads\/2022\/11\/VergAuss-MPV-d-1024x410.jpg\" alt=\"\" class=\"wp-image-2634\" srcset=\"https:\/\/www.kunstfuerangeln.de\/wp-content\/uploads\/2022\/11\/VergAuss-MPV-d-1024x410.jpg 1024w, https:\/\/www.kunstfuerangeln.de\/wp-content\/uploads\/2022\/11\/VergAuss-MPV-d-300x120.jpg 300w, https:\/\/www.kunstfuerangeln.de\/wp-content\/uploads\/2022\/11\/VergAuss-MPV-d-768x308.jpg 768w, https:\/\/www.kunstfuerangeln.de\/wp-content\/uploads\/2022\/11\/VergAuss-MPV-d-1536x615.jpg 1536w, https:\/\/www.kunstfuerangeln.de\/wp-content\/uploads\/2022\/11\/VergAuss-MPV-d.jpg 2048w\" sizes=\"auto, (max-width: 1024px) 100vw, 1024px\" \/><\/figure>\n\n<blockquote class=\"wp-block-quote has-text-align-right is-layout-flow wp-block-quote-is-layout-flow\">\n<p><em>&#8220;Temaet for den f\u00f8rste udstilling er lige s\u00e5 aktuelt, som det er tidl\u00f8st: masker og mennesker. For Ingrid Roosen-Trinks og for regionen er en stor dr\u00f8m g\u00e5et i opfyldelse. En dr\u00f8m, der lever af kunstens og de menneskelige m\u00f8ders vitalitet. For Ingrid Roosen-Trinks \u00f8nsker at inspirere og bev\u00e6ge: Hendes udstillinger og kunstarrangementer vil blive et nyt kulturelt m\u00f8dested for regionen &#8211; hvilket aktiv for Slesvig-Holsten!&#8221;   <\/em><\/p>\n\n\n\n\n<cite><br \/><strong>STEFANIE BUSOLD<\/strong><br \/>KUNSTR\u00c5DGIVER &amp; REPR\u00c6SENTANT FOR Sotheby&#8217;s I HAMBURG FOR NORDTYSKLAND<\/cite><\/blockquote>\n\n<div class=\"wp-block-columns is-layout-flex wp-container-core-columns-is-layout-9d6595d7 wp-block-columns-is-layout-flex\">\n<div class=\"wp-block-column is-layout-flow wp-block-column-is-layout-flow\">\n<p class=\"is-style-vorspanntext\">Portr\u00e6tter har ofte en klar funktion, de skal afspejle den portr\u00e6tteredes personlighed. Selv om fokus ikke altid er p\u00e5 at gengive virkeligheden, er m\u00e5let ofte at komme t\u00e6ttere p\u00e5 den portr\u00e6tterede for at l\u00e6re noget om vedkommende. I det klassiske tilf\u00e6lde spiller ansigtet en central rolle.  <\/p>\n\n\n\n<p class=\"is-style-vorspanntext\">Kompositionen i Lennart Graus maleri Kaufmann (2013) minder om hollandsk portr\u00e6tmaleri fra det 17. \u00e5rhundrede, men den n\u00e6gter os at se den afbildede mands ansigt. Det er Graus karakteristiske malestil &#8211; den impasto p\u00e5f\u00f8ring af farve, sammensmeltningen af malemedierne &#8211; der skaber n\u00e6sten marmorerede overflader og dermed skjuler eventuelle individuelle tr\u00e6k ved den portr\u00e6tterede. K\u00f8bmanden forbliver udefineret og hans identitet et mysterium.<br \/>Thorsten Brinckmanns fotografi Telmche (2021) pr\u00e6senterer ogs\u00e5 et traditionelt portr\u00e6t, der v\u00e6kker associationer til velkendte afbildninger fra kunsthistorien. Brinkmann leger med uigenkendeligheden af sit motiv: Den portr\u00e6tterede person ser ud til at vende sig v\u00e6k fra beskueren, og en lysegul h\u00e5ndtaske ser ud til at blive til hovedet og d\u00e6kke det p\u00e5 samme tid. P\u00e5 trods af den strenge komposition formidler fotografiet ironi og lethed. I mods\u00e6tning hertil virker figuren i Green coat (2016), en akvarel af Maria Thurn und Taxis, som b\u00e6rer en stor maske i stedet for sit hoved, stiv og fanget i \u00f8jeblikket. Fremmedg\u00f8relse og fortielse er ogs\u00e5 dominerende elementer i Thurn und Taxis&#8217; Waywards-serie. Lighederne mellem disse tre v\u00e6rker i ROOSEN-TRINKS COLLECTION er indlysende: tre figurative afbildninger, tre g\u00e5defulde portr\u00e6tter, men forskellige i medium og fort\u00e6lling. De er lige fascinerende og rejser utallige sp\u00f8rgsm\u00e5l.        <\/p>\n\n\n\n<p class=\"is-style-vorspanntext\">Is\u00e6r i tider med den igangv\u00e6rende coronaviruspandemi, hvor vi dagligt maskerer os, har vores m\u00f8de med den ukendte anden person og vores naboer \u00e6ndret sig. Hvad betyder det ikke at kunne se ind i den andens ansigt? Hvad gemmer sig bag masken?  <\/p>\n<\/div>\n\n\n\n<div class=\"wp-block-column is-layout-flow wp-block-column-is-layout-flow\">\n<figure class=\"wp-block-image size-large\"><img loading=\"lazy\" decoding=\"async\" width=\"782\" height=\"1024\" src=\"https:\/\/www.kunstfuerangeln.de\/wp-content\/uploads\/2022\/03\/2_Maria-Thurn-und-Taxis_-Green-coat_2016_Credit_Maria-Thurn-und-Taxis-782x1024.jpg\" alt=\"\" class=\"wp-image-283\" srcset=\"https:\/\/www.kunstfuerangeln.de\/wp-content\/uploads\/2022\/03\/2_Maria-Thurn-und-Taxis_-Green-coat_2016_Credit_Maria-Thurn-und-Taxis-782x1024.jpg 782w, https:\/\/www.kunstfuerangeln.de\/wp-content\/uploads\/2022\/03\/2_Maria-Thurn-und-Taxis_-Green-coat_2016_Credit_Maria-Thurn-und-Taxis-229x300.jpg 229w, https:\/\/www.kunstfuerangeln.de\/wp-content\/uploads\/2022\/03\/2_Maria-Thurn-und-Taxis_-Green-coat_2016_Credit_Maria-Thurn-und-Taxis-768x1006.jpg 768w, https:\/\/www.kunstfuerangeln.de\/wp-content\/uploads\/2022\/03\/2_Maria-Thurn-und-Taxis_-Green-coat_2016_Credit_Maria-Thurn-und-Taxis.jpg 903w\" sizes=\"auto, (max-width: 782px) 100vw, 782px\" \/><figcaption class=\"wp-element-caption\">Maria Thurn und Taxis, &#8220;Green Coat&#8221; 2016, venligst udl\u00e5nt af Roosen-Trinks Collection og kunstneren<\/figcaption><\/figure>\n<\/div>\n<\/div>\n\n<figure class=\"wp-block-image size-large\"><img loading=\"lazy\" decoding=\"async\" width=\"1024\" height=\"683\" src=\"https:\/\/www.kunstfuerangeln.de\/wp-content\/uploads\/2022\/04\/FD20708-1024x683.jpg\" alt=\"\" class=\"wp-image-474\" srcset=\"https:\/\/www.kunstfuerangeln.de\/wp-content\/uploads\/2022\/04\/FD20708-1024x683.jpg 1024w, https:\/\/www.kunstfuerangeln.de\/wp-content\/uploads\/2022\/04\/FD20708-300x200.jpg 300w, https:\/\/www.kunstfuerangeln.de\/wp-content\/uploads\/2022\/04\/FD20708-768x512.jpg 768w, https:\/\/www.kunstfuerangeln.de\/wp-content\/uploads\/2022\/04\/FD20708-1536x1024.jpg 1536w, https:\/\/www.kunstfuerangeln.de\/wp-content\/uploads\/2022\/04\/FD20708-2048x1365.jpg 2048w\" sizes=\"auto, (max-width: 1024px) 100vw, 1024px\" \/><figcaption class=\"wp-element-caption\">  foto: FRED DOTT, Hamborg<\/figcaption><\/figure>\n\n<p class=\"is-style-vorspanntext\">Kuratorerne for den f\u00f8rste udstilling var Corinna Koch og Isa Maschewski fra we, curatorial.<\/p>\n\n<p class=\"is-style-vorspanntext\">Omkring 100 v\u00e6rker blev udstillet, lige fra papirarbejder som fotos og collager til malerier, skulpturer og videov\u00e6rker. Hele g\u00e5rden blev omdannet til et pr\u00e6sentationsrum, hvor man ikke kun brugte en af staldene, men ogs\u00e5 v\u00e6relser i herreg\u00e5rden og den omkringliggende park. Den f\u00f8rste udstilling i de nye omgivelser fejrede ikke kun videreudviklingen af samlingen p\u00e5 dens nye placering og udvidelsen af kulturtilbuddene i en landlig region, men ogs\u00e5 en genoplivning af kunstscenen efter et dystert 2021. Ud over udstillingsprojekter har Ingrid Roosen-Trinks og KUNST f\u00fcr ANGELN e.V.-teamet planlagt et mangfoldigt st\u00f8tte- og uddannelsesprogram, der er designet til at appellere til alle generationer, s\u00e5som guidede ture for \u00e6ldre sammen med skoleb\u00f8rn samt workshops for b\u00f8rn med kunstnere fra samlingen.   <\/p>\n\n<p class=\"is-style-vorspanntext\"><\/p>\n\n<p class=\"is-style-vorspanntext\" style=\"text-transform:uppercase\"><strong>Deltagende kunstnere<\/strong><\/p>\n\n<div class=\"wp-block-columns is-layout-flex wp-container-core-columns-is-layout-9d6595d7 wp-block-columns-is-layout-flex\">\n<div class=\"wp-block-column is-layout-flow wp-block-column-is-layout-flow\">\n<p class=\"is-style-vorspanntext\" style=\"font-size:16px\">Eva og Adele<\/p>\n\n\n\n<p class=\"is-style-vorspanntext\" style=\"font-size:16px\">Nina Backman<\/p>\n\n\n\n<p class=\"is-style-vorspanntext\" style=\"font-size:16px\">Stephan Balkenhol<\/p>\n\n\n\n<p class=\"is-style-vorspanntext\" style=\"font-size:16px\">Heike Kati Barath<\/p>\n\n\n\n<p class=\"is-style-vorspanntext\" style=\"font-size:16px\">Tjorg Douglas Beer<\/p>\n\n\n\n<p class=\"is-style-vorspanntext\" style=\"font-size:16px\">Brian Bress<\/p>\n\n\n\n<p class=\"is-style-vorspanntext\" style=\"font-size:16px\">Thorsten Brinkmann<\/p>\n\n\n\n<p class=\"is-style-vorspanntext\" style=\"font-size:16px\">Margarita Broich<\/p>\n\n\n\n<p style=\"font-size:16px\">Antje Bromma<\/p>\n\n\n\n<p class=\"is-style-vorspanntext\" style=\"font-size:16px\">Marcel Buehler<\/p>\n\n\n\n<p class=\"is-style-vorspanntext\" style=\"font-size:16px\">Justin Cooper<\/p>\n\n\n\n<p class=\"is-style-vorspanntext\" style=\"font-size:16px\">Charles Fr\u00e9ger<\/p>\n<\/div>\n\n\n\n<div class=\"wp-block-column is-layout-flow wp-block-column-is-layout-flow\">\n<p style=\"font-size:16px\">Thomas Glassford<\/p>\n\n\n\n<p class=\"is-style-vorspanntext\" style=\"font-size:16px\">Lennart gr\u00e5<\/p>\n\n\n\n<p style=\"font-size:16px\">Beate G\u00fctschow<\/p>\n\n\n\n<p style=\"font-size:16px\">Roswitha Hecke<\/p>\n\n\n\n<p class=\"is-style-vorspanntext\" style=\"font-size:16px\">Matt Merkel Hess<\/p>\n\n\n\n<p class=\"is-style-vorspanntext\" style=\"font-size:16px\">Stefan Hirsig<\/p>\n\n\n\n<p class=\"is-style-vorspanntext\" style=\"font-size:16px\">Nicole Hollmann<\/p>\n\n\n\n<p class=\"is-style-vorspanntext\" style=\"font-size:16px\">Katrin Kampmann<\/p>\n\n\n\n<p class=\"is-style-vorspanntext\" style=\"font-size:16px\">Daniel Lergon<\/p>\n\n\n\n<p class=\"is-style-vorspanntext\" style=\"font-size:16px\">Oliver Mark<\/p>\n\n\n\n<p class=\"is-style-vorspanntext\" style=\"font-size:16px\">Bj\u00f8rn Melhus<\/p>\n\n\n\n<p class=\"is-style-vorspanntext\" style=\"font-size:16px\">Jonathan Monk<\/p>\n\n\n\n<p class=\"is-style-vorspanntext\"><\/p>\n\n\n\n<p class=\"is-style-vorspanntext\"><\/p>\n<\/div>\n\n\n\n<div class=\"wp-block-column is-layout-flow wp-block-column-is-layout-flow\">\n<p style=\"font-size:16px\">Daniel Mohr<\/p>\n\n\n\n<p style=\"font-size:16px\">Sofie Bird M\u00f8ller<\/p>\n\n\n\n<p class=\"is-style-vorspanntext\" style=\"font-size:16px\">Andreas M\u00fche<\/p>\n\n\n\n<p class=\"is-style-vorspanntext\" style=\"font-size:16px\">Richard Phillips<\/p>\n\n\n\n<p class=\"is-style-vorspanntext\" style=\"font-size:16px\">Lisl Ponger<\/p>\n\n\n\n<p style=\"font-size:16px\">Christian Schmidt-Rasmussen<\/p>\n\n\n\n<p class=\"is-style-vorspanntext\" style=\"font-size:16px\">Frank Roeseler<\/p>\n\n\n\n<p class=\"is-style-vorspanntext\" style=\"font-size:16px\">Gideon Rubin<\/p>\n\n\n\n<p class=\"is-style-vorspanntext\" style=\"font-size:16px\">Gitte Sch\u00e4fer<\/p>\n\n\n\n<p class=\"is-style-vorspanntext\" style=\"font-size:16px\">Wiebke Siem<\/p>\n\n\n\n<p class=\"is-style-vorspanntext\" style=\"font-size:16px\">Maria Thurn og Taxis<\/p>\n\n\n\n<p class=\"is-style-vorspanntext\" style=\"font-size:16px\">Malte Urbschat<\/p>\n\n\n\n<p class=\"is-style-vorspanntext\" style=\"font-size:16px\">Sahar Zukerman<\/p>\n<\/div>\n<\/div>\n\n<figure class=\"wp-block-gallery alignwide has-nested-images columns-default is-cropped wp-block-gallery-5 is-layout-flex wp-block-gallery-is-layout-flex\">\n<figure class=\"wp-block-image size-large\"><img loading=\"lazy\" decoding=\"async\" width=\"2560\" height=\"1707\" data-id=\"663\" src=\"https:\/\/www.kunstfuerangeln.de\/wp-content\/uploads\/2022\/05\/2_FD20965-scaled.jpg\" alt=\"\" class=\"wp-image-663\" srcset=\"https:\/\/www.kunstfuerangeln.de\/wp-content\/uploads\/2022\/05\/2_FD20965-scaled.jpg 2560w, https:\/\/www.kunstfuerangeln.de\/wp-content\/uploads\/2022\/05\/2_FD20965-300x200.jpg 300w, https:\/\/www.kunstfuerangeln.de\/wp-content\/uploads\/2022\/05\/2_FD20965-1024x683.jpg 1024w, https:\/\/www.kunstfuerangeln.de\/wp-content\/uploads\/2022\/05\/2_FD20965-768x512.jpg 768w, https:\/\/www.kunstfuerangeln.de\/wp-content\/uploads\/2022\/05\/2_FD20965-1536x1024.jpg 1536w, https:\/\/www.kunstfuerangeln.de\/wp-content\/uploads\/2022\/05\/2_FD20965-2048x1365.jpg 2048w\" sizes=\"auto, (max-width: 2560px) 100vw, 2560px\" \/><\/figure>\n\n\n\n<figure class=\"wp-block-image size-large\"><img loading=\"lazy\" decoding=\"async\" width=\"2560\" height=\"1707\" data-id=\"583\" src=\"https:\/\/www.kunstfuerangeln.de\/wp-content\/uploads\/2022\/05\/FD20691-scaled.jpg\" alt=\"\" class=\"wp-image-583\" srcset=\"https:\/\/www.kunstfuerangeln.de\/wp-content\/uploads\/2022\/05\/FD20691-scaled.jpg 2560w, https:\/\/www.kunstfuerangeln.de\/wp-content\/uploads\/2022\/05\/FD20691-300x200.jpg 300w, https:\/\/www.kunstfuerangeln.de\/wp-content\/uploads\/2022\/05\/FD20691-1024x683.jpg 1024w, https:\/\/www.kunstfuerangeln.de\/wp-content\/uploads\/2022\/05\/FD20691-768x512.jpg 768w, https:\/\/www.kunstfuerangeln.de\/wp-content\/uploads\/2022\/05\/FD20691-1536x1024.jpg 1536w, https:\/\/www.kunstfuerangeln.de\/wp-content\/uploads\/2022\/05\/FD20691-2048x1365.jpg 2048w\" sizes=\"auto, (max-width: 2560px) 100vw, 2560px\" \/><\/figure>\n<\/figure>\n\n<figure class=\"wp-block-image alignwide size-large\"><img loading=\"lazy\" decoding=\"async\" width=\"1024\" height=\"683\" src=\"https:\/\/www.kunstfuerangeln.de\/wp-content\/uploads\/2022\/05\/2_FD20968-1024x683.jpg\" alt=\"\" class=\"wp-image-667\" srcset=\"https:\/\/www.kunstfuerangeln.de\/wp-content\/uploads\/2022\/05\/2_FD20968-1024x683.jpg 1024w, https:\/\/www.kunstfuerangeln.de\/wp-content\/uploads\/2022\/05\/2_FD20968-300x200.jpg 300w, https:\/\/www.kunstfuerangeln.de\/wp-content\/uploads\/2022\/05\/2_FD20968-768x512.jpg 768w, https:\/\/www.kunstfuerangeln.de\/wp-content\/uploads\/2022\/05\/2_FD20968-1536x1024.jpg 1536w, https:\/\/www.kunstfuerangeln.de\/wp-content\/uploads\/2022\/05\/2_FD20968-2048x1365.jpg 2048w\" sizes=\"auto, (max-width: 1024px) 100vw, 1024px\" \/><\/figure>\n\n<figure class=\"wp-block-gallery alignwide has-nested-images columns-default is-cropped wp-block-gallery-6 is-layout-flex wp-block-gallery-is-layout-flex\">\n<figure class=\"wp-block-image size-large\"><img loading=\"lazy\" decoding=\"async\" width=\"2560\" height=\"1707\" data-id=\"587\" src=\"https:\/\/www.kunstfuerangeln.de\/wp-content\/uploads\/2022\/05\/FD20702-scaled.jpg\" alt=\"\" class=\"wp-image-587\" srcset=\"https:\/\/www.kunstfuerangeln.de\/wp-content\/uploads\/2022\/05\/FD20702-scaled.jpg 2560w, https:\/\/www.kunstfuerangeln.de\/wp-content\/uploads\/2022\/05\/FD20702-300x200.jpg 300w, https:\/\/www.kunstfuerangeln.de\/wp-content\/uploads\/2022\/05\/FD20702-1024x683.jpg 1024w, https:\/\/www.kunstfuerangeln.de\/wp-content\/uploads\/2022\/05\/FD20702-768x512.jpg 768w, https:\/\/www.kunstfuerangeln.de\/wp-content\/uploads\/2022\/05\/FD20702-1536x1024.jpg 1536w, https:\/\/www.kunstfuerangeln.de\/wp-content\/uploads\/2022\/05\/FD20702-2048x1365.jpg 2048w\" sizes=\"auto, (max-width: 2560px) 100vw, 2560px\" \/><\/figure>\n\n\n\n<figure class=\"wp-block-image size-large\"><img loading=\"lazy\" decoding=\"async\" width=\"2560\" height=\"1707\" data-id=\"589\" src=\"https:\/\/www.kunstfuerangeln.de\/wp-content\/uploads\/2022\/05\/FD20705-scaled.jpg\" alt=\"\" class=\"wp-image-589\" srcset=\"https:\/\/www.kunstfuerangeln.de\/wp-content\/uploads\/2022\/05\/FD20705-scaled.jpg 2560w, https:\/\/www.kunstfuerangeln.de\/wp-content\/uploads\/2022\/05\/FD20705-300x200.jpg 300w, https:\/\/www.kunstfuerangeln.de\/wp-content\/uploads\/2022\/05\/FD20705-1024x683.jpg 1024w, https:\/\/www.kunstfuerangeln.de\/wp-content\/uploads\/2022\/05\/FD20705-768x512.jpg 768w, https:\/\/www.kunstfuerangeln.de\/wp-content\/uploads\/2022\/05\/FD20705-1536x1024.jpg 1536w, https:\/\/www.kunstfuerangeln.de\/wp-content\/uploads\/2022\/05\/FD20705-2048x1365.jpg 2048w\" sizes=\"auto, (max-width: 2560px) 100vw, 2560px\" \/><\/figure>\n<\/figure>\n\n<figure class=\"wp-block-gallery has-nested-images columns-default is-cropped alignwide wp-block-gallery-7 is-layout-flex wp-block-gallery-is-layout-flex\">\n<figure class=\"wp-block-image size-large\"><img loading=\"lazy\" decoding=\"async\" width=\"2560\" height=\"1707\" data-id=\"711\" src=\"https:\/\/www.kunstfuerangeln.de\/wp-content\/uploads\/2022\/05\/2_FD21114-scaled.jpg\" alt=\"\" class=\"wp-image-711\" srcset=\"https:\/\/www.kunstfuerangeln.de\/wp-content\/uploads\/2022\/05\/2_FD21114-scaled.jpg 2560w, https:\/\/www.kunstfuerangeln.de\/wp-content\/uploads\/2022\/05\/2_FD21114-300x200.jpg 300w, https:\/\/www.kunstfuerangeln.de\/wp-content\/uploads\/2022\/05\/2_FD21114-1024x683.jpg 1024w, https:\/\/www.kunstfuerangeln.de\/wp-content\/uploads\/2022\/05\/2_FD21114-768x512.jpg 768w, https:\/\/www.kunstfuerangeln.de\/wp-content\/uploads\/2022\/05\/2_FD21114-1536x1024.jpg 1536w, https:\/\/www.kunstfuerangeln.de\/wp-content\/uploads\/2022\/05\/2_FD21114-2048x1365.jpg 2048w\" sizes=\"auto, (max-width: 2560px) 100vw, 2560px\" \/><\/figure>\n\n\n\n<figure class=\"wp-block-image size-large\"><img loading=\"lazy\" decoding=\"async\" width=\"2560\" height=\"1707\" data-id=\"639\" src=\"https:\/\/www.kunstfuerangeln.de\/wp-content\/uploads\/2022\/05\/2_FD20927-scaled.jpg\" alt=\"\" class=\"wp-image-639\" srcset=\"https:\/\/www.kunstfuerangeln.de\/wp-content\/uploads\/2022\/05\/2_FD20927-scaled.jpg 2560w, https:\/\/www.kunstfuerangeln.de\/wp-content\/uploads\/2022\/05\/2_FD20927-300x200.jpg 300w, https:\/\/www.kunstfuerangeln.de\/wp-content\/uploads\/2022\/05\/2_FD20927-1024x683.jpg 1024w, https:\/\/www.kunstfuerangeln.de\/wp-content\/uploads\/2022\/05\/2_FD20927-768x512.jpg 768w, https:\/\/www.kunstfuerangeln.de\/wp-content\/uploads\/2022\/05\/2_FD20927-1536x1024.jpg 1536w, https:\/\/www.kunstfuerangeln.de\/wp-content\/uploads\/2022\/05\/2_FD20927-2048x1365.jpg 2048w\" sizes=\"auto, (max-width: 2560px) 100vw, 2560px\" \/><\/figure>\n\n\n\n<figure class=\"wp-block-image size-large\"><img loading=\"lazy\" decoding=\"async\" width=\"2560\" height=\"1707\" data-id=\"625\" src=\"https:\/\/www.kunstfuerangeln.de\/wp-content\/uploads\/2022\/05\/2_FD20901-scaled.jpg\" alt=\"\" class=\"wp-image-625\" srcset=\"https:\/\/www.kunstfuerangeln.de\/wp-content\/uploads\/2022\/05\/2_FD20901-scaled.jpg 2560w, https:\/\/www.kunstfuerangeln.de\/wp-content\/uploads\/2022\/05\/2_FD20901-300x200.jpg 300w, https:\/\/www.kunstfuerangeln.de\/wp-content\/uploads\/2022\/05\/2_FD20901-1024x683.jpg 1024w, https:\/\/www.kunstfuerangeln.de\/wp-content\/uploads\/2022\/05\/2_FD20901-768x512.jpg 768w, https:\/\/www.kunstfuerangeln.de\/wp-content\/uploads\/2022\/05\/2_FD20901-1536x1024.jpg 1536w, https:\/\/www.kunstfuerangeln.de\/wp-content\/uploads\/2022\/05\/2_FD20901-2048x1365.jpg 2048w\" sizes=\"auto, (max-width: 2560px) 100vw, 2560px\" \/><\/figure>\n\n\n\n<figure class=\"wp-block-image size-large\"><img loading=\"lazy\" decoding=\"async\" width=\"1707\" height=\"2560\" data-id=\"631\" src=\"https:\/\/www.kunstfuerangeln.de\/wp-content\/uploads\/2022\/05\/2_FD20908-scaled.jpg\" alt=\"\" class=\"wp-image-631\" srcset=\"https:\/\/www.kunstfuerangeln.de\/wp-content\/uploads\/2022\/05\/2_FD20908-scaled.jpg 1707w, https:\/\/www.kunstfuerangeln.de\/wp-content\/uploads\/2022\/05\/2_FD20908-200x300.jpg 200w, https:\/\/www.kunstfuerangeln.de\/wp-content\/uploads\/2022\/05\/2_FD20908-683x1024.jpg 683w, https:\/\/www.kunstfuerangeln.de\/wp-content\/uploads\/2022\/05\/2_FD20908-768x1152.jpg 768w, https:\/\/www.kunstfuerangeln.de\/wp-content\/uploads\/2022\/05\/2_FD20908-1024x1536.jpg 1024w, https:\/\/www.kunstfuerangeln.de\/wp-content\/uploads\/2022\/05\/2_FD20908-1365x2048.jpg 1365w\" sizes=\"auto, (max-width: 1707px) 100vw, 1707px\" \/><\/figure>\n\n\n\n<figure class=\"wp-block-image size-large\"><img loading=\"lazy\" decoding=\"async\" width=\"1707\" height=\"2560\" data-id=\"635\" src=\"https:\/\/www.kunstfuerangeln.de\/wp-content\/uploads\/2022\/05\/2_FD20913-scaled.jpg\" alt=\"\" class=\"wp-image-635\" srcset=\"https:\/\/www.kunstfuerangeln.de\/wp-content\/uploads\/2022\/05\/2_FD20913-scaled.jpg 1707w, https:\/\/www.kunstfuerangeln.de\/wp-content\/uploads\/2022\/05\/2_FD20913-200x300.jpg 200w, https:\/\/www.kunstfuerangeln.de\/wp-content\/uploads\/2022\/05\/2_FD20913-683x1024.jpg 683w, https:\/\/www.kunstfuerangeln.de\/wp-content\/uploads\/2022\/05\/2_FD20913-768x1152.jpg 768w, https:\/\/www.kunstfuerangeln.de\/wp-content\/uploads\/2022\/05\/2_FD20913-1024x1536.jpg 1024w, https:\/\/www.kunstfuerangeln.de\/wp-content\/uploads\/2022\/05\/2_FD20913-1365x2048.jpg 1365w\" sizes=\"auto, (max-width: 1707px) 100vw, 1707px\" \/><\/figure>\n\n\n\n<figure class=\"wp-block-image size-large\"><img loading=\"lazy\" decoding=\"async\" width=\"2560\" height=\"1707\" data-id=\"681\" src=\"https:\/\/www.kunstfuerangeln.de\/wp-content\/uploads\/2022\/05\/2_FD20991-scaled.jpg\" alt=\"\" class=\"wp-image-681\" srcset=\"https:\/\/www.kunstfuerangeln.de\/wp-content\/uploads\/2022\/05\/2_FD20991-scaled.jpg 2560w, https:\/\/www.kunstfuerangeln.de\/wp-content\/uploads\/2022\/05\/2_FD20991-300x200.jpg 300w, https:\/\/www.kunstfuerangeln.de\/wp-content\/uploads\/2022\/05\/2_FD20991-1024x683.jpg 1024w, https:\/\/www.kunstfuerangeln.de\/wp-content\/uploads\/2022\/05\/2_FD20991-768x512.jpg 768w, https:\/\/www.kunstfuerangeln.de\/wp-content\/uploads\/2022\/05\/2_FD20991-1536x1024.jpg 1536w, https:\/\/www.kunstfuerangeln.de\/wp-content\/uploads\/2022\/05\/2_FD20991-2048x1365.jpg 2048w\" sizes=\"auto, (max-width: 2560px) 100vw, 2560px\" \/><\/figure>\n<figcaption class=\"blocks-gallery-caption wp-element-caption\">  Copyright foto: FRED DOTT, Hamborg<\/figcaption><\/figure>\n","protected":false},"excerpt":{"rendered":"<p>TIDLIGERE UDSTILLINGER B\u00d8RNENE ER STJERNERNE Efter\u00e5rsudstillingen 2025 med titlen &#8220;The Kids are the Stars! &#8220; viste mere end 400 kreative mesterv\u00e6rker af b\u00f8rn i alderen 2(!) til 14 \u00e5r i den st\u00f8rste udstilling af sin art.Samtidig blev fotograf KATJA RUGEs v\u00e6rker vist p\u00e5 Wittkielhof, titlen p\u00e5 denne udstilling: &#8220;Electric Lights &#8211; Women in Electronic Music&#8220; [&hellip;]<\/p>\n","protected":false},"author":1,"featured_media":0,"parent":11525,"menu_order":0,"comment_status":"closed","ping_status":"closed","template":"","meta":{"_acf_changed":false,"footnotes":""},"class_list":["post-11003","page","type-page","status-publish","hentry"],"acf":[],"_links":{"self":[{"href":"https:\/\/www.kunstfuerangeln.de\/da\/wp-json\/wp\/v2\/pages\/11003","targetHints":{"allow":["GET"]}}],"collection":[{"href":"https:\/\/www.kunstfuerangeln.de\/da\/wp-json\/wp\/v2\/pages"}],"about":[{"href":"https:\/\/www.kunstfuerangeln.de\/da\/wp-json\/wp\/v2\/types\/page"}],"author":[{"embeddable":true,"href":"https:\/\/www.kunstfuerangeln.de\/da\/wp-json\/wp\/v2\/users\/1"}],"replies":[{"embeddable":true,"href":"https:\/\/www.kunstfuerangeln.de\/da\/wp-json\/wp\/v2\/comments?post=11003"}],"version-history":[{"count":2,"href":"https:\/\/www.kunstfuerangeln.de\/da\/wp-json\/wp\/v2\/pages\/11003\/revisions"}],"predecessor-version":[{"id":11273,"href":"https:\/\/www.kunstfuerangeln.de\/da\/wp-json\/wp\/v2\/pages\/11003\/revisions\/11273"}],"up":[{"embeddable":true,"href":"https:\/\/www.kunstfuerangeln.de\/da\/wp-json\/wp\/v2\/pages\/11525"}],"wp:attachment":[{"href":"https:\/\/www.kunstfuerangeln.de\/da\/wp-json\/wp\/v2\/media?parent=11003"}],"curies":[{"name":"wp","href":"https:\/\/api.w.org\/{rel}","templated":true}]}}