{"id":11158,"date":"2022-03-29T17:38:12","date_gmt":"2022-03-29T15:38:12","guid":{"rendered":"https:\/\/www.kunstfuerangeln.de\/kontakt-os\/tryk-paa"},"modified":"2026-03-14T11:58:03","modified_gmt":"2026-03-14T10:58:03","slug":"tryk-paa","status":"publish","type":"page","link":"https:\/\/www.kunstfuerangeln.de\/da\/kontakt-os\/tryk-paa","title":{"rendered":"Tryk p\u00e5"},"content":{"rendered":"\n<h1 class=\"wp-block-heading\">Tryk p\u00e5<\/h1>\n\n<h2 class=\"wp-block-heading has-large-font-size\" style=\"font-style:normal;font-weight:400\">PRESSEMEDDELELSER 2025<\/h2>\n\n<p>I god tid f\u00f8r \u00e5bningen af Tysklands st\u00f8rste b\u00f8rnekunstudstilling den 28.9.25 udgav GEMEINN\u00dcTZIGE KUNST F\u00dcR ANGELN E.V. en s\u00e6rlig bog: <br \/><strong>B\u00d8RNENE ER STJERNERNE &#8211; HVORFOR B\u00d8RNEKUNST<\/strong> FORTJENER VORES FULDE OPM\u00c6RKSOMHED<br \/><a href=\"https:\/\/www.kunstfuerangeln.de\/wp-content\/uploads\/2025\/06\/2025_06_KFA_KKC_PM-1.pdf\" target=\"_blank\" rel=\"noreferrer noopener\">Press release<\/a><\/p>\n\n<p>SAMTIDIGT BLEV FOTOGRAFEN KATJA RUGEs v\u00e6rker vist p\u00e5 WITTKIELHOF, <br \/>TITEL P\u00c5 DENNE UDSTILLING: <strong>ELEKTRISK LYS &#8211; KVINDER I ELEKTRONISK MUSIK<\/strong><br \/><a href=\"https:\/\/www.kunstfuerangeln.de\/wp-content\/uploads\/2025\/09\/PM-2025_08_KFA_Electric_Lights_PM.pdf\" target=\"_blank\" rel=\"noreferrer noopener\">Pressemeddelelse<\/a><\/p>\n\n<p>LIGHT &amp; LANDSCAPE IN THE ART OF THE NORTH<br \/><a href=\"https:\/\/www.kunstfuerangeln.de\/wp-content\/uploads\/2025\/04\/2025_03_KFA_Licht_u_Landschaft_PM.pdf\" target=\"_blank\" rel=\"noreferrer noopener\">Pressemeddelelse<\/a><\/p>\n\n<p><strong>DUTCH VIEWS &amp; LIGHT AND LANDSCAPE &#8211; NORDENS LYS OG LANDSKAB I KUNSTEN I DAG<\/strong><br \/><a href=\"https:\/\/www.kunstfuerangeln.de\/wp-content\/uploads\/2025\/01\/DUTCH-VIEWS-LIGHT-AND-LANDSCAPE-LICHT-UND-LANDSCHAFT-DES-NORDENS-IN-DER-KUNST-HEUTE.pdf\" target=\"_blank\" rel=\"noreferrer noopener\">pressemeddelelse<\/a><\/p>\n\n<h2 class=\"wp-block-heading has-large-font-size\" style=\"font-style:normal;font-weight:400\">PRESSEMEDDELELSER 2024<\/h2>\n\n<p>DET ENESTE MUSEUM FOR B\u00d8RNEKUNST I SCHLESWIG-HOLSTEIN FEJRER F\u00d8DSELSDAG!<br \/><a href=\"https:\/\/www.kunstfuerangeln.de\/wp-content\/uploads\/2024\/10\/PRESSEMITTEILUNG-Kinderkunstklub-Angeln.pdf\">Pressemeddelelse<\/a><\/p>\n\n<p>ICONS OF PHOTO ART, OPENING 13 OCTOBER 2024<br \/><a href=\"https:\/\/www.kunstfuerangeln.de\/wp-content\/uploads\/2024\/09\/2024_09_Icons_of_Photography_KFA_Pressemitteilung.pdf\">Pressemeddelelse<\/a><\/p>\n\n<p>UDVIDET SAMARBEJDE MED SKOLER OG KITAS<br \/><a href=\"https:\/\/www.kunstfuerangeln.de\/wp-content\/uploads\/2024\/07\/PM-Kita-Kunst-Koperation-2024.pdf\">Pressemeddelelse<\/a><\/p>\n\n<p>F\u00d8RSTE UDSTILLING I B\u00d8RNEKUNSTKLUBBEN ANGELN 2024<br \/><a href=\"https:\/\/www.kunstfuerangeln.de\/wp-content\/uploads\/2024\/03\/PM-03_24-KKCA.pdf\">Pressemeddelelse<\/a><\/p>\n\n<h2 class=\"wp-block-heading has-large-font-size\" style=\"font-style:normal;font-weight:400\">PRESSEMEDDELELSER 2023<\/h2>\n\n<p>\u00c5BNING AF KINDER KUNST CLUB, OKTOBER 2023<br \/><a href=\"https:\/\/www.kunstfuerangeln.de\/wp-content\/uploads\/2023\/10\/PM-KINDER-KUNST-CLUB-15.10.23.pdf\" target=\"_blank\" rel=\"noreferrer noopener\">Pressemeddelelse<\/a><\/p>\n\n<p>ART IN THE CASTLE &#8211; GELTING CASTLE, 1 TO 8 OCTOBER<br \/><a rel=\"noreferrer noopener\" href=\"https:\/\/www.kunstfuerangeln.de\/wp-content\/uploads\/2023\/09\/PRESSEMITTEILUNG-KUNST-IM-SCHLOSs.pdf\" target=\"_blank\">Pressemeddelelse<\/a><\/p>\n\n<p>MONDWALD UND DER UNGLAUBLICHE MAI &#8211;<br \/>50 JAHRE SAMMLUNG ROOSEN-TRINKS<br \/><a rel=\"noreferrer noopener\" href=\"https:\/\/www.kunstfuerangeln.de\/wp-content\/uploads\/2023\/09\/17.9.23-PM_Roosen-Trinks_Mondwald-und-der-unglaubliche-Mai.pdf\" target=\"_blank\">Pressemeddelelse september 2023 &#8211; tysk PDF<\/a><\/p>\n\n<p>SCHACKENBORG &#8211; KUNST OG MUSIK OVERSKRIDER GR\u00c6NSER<br \/><a href=\"https:\/\/www.kunstfuerangeln.de\/wp-content\/uploads\/2023\/07\/Schackenborg_art-and-music-overcomes-boundaries_EN.pdf\" target=\"_blank\" rel=\"noreferrer noopener\">Pressemeddelelse juli 2023 &#8211; tysk PDF<\/a><br \/><a href=\"https:\/\/www.kunstfuerangeln.de\/wp-content\/uploads\/2023\/07\/Schackenborg_art-and-music-overcomes-boundaries_EN.pdf\" target=\"_blank\" rel=\"noreferrer noopener\">Pressemeddelelse juli 2023 &#8211; engelsk PDF<\/a><br \/><a href=\"https:\/\/www.kunstfuerangeln.de\/wp-content\/uploads\/2023\/07\/Schackenborg_art-and-music-overcomes-boundaries_DK.pdf\" target=\"_blank\" rel=\"noreferrer noopener\">Pressemeddelelse juli 2023 &#8211; dansk PDF<\/a><\/p>\n\n<p>ART AGAINST UNITY<br \/><a href=\"https:\/\/www.kunstfuerangeln.de\/wp-content\/uploads\/2023\/04\/PRESSEMITTEILUNG-KUNST-GEGEN-EINSAMKEIT-.pdf\">Pressemeddelelse 30. marts 2023 &#8211; PDF<\/a><\/p>\n\n<p>ART AGAINST LONELINESS<br \/><a href=\"https:\/\/www.kunstfuerangeln.de\/wp-content\/uploads\/2023\/04\/PRESS-RELEASE-ART-AGAINST-LONELINESS.pdf\" target=\"_blank\" rel=\"noreferrer noopener\">Pressemeddelelse 30. marts 2023 &#8211; PDF<\/a><\/p>\n\n<p>ART OVERCOMES BOUNDARIES <br \/>16.4.2023 &#8211; 14.5.2023<br \/><a href=\"https:\/\/www.kunstfuerangeln.de\/wp-content\/uploads\/2023\/02\/Pressemitteilung-3_2_23.pdf\">Pressemeddelelse tysk &#8211; PDF<\/a><br \/><br \/>ART OVERCOMES BOUNDARIES<br \/>16. april til 14. maj 2023<br \/><a href=\"https:\/\/www.kunstfuerangeln.de\/wp-content\/uploads\/2023\/02\/Press-release-3_2_23.pdf\">Pressemeddelelse engelsk &#8211; PDF<\/a><br \/><\/p>\n\n<p class=\"has-large-font-size\">PRESSEMEDDELELSER 2022<\/p>\n\n<p>CITY COUNTRY NETWORK<br \/>9.10.2022 &#8211; 30.11.2022<br \/><a href=\"https:\/\/www.kunstfuerangeln.de\/wp-content\/uploads\/2023\/04\/PM_Stadt-Land_DE.pdf\" target=\"_blank\" rel=\"noreferrer noopener\">Pressemeddelelse tysk &#8211; PDF<\/a><\/p>\n\n<p>CITY &#8211; COUNTRY &#8211; CONNECTIVITY<br \/>9. oktober 2022 til 30. november 2022<br \/><a href=\"https:\/\/www.kunstfuerangeln.de\/wp-content\/uploads\/2023\/04\/PR_city-country-EN.pdf\" target=\"_blank\" rel=\"noreferrer noopener\">Pressemeddelelse engelsk &#8211; PDF<\/a><\/p>\n\n\n\n<p>ART OVERCOMES BOUNDERIES &#8211; UDSTILLINGS- OG FILMPROJEKT<br \/>5. Oktober 2022 til april\/maj 2023<br \/><strong><a href=\"https:\/\/www.kunstfuerangeln.de\/wp-content\/uploads\/2022\/10\/D-Art-overcomes-bounderies_2023-Presse-copia.pdf\" target=\"_blank\" rel=\"noreferrer noopener\">Pressemeddelelse &#8211; PDF<\/a><\/strong><\/p>\n\n<p>ART OVERCOMES BOUNDERIES &#8211; UDSTILLING OG FILMPROJEKT<br \/>5. oktober 2022 &#8211; april\/maj 2023<br \/><strong><a href=\"https:\/\/www.kunstfuerangeln.de\/wp-content\/uploads\/2022\/10\/Art-overcomes-bounderies_2023-Press-release.pdf\" target=\"_blank\" rel=\"noreferrer noopener\">Pressemeddelelse &#8211; PDF<\/a><\/strong><\/p>\n\n<hr class=\"wp-block-separator has-alpha-channel-opacity\"\/>\n\n<div style=\"height:58px\" aria-hidden=\"true\" class=\"wp-block-spacer\"><\/div>\n\n<p class=\"has-medium-font-size\"><strong>MATERIALE TIL<\/strong> <strong>JOURNALISTER<\/strong><br \/>PR-bureau ARTPRESS BERLIN<br \/>Ute Weingarten<br \/>Juliane Schwalba<br \/><a href=\"mailto:schwalba.artpress@uteweingarten.de\">schwalba.artpress@uteweingarten.de<\/a><\/p>\n\n<hr class=\"wp-block-separator has-alpha-channel-opacity\"\/>\n\n<div style=\"height:58px\" aria-hidden=\"true\" class=\"wp-block-spacer\"><\/div>\n\n<p class=\"has-medium-font-size\"><strong>INFORMATION OM SAMLINGEN OG UDSTATIONERNE<\/strong><br \/>Samler og kurator Ingrid Roosen Trinks: <br \/><a href=\"mailto:visit@kunstfuerangeln.de\">visit@kunstfuerangeln.de<\/a><br \/><br \/><a href=\"https:\/\/www.kunstfuerangeln.de\/wp-content\/uploads\/2025\/01\/pressefoto.jpg\">PRESSEFOTO 1<\/a><br \/><a href=\"https:\/\/www.kunstfuerangeln.de\/wp-content\/uploads\/2025\/01\/Ingrid-Roosen-Trinks-%C2%A9-Nicole-Hollmann-3500px-300dpi-sRGB-scaled.jpg\">PRESSEFOTO 2<\/a><\/p>\n\n<hr class=\"wp-block-separator has-alpha-channel-opacity\"\/>\n\n<div style=\"height:58px\" aria-hidden=\"true\" class=\"wp-block-spacer\"><\/div>\n\n<p class=\"has-medium-font-size\"><strong>Publicerede artikler her:<\/strong> <a href=\"https:\/\/www.kunstfuerangeln.de\/ueber-uns\/in-den-medien\">I MEDIERNE<\/a><\/p>\n\n<hr class=\"wp-block-separator has-alpha-channel-opacity\"\/>\n\n\n","protected":false},"excerpt":{"rendered":"<p>Tryk p\u00e5 PRESSEMEDDELELSER 2025 I god tid f\u00f8r \u00e5bningen af Tysklands st\u00f8rste b\u00f8rnekunstudstilling den 28.9.25 udgav GEMEINN\u00dcTZIGE KUNST F\u00dcR ANGELN E.V. en s\u00e6rlig bog: B\u00d8RNENE ER STJERNERNE &#8211; HVORFOR B\u00d8RNEKUNST FORTJENER VORES FULDE OPM\u00c6RKSOMHEDPress release SAMTIDIGT BLEV FOTOGRAFEN KATJA RUGEs v\u00e6rker vist p\u00e5 WITTKIELHOF, TITEL P\u00c5 DENNE UDSTILLING: ELEKTRISK LYS &#8211; KVINDER I ELEKTRONISK MUSIKPressemeddelelse [&hellip;]<\/p>\n","protected":false},"author":1,"featured_media":0,"parent":10798,"menu_order":1,"comment_status":"closed","ping_status":"closed","template":"","meta":{"_acf_changed":false,"footnotes":""},"class_list":["post-11158","page","type-page","status-publish","hentry"],"acf":[],"_links":{"self":[{"href":"https:\/\/www.kunstfuerangeln.de\/da\/wp-json\/wp\/v2\/pages\/11158","targetHints":{"allow":["GET"]}}],"collection":[{"href":"https:\/\/www.kunstfuerangeln.de\/da\/wp-json\/wp\/v2\/pages"}],"about":[{"href":"https:\/\/www.kunstfuerangeln.de\/da\/wp-json\/wp\/v2\/types\/page"}],"author":[{"embeddable":true,"href":"https:\/\/www.kunstfuerangeln.de\/da\/wp-json\/wp\/v2\/users\/1"}],"replies":[{"embeddable":true,"href":"https:\/\/www.kunstfuerangeln.de\/da\/wp-json\/wp\/v2\/comments?post=11158"}],"version-history":[{"count":1,"href":"https:\/\/www.kunstfuerangeln.de\/da\/wp-json\/wp\/v2\/pages\/11158\/revisions"}],"predecessor-version":[{"id":11168,"href":"https:\/\/www.kunstfuerangeln.de\/da\/wp-json\/wp\/v2\/pages\/11158\/revisions\/11168"}],"up":[{"embeddable":true,"href":"https:\/\/www.kunstfuerangeln.de\/da\/wp-json\/wp\/v2\/pages\/10798"}],"wp:attachment":[{"href":"https:\/\/www.kunstfuerangeln.de\/da\/wp-json\/wp\/v2\/media?parent=11158"}],"curies":[{"name":"wp","href":"https:\/\/api.w.org\/{rel}","templated":true}]}}