{"id":11176,"date":"2022-07-14T17:03:35","date_gmt":"2022-07-14T15:03:35","guid":{"rendered":"https:\/\/www.kunstfuerangeln.de\/i-medierne"},"modified":"2026-03-14T12:00:49","modified_gmt":"2026-03-14T11:00:49","slug":"i-medierne","status":"publish","type":"page","link":"https:\/\/www.kunstfuerangeln.de\/da\/om-os\/i-medierne","title":{"rendered":"I medierne"},"content":{"rendered":"\n<h1 class=\"wp-block-heading\">I MEDIERNE<\/h1>\n\n<h2 class=\"wp-block-heading\">TV<\/h2>\n\n<hr class=\"wp-block-separator has-alpha-channel-opacity\"\/>\n\n<p style=\"font-size:16px\"><a href=\"https:\/\/www.ndr.de\/fernsehen\/sendungen\/schleswig-holstein_magazin\/deutschlands-groesste-kinderkunst-ausstellung-eroeffnet-in-wittkiel,shmag-3184.html\" target=\"_blank\" rel=\"noreferrer noopener\">&#8220;<em>Tysklands st\u00f8rste b\u00f8rnekunstudstilling \u00e5bner i Wittkiel&#8221;<\/em><\/a><br \/>NDR-Schleswig-Holstein Magazin,<br \/>27.9.2025<\/p>\n\n<p style=\"font-size:16px\"><a href=\"https:\/\/www.kunstfuerangeln.de\/wp-content\/uploads\/2025\/05\/IKONEN-DER-FOTOKUNST-2024.mp4\" target=\"_blank\" rel=\"noreferrer noopener\">&#8220;<em>Fra Sinatra til Ali: Udstilling viser &#8216;fotokunstens ikoner&#8217;<\/em><\/a>&#8220;<br \/>TV-indslag p\u00e5 NDR&#8217;s Schleswig-Holstein Magazin,<br \/>20\/10\/2024<\/p>\n\n<p><a href=\"https:\/\/www.kunstfuerangeln.de\/wp-content\/uploads\/2025\/10\/KUNST-IM-SCHLOSS.m4v\" target=\"_blank\" rel=\"noreferrer noopener\">&#8220;<em>Kunst p\u00e5 slottet<\/em>&#8221; <\/a><br \/>TV-indslag i Schleswig-Holstein Magazin of NDR,<br \/>30.9.2023<\/p>\n\n<p>&#8220;<em><a href=\"https:\/\/www.kunstfuerangeln.de\/wp-content\/uploads\/2025\/10\/IRT-zeigt-Teile-ihrer-Sammlung.m4v\" target=\"_blank\" rel=\"noreferrer noopener\">Wittkielhof: Samler viser dele af sin samling<\/a><\/em>&#8220;<br \/>TV-reportage i NDR&#8217;s Schleswig-Holstein Magazin, <br \/>20.9.2023<\/p>\n\n<p><a href=\"https:\/\/www.kunstfuerangeln.de\/wp-content\/uploads\/2025\/05\/Grenzueberschreitende-Kunst_1.mp4\" target=\"_blank\" rel=\"noreferrer noopener\">&#8220;<em>Gr\u00e6nseoverskridende kunst i Wittkielhof<\/em>&#8220;<\/a><br \/>TV-indslag i Schleswig-Holstein Magazin p\u00e5 NDR,<br \/>16. april 2023<\/p>\n\n<h2 class=\"wp-block-heading\">PRINT<\/h2>\n\n<hr class=\"wp-block-separator has-alpha-channel-opacity\"\/>\n\n<p style=\"font-size:16px\"><a href=\"https:\/\/www.kunstfuerangeln.de\/wp-content\/uploads\/2026\/03\/wirklich_Ausgabe-142.jpg\"><\/a><em><a href=\"https:\/\/www.kunstfuerangeln.de\/wp-content\/uploads\/2026\/03\/wirklich_Ausgabe-142.jpg\" target=\"_blank\" rel=\"noreferrer noopener\"><strong><em><\/em><em>&#8220;<\/em>Fra podcast til kunstrum<\/strong><\/a><\/em>&#8220; <br \/>&gt;&gt; | Really, nummer 142,<br \/>marts 2026<\/p>\n\n<p style=\"font-size:16px\"><a href=\"https:\/\/www.kunstfuerangeln.de\/wp-content\/uploads\/2025\/10\/BUNT250040_ART-NEW_Claus-Spalte_39836872_19_View.pdf\" target=\"_blank\" rel=\"noreferrer noopener\"><\/a><a href=\"https:\/\/www.kunstfuerangeln.de\/wp-content\/uploads\/2025\/10\/BUNT250040_ART-NEW_Claus-Spalte_39836872_19_View.pdf\" target=\"_blank\" rel=\"noreferrer noopener\"><em><\/em><em>&#8220;M\u00e5nedens id\u00e9<\/em>&#8220; <\/a><br \/>Bunte &#8211; Nr. 40,<br \/>september 2025<\/p>\n\n<p style=\"font-size:16px\"><a href=\"https:\/\/www.kunstfuerangeln.de\/wp-content\/uploads\/2025\/10\/BB_4025_Kinderkunst.pdf\" target=\"_blank\" rel=\"noreferrer noopener\"><em><\/em><em>&#8220;B\u00f8rnene er stjernerne<\/em>&#8220; <\/a><br \/>Bauernblatt, <br \/>4.10.2025<\/p>\n\n<p style=\"font-size:16px\"><a href=\"https:\/\/www.kunstfuerangeln.de\/wp-content\/uploads\/2025\/10\/SCHLEI-BOTE-KIDS-scaled.jpg\" target=\"_blank\" rel=\"noreferrer noopener\"><em><\/em><em>&#8220;N\u00e5r b\u00f8rn gent\u00e6nker kunst<\/em>&#8220; <\/a><br \/>Schlei Bote, <br \/>26.9.2025<\/p>\n\n<p style=\"font-size:16px\"><em>&#8220;<a href=\"https:\/\/www.kunstfuerangeln.de\/wp-content\/uploads\/2025\/10\/wirklic-kids-scaled.jpg\" target=\"_blank\" rel=\"noreferrer noopener\">St\u00f8rste b\u00f8rnekunstudstilling \u00e5bner p\u00e5 Wittkielhof<\/a>&#8221; <\/em><br \/>&gt;&gt; | really,<br \/>28.9.2025<\/p>\n\n<p style=\"font-size:16px\"><a href=\"https:\/\/www.kunstfuerangeln.de\/wp-content\/uploads\/2025\/01\/REETDORF.pdf\" target=\"_blank\" rel=\"noreferrer noopener\"><em>&#8220;Kunst forbinder&#8221;<\/em> <\/a><br \/>G\u00e6stemagasin Reetdorf, <br \/>15.1.2025<\/p>\n\n<p style=\"font-size:16px\"><a href=\"https:\/\/www.kunstfuerangeln.de\/wp-content\/uploads\/2025\/01\/Ausgabe-15_KW2_Interview_Roosen-Trinks.pdf\" target=\"_blank\" rel=\"noreferrer noopener\"><em>&#8220;Interview med Ingrid<\/em> <em>Roosen-Trinks, grundl\u00e6gger af foreningen Kunst f\u00fcr Angeln&#8221; <\/em><\/a><br \/>&gt;&gt; | Virkelig,<br \/>10.1.2025<\/p>\n\n<p style=\"font-size:16px\"><a href=\"https:\/\/www.kulturkanal.sh\/2024\/12\/29\/mehr-angebote-fuer-kita-und-schulkinder-ingrid-roosen-trinks\/\" target=\"_blank\" rel=\"noreferrer noopener\"><em>&#8220;Flere tilbud til dagpleje- og skoleb\u00f8rn: Ingrid Roosen-Trinks&#8221;<\/em> <\/a><br \/>kulturkanal sh, <br \/>januar 2025<\/p>\n\n<p style=\"font-size:16px\"><a href=\"https:\/\/www.kunstfuerangeln.de\/wp-content\/uploads\/2024\/09\/SCHLEI-BOTE-239.jpg\" target=\"_blank\" rel=\"noreferrer noopener\"><em><\/em><em>&#8220;Mere end 100 mesterv\u00e6rker inden for fotografi<\/em>&#8220; <\/a><br \/>Schlei Bote, <br \/>24.9.2024<\/p>\n\n<p style=\"font-size:16px\"><a href=\"https:\/\/www.shz.de\/lokales\/gluecksburg-angeln\/artikel\/ikonen-der-fotokunst-ausstellung-auf-wittkielhof-47775802\" target=\"_blank\" rel=\"noreferrer noopener\"><em>&#8220;Fotokunstens ikoner: verdensber\u00f8mte v\u00e6rker af Richard Avedon, Henri Cartier-Bresson og Dennis Hopper<\/em>&#8220;<\/a><br \/>SHZ, <br \/>23.9.2024<br \/><a href=\"https:\/\/www.kunstfuerangeln.de\/wp-content\/uploads\/2025\/01\/Ikonen-der-Fotokunst_-Ausstellung-auf-Wittkielhof-_-SHZ_24092024.pdf\" target=\"_blank\" rel=\"noreferrer noopener\">PDF<\/a><\/p>\n\n<p style=\"font-size:16px\"><a href=\"https:\/\/www.kunstfuerangeln.de\/wp-content\/uploads\/2025\/06\/wirklich-April-2025.pdf\" target=\"_blank\" rel=\"noreferrer noopener\">&#8220;<em>Fuldt hus hos foreningen &#8216;Kunst f\u00fcr Angeln'&#8221;<\/em><\/a><br \/>&gt;&gt; | really,<br \/>April, 2024<\/p>\n\n<p style=\"font-size:16px\"><em><a href=\"https:\/\/www.weltkunst.de\/kunstwissen\/2024\/04\/ingrid-roosen-trinks-kunst-fuer-angeln\" target=\"_blank\" rel=\"noreferrer noopener\">&#8220;9 sp\u00f8rgsm\u00e5l til Ingrid Roosen-Trinks&#8221;<\/a><\/em><br \/>World Art &#8211; The ZEIT art community, <br \/>12.4.2024<\/p>\n\n<p style=\"font-size:16px\"><a href=\"https:\/\/www.kunstfuerangeln.de\/wp-content\/uploads\/2024\/04\/Alethea-Magazin-Story.pdf\" target=\"_blank\" rel=\"noreferrer noopener\">&#8220;Interview med Ingrid Roosen-Trinks&#8221;<\/a><br \/>Alethea magazine, <br \/>21. marts 2024<\/p>\n\n<p><a href=\"https:\/\/www.kunstfuerangeln.de\/wp-content\/uploads\/2024\/04\/flensburger.jpeg\" target=\"_blank\" rel=\"noreferrer noopener\"><em>&#8220;<\/em><em>Insta Me, baby!<\/em><\/a> &#8211;  <em>Udstilling i Stolteb\u00fcll viser, hvordan digitale verdener p\u00e5virker kunstscenen&#8221;<\/em><br \/>Flensburger Tageblatt, <br \/>15.3.2024<\/p>\n\n<p style=\"font-size:16px\"><em><a href=\"https:\/\/www.kunstfuerangeln.de\/wp-content\/uploads\/2024\/01\/230911_Flensborg-Avis.pdf\" target=\"_blank\" rel=\"noreferrer noopener\">&#8220;Musik i Wittkiel&#8221;<\/a><\/em><br \/>Flensborg Avis, <br \/>11.9.2023<\/p>\n\n<p style=\"font-size:16px\"><a href=\"https:\/\/www.kunstfuerangeln.de\/wp-content\/uploads\/2023\/05\/einsam-FLT.jpg\" target=\"_blank\" rel=\"noreferrer noopener\">&#8220;<em>Bek\u00e6mpelse af ensomhed med kunst<\/em>&#8220;<\/a><br \/>Flensburger Tageblatt og Schleibote, <br \/>8. maj 2023<\/p>\n\n<p style=\"font-size:16px\"><a href=\"https:\/\/www.kunstfuerangeln.de\/wp-content\/uploads\/2023\/04\/KunstEinsamkeit.jpg\" target=\"_blank\" rel=\"noreferrer noopener\">&#8220;<em>P\u00e5 Schlei: Kunstprojekt<\/em> <em>mod ensomhed<\/em>&#8220;<\/a><br \/>Hamburger Abendblatt, <br \/>17. april 2023<\/p>\n\n<p style=\"font-size:16px\"><a href=\"https:\/\/www.kunstfuerangeln.de\/wp-content\/uploads\/2023\/04\/schleibote-scaled.jpg\" target=\"_blank\" rel=\"noreferrer noopener\">&#8220;<em>Kunst kan overvinde og opl\u00f8se gr\u00e6nser<\/em>&#8220;<\/a><br \/>Schleibote, <br \/>15.4.2023<\/p>\n\n<p style=\"font-size:16px\"><a href=\"https:\/\/www.kunstfuerangeln.de\/wp-content\/uploads\/2023\/09\/fle-tag.jpg\" target=\"_blank\" rel=\"noreferrer noopener\">&#8220;<em>Moderne kunst i historiske rum<\/em>&#8220;<\/a><br \/>Flensburger Tageblatt, <br \/>25.9.2023<\/p>\n\n<p style=\"font-size:16px\"><em><a href=\"https:\/\/www.kunstfuerangeln.de\/wp-content\/uploads\/2023\/10\/schleibt161023.jpg\" target=\"_blank\" rel=\"noreferrer noopener\">&#8220;Stor kunst af sm\u00e5 kunstnere&#8221;<\/a><\/em><br \/>Schleibote, <br \/>17.10.2023<\/p>\n\n<p style=\"font-size:16px\"><a href=\"https:\/\/www.kunstfuerangeln.de\/wp-content\/uploads\/2023\/04\/Kunstsammlerin-plant-grosse-Ausstellung-150--scaled.jpg\" target=\"_blank\" rel=\"noreferrer noopener\"><em>&#8220;Kunstsamler i Hamborg planl\u00e6gger udstilling om Schlei<\/em>&#8220;<\/a><br \/>Hamburger Abendblatt, <br \/>10.4.2023<\/p>\n\n<p style=\"font-size:16px\"><a href=\"https:\/\/www.kunstfuerangeln.de\/wp-content\/uploads\/2023\/01\/HH-Abendblatt-11-1-2023.jpg\" target=\"_blank\" rel=\"noreferrer noopener\">&#8220;<em>Kunst i folkeskolen<\/em>&#8220;<\/a><br \/>Hamburger Abendblatt, <br \/>11.1.2023<\/p>\n\n<p><a href=\"https:\/\/www.kunstfuerangeln.de\/wp-content\/uploads\/2024\/12\/221119_HamburgerAbendblatt.pdf\" target=\"_blank\" rel=\"noreferrer noopener\"><em>&#8220;Nu er der ogs\u00e5<\/em> <em>kunst p\u00e5 Schlei<\/em>&#8220;<\/a><br \/>Hamburger Abendblatt,<br \/>19.11.2022<\/p>\n\n<p style=\"font-size:16px\"><a href=\"https:\/\/www.kunstfuerangeln.de\/wp-content\/uploads\/2022\/11\/Tagesspiegel-19-Nov-22-899x2048.jpg\" target=\"_blank\" rel=\"noreferrer noopener\">&#8220;<em>Idyllen er bedragerisk<\/em>&#8220;<\/a><br \/>Tagesspiegel, <br \/>19.11.2022<\/p>\n\n<p style=\"font-size:16px\"><a href=\"https:\/\/www.kunstfuerangeln.de\/wp-content\/uploads\/2022\/11\/TANGO-NOV-2022.pdf\" target=\"_blank\" rel=\"noreferrer noopener\">&#8220;<em>CITY &#8211; COUNTRY &#8211; NETWORKING<\/em>&#8220;<\/a><br \/>TANGO &#8211; The Magazine<br \/>November 2022<\/p>\n\n<h2 class=\"wp-block-heading\">PODCAST<\/h2>\n\n<hr class=\"wp-block-separator has-alpha-channel-opacity\"\/>\n\n<p><a href=\"https:\/\/www.kunstpodcast.com\/1892588\/episodes\/13786218-ich-spreche-mit-der-sammlerin-ingrid-roosen-trinks\" target=\"_blank\" rel=\"noreferrer noopener\"><em>&#8220;Interview med Ingrid Roosen-Trinks&#8221;<\/em><\/a><br \/>Hvad f\u00e5r kunstscenen til at tikke?<br \/>Kunstpodcasten<br \/>16.10.2023<\/p>\n\n\n\n<h2 class=\"wp-block-heading\">ONLINE<\/h2>\n\n<hr class=\"wp-block-separator has-alpha-channel-opacity\"\/>\n\n<p><em><a href=\"https:\/\/conscious-collector.com\/2024\/01\/26\/sammlung-roosen-trinks-april-2024\/\" target=\"_blank\" rel=\"noreferrer noopener\">ROOSEN-TRINKS COLLECTION inviterer dig til at &#8220;INSTA ME, BABY!&#8221;<\/a><\/em><br \/>dedikerede bevidste samlere,<br \/>26.1.2024<\/p>\n\n<p><a href=\"https:\/\/www.shz.de\/lokales\/gluecksburg-angeln\/artikel\/nordlichtschule-suederbrarup-kunstausstellung-in-der-grundschule-43938065\" target=\"_blank\" rel=\"noreferrer noopener\"><em>&#8220;En folkeskole<\/em> <em>bliver til et museum<\/em>&#8220;<\/a><br \/>Schleswig Holstein Zeitung, <br \/>14.1.2023<\/p>\n\n<p><em><a href=\"https:\/\/www.artrabbit.com\/events\/art-music-overcome-boundaries-2023\" target=\"_blank\" rel=\"noreferrer noopener\">&#8220;Kunst og musik overvinder gr\u00e6nser&#8221;<\/a><\/em><br \/>Art Rabbit, <br \/>oktober 2023<\/p>\n\n<p>&#8220;<em><a href=\"https:\/\/www.nordschleswiger.dk\/de\/nordschleswig-tondern-kultur\/musik-und-kunstfest-schloss-schackenburg\" target=\"_blank\" rel=\"noreferrer noopener\">Musik- og kunstfestival p\u00e5 Schackenburg Slot&#8221;<\/a><\/em><br \/>Der Nordschleswiger, <br \/>12.8.2023<\/p>\n\n<p><a href=\"https:\/\/www.kunstfuerangeln.de\/da\/n-tv-interview\">&#8220;<em>Kunsten slutter ikke ved gr\u00e6nserne<\/em>&#8220;<\/a><br \/>Interview med Ingrid Roosen Trinks, <br \/>n-tv,<br \/>5.5.2023<\/p>\n\n<p><a href=\"https:\/\/www.bauernblatt.com\/mit-kunst-grenzen-ueberwinden\/\" target=\"_blank\" rel=\"noreferrer noopener\">&#8220;<em>Overvinde gr\u00e6nser med kunst<\/em>&#8220;<\/a><br \/>Bauernblatt, <br \/>20.4.2023<\/p>\n\n<p><a href=\"https:\/\/www.fla.de\/kultur\/kunst\/56070\/udstilling-angel-skal-bindes-taettere-pa-danmark\" target=\"_blank\" rel=\"noreferrer noopener\">&#8220;<em>Udstilling: Angeln b\u00f8r knyttes t\u00e6ttere til Danmark<\/em>&#8220;<\/a><br \/>Flensborg Avis online, <br \/>25. marts 2023 (p\u00e5 dansk)<\/p>\n\n<p><a href=\"https:\/\/www.abendblatt.de\/region\/schleswig-holstein\/article236943403\/kunst-auf-dem-land-500-werke-sind-an-die-schlei-gezogen-norden-kunst-ostsee.html\" target=\"_blank\" rel=\"noreferrer noopener\">&#8220;<em>Kunst p\u00e5 landet: 500 v\u00e6rker er flyttet til Schlei<\/em>&#8220;<\/a><br \/>Hamburger Abendblatt, <br \/>19.11.2022<\/p>\n\n<p><a href=\"https:\/\/www.shz.de\/lokales\/kappeln\/artikel\/ingrid-roosen-trinks-laedt-zur-zweiten-ausstellung-auf-wittkielhof-43327404\" target=\"_blank\" rel=\"noreferrer noopener\">&#8220;<em>Udstilling af samtidskunst p\u00e5 Wittkielhof i Stolteb\u00fcll<\/em>&#8220;<\/a><br \/>SHZ, <br \/>7.10.2022<\/p>\n\n<p><a href=\"https:\/\/opendoer.de\/kunstausstellung-masken-portraits-verhuellungen-ingrid-roosen-trinks\/\" target=\"_blank\" rel=\"noreferrer noopener\"><em>&#8220;Cykeltur med personlig kunsttur af Ingrid Roosen-Trinks&#8221;<\/em><\/a><br \/>OPEN D\u00d6R,<br \/>maj 2022<\/p>\n\n<p><a href=\"https:\/\/www.handelsblatt.com\/arts_und_style\/kunstmarkt\/privatsammlung-sammlerin-mit-mission-unverkrampft-der-kunst-begegnen\/28599976.html\" target=\"_blank\" rel=\"noreferrer noopener\">&#8220;<em>En samler p\u00e5 en mission: en afslappet tilgang til kunst<\/em>&#8220;<\/a><br \/>Handelsblatt, <br \/>15.08.2022<\/p>\n\n<p><a href=\"https:\/\/polis-magazin.com\/events\/event\/stadt-land-vernetzung\/\" target=\"_blank\" rel=\"noreferrer noopener\">&#8220;<em>CITY &#8211; COUNTRY &#8211; NETWORKING<\/em>&#8220;<\/a><br \/>Polis magazine, <br \/>June,2022<\/p>\n\n<p><a href=\"https:\/\/schleswig-szene.de\/die-sammlung-roosen-trinks-zieht-in-den-norden-schleswig-holsteins-nach-wittkiel.html\" target=\"_blank\" rel=\"noreferrer noopener\"><em>&#8220;ROOSEN-TRINKS-SAMLINGEN flytter til Wittkiel i det nordlige Slesvig-Holsten&#8221;<\/em><\/a><br \/>Schleswig Scene,<br \/>22. april 2022<\/p>\n\n<h2 class=\"wp-block-heading\">RADIO<\/h2>\n\n<hr class=\"wp-block-separator has-alpha-channel-opacity\"\/>\n\n<p><em><a href=\"https:\/\/www.kunstfuerangeln.de\/wp-content\/uploads\/2024\/05\/NDR1-29-4-24.mp3\" target=\"_blank\" rel=\"noreferrer noopener\">&#8220;INSTA MIG, BABY&#8221;<\/a><\/em><br \/>NDR 1 regionale nyheder (uddrag),<br \/>29.4.2024<\/p>\n\n\n","protected":false},"excerpt":{"rendered":"<p>I MEDIERNE TV &#8220;Tysklands st\u00f8rste b\u00f8rnekunstudstilling \u00e5bner i Wittkiel&#8221;NDR-Schleswig-Holstein Magazin,27.9.2025 &#8220;Fra Sinatra til Ali: Udstilling viser &#8216;fotokunstens ikoner&#8217;&#8220;TV-indslag p\u00e5 NDR&#8217;s Schleswig-Holstein Magazin,20\/10\/2024 &#8220;Kunst p\u00e5 slottet&#8221; TV-indslag i Schleswig-Holstein Magazin of NDR,30.9.2023 &#8220;Wittkielhof: Samler viser dele af sin samling&#8220;TV-reportage i NDR&#8217;s Schleswig-Holstein Magazin, 20.9.2023 &#8220;Gr\u00e6nseoverskridende kunst i Wittkielhof&#8220;TV-indslag i Schleswig-Holstein Magazin p\u00e5 NDR,16. april 2023 PRINT [&hellip;]<\/p>\n","protected":false},"author":7,"featured_media":0,"parent":11473,"menu_order":0,"comment_status":"closed","ping_status":"closed","template":"","meta":{"_acf_changed":false,"footnotes":""},"class_list":["post-11176","page","type-page","status-publish","hentry"],"acf":[],"_links":{"self":[{"href":"https:\/\/www.kunstfuerangeln.de\/da\/wp-json\/wp\/v2\/pages\/11176","targetHints":{"allow":["GET"]}}],"collection":[{"href":"https:\/\/www.kunstfuerangeln.de\/da\/wp-json\/wp\/v2\/pages"}],"about":[{"href":"https:\/\/www.kunstfuerangeln.de\/da\/wp-json\/wp\/v2\/types\/page"}],"author":[{"embeddable":true,"href":"https:\/\/www.kunstfuerangeln.de\/da\/wp-json\/wp\/v2\/users\/7"}],"replies":[{"embeddable":true,"href":"https:\/\/www.kunstfuerangeln.de\/da\/wp-json\/wp\/v2\/comments?post=11176"}],"version-history":[{"count":1,"href":"https:\/\/www.kunstfuerangeln.de\/da\/wp-json\/wp\/v2\/pages\/11176\/revisions"}],"predecessor-version":[{"id":11177,"href":"https:\/\/www.kunstfuerangeln.de\/da\/wp-json\/wp\/v2\/pages\/11176\/revisions\/11177"}],"up":[{"embeddable":true,"href":"https:\/\/www.kunstfuerangeln.de\/da\/wp-json\/wp\/v2\/pages\/11473"}],"wp:attachment":[{"href":"https:\/\/www.kunstfuerangeln.de\/da\/wp-json\/wp\/v2\/media?parent=11176"}],"curies":[{"name":"wp","href":"https:\/\/api.w.org\/{rel}","templated":true}]}}