{"id":11278,"date":"2022-03-08T14:12:11","date_gmt":"2022-03-08T13:12:11","guid":{"rendered":"https:\/\/www.kunstfuerangeln.de\/startside"},"modified":"2026-04-27T09:08:18","modified_gmt":"2026-04-27T07:08:18","slug":"startside","status":"publish","type":"page","link":"https:\/\/www.kunstfuerangeln.de\/da","title":{"rendered":"Startside"},"content":{"rendered":"\n <div id=\"slider-block_ee83811fd8630d5fc35682ba322dded5\" class=\"swiper-container-wrapper slider\">\n <div class=\"swiper-container\" data-spalten=\"1\" data-autoplay=\"1\" data-delay=\"4320\">\n    <div class=\"swiper-wrapper\">\n      \n\n <div id=\"slide-block_27dbe71fcb59bf413b31aa4d5dd21e63\" class=\"swiper-slide slide\">\n    \n\n<figure class=\"wp-block-image size-full\"><img loading=\"lazy\" decoding=\"async\" width=\"1617\" height=\"896\" src=\"https:\/\/www.kunstfuerangeln.de\/wp-content\/uploads\/2026\/04\/Ingrid-best-pict.jpg\" alt=\"\" class=\"wp-image-11748\" srcset=\"https:\/\/www.kunstfuerangeln.de\/wp-content\/uploads\/2026\/04\/Ingrid-best-pict.jpg 1617w, https:\/\/www.kunstfuerangeln.de\/wp-content\/uploads\/2026\/04\/Ingrid-best-pict-300x166.jpg 300w, https:\/\/www.kunstfuerangeln.de\/wp-content\/uploads\/2026\/04\/Ingrid-best-pict-1024x567.jpg 1024w, https:\/\/www.kunstfuerangeln.de\/wp-content\/uploads\/2026\/04\/Ingrid-best-pict-768x426.jpg 768w, https:\/\/www.kunstfuerangeln.de\/wp-content\/uploads\/2026\/04\/Ingrid-best-pict-1536x851.jpg 1536w\" sizes=\"auto, (max-width: 1617px) 100vw, 1617px\" \/><\/figure>\n\n<\/div>\n\n\n\n <div id=\"slide-block_27dbe71fcb59bf413b31aa4d5dd21e63\" class=\"swiper-slide slide\">\n    \n\n<figure class=\"wp-block-image size-full\"><a href=\"https:\/\/www.kunstfuerangeln.de\/da\/jeg-er-en-drinnie\"><img loading=\"lazy\" decoding=\"async\" width=\"1617\" height=\"896\" src=\"https:\/\/www.kunstfuerangeln.de\/wp-content\/uploads\/2026\/04\/JegerOK.jpg\" alt=\"\" class=\"wp-image-11858\" srcset=\"https:\/\/www.kunstfuerangeln.de\/wp-content\/uploads\/2026\/04\/JegerOK.jpg 1617w, https:\/\/www.kunstfuerangeln.de\/wp-content\/uploads\/2026\/04\/JegerOK-300x166.jpg 300w, https:\/\/www.kunstfuerangeln.de\/wp-content\/uploads\/2026\/04\/JegerOK-1024x567.jpg 1024w, https:\/\/www.kunstfuerangeln.de\/wp-content\/uploads\/2026\/04\/JegerOK-768x426.jpg 768w, https:\/\/www.kunstfuerangeln.de\/wp-content\/uploads\/2026\/04\/JegerOK-1536x851.jpg 1536w\" sizes=\"auto, (max-width: 1617px) 100vw, 1617px\" \/><\/a><\/figure>\n\n<\/div>\n\n\n\n <div id=\"slide-block_27dbe71fcb59bf413b31aa4d5dd21e63\" class=\"swiper-slide slide\">\n    \n\n<figure class=\"wp-block-image size-full\"><a href=\"https:\/\/www.kunstfuerangeln.de\/da\/jeg-er-en-drinnie\"><img loading=\"lazy\" decoding=\"async\" width=\"1617\" height=\"896\" src=\"https:\/\/www.kunstfuerangeln.de\/wp-content\/uploads\/2026\/03\/abb-Dsk.jpg\" alt=\"\" class=\"wp-image-11660\" srcset=\"https:\/\/www.kunstfuerangeln.de\/wp-content\/uploads\/2026\/03\/abb-Dsk.jpg 1617w, https:\/\/www.kunstfuerangeln.de\/wp-content\/uploads\/2026\/03\/abb-Dsk-300x166.jpg 300w, https:\/\/www.kunstfuerangeln.de\/wp-content\/uploads\/2026\/03\/abb-Dsk-1024x567.jpg 1024w, https:\/\/www.kunstfuerangeln.de\/wp-content\/uploads\/2026\/03\/abb-Dsk-768x426.jpg 768w, https:\/\/www.kunstfuerangeln.de\/wp-content\/uploads\/2026\/03\/abb-Dsk-1536x851.jpg 1536w\" sizes=\"auto, (max-width: 1617px) 100vw, 1617px\" \/><\/a><\/figure>\n\n<\/div>\n\n\n\n <div id=\"slide-block_27dbe71fcb59bf413b31aa4d5dd21e63\" class=\"swiper-slide slide\">\n    \n\n<figure class=\"wp-block-image size-full\"><a href=\"https:\/\/www.kunstfuerangeln.de\/da\/program-2026\"><img loading=\"lazy\" decoding=\"async\" width=\"809\" height=\"448\" src=\"https:\/\/www.kunstfuerangeln.de\/wp-content\/uploads\/2026\/03\/becker-solo-dansk.jpg\" alt=\"\" class=\"wp-image-11565\" srcset=\"https:\/\/www.kunstfuerangeln.de\/wp-content\/uploads\/2026\/03\/becker-solo-dansk.jpg 809w, https:\/\/www.kunstfuerangeln.de\/wp-content\/uploads\/2026\/03\/becker-solo-dansk-300x166.jpg 300w, https:\/\/www.kunstfuerangeln.de\/wp-content\/uploads\/2026\/03\/becker-solo-dansk-768x425.jpg 768w\" sizes=\"auto, (max-width: 809px) 100vw, 809px\" \/><\/a><\/figure>\n\n<\/div>\n\n\n\n <div id=\"slide-block_27dbe71fcb59bf413b31aa4d5dd21e63\" class=\"swiper-slide slide\">\n    \n\n<figure class=\"wp-block-image size-full\"><a href=\"https:\/\/www.kunstfuerangeln.de\/da\/kunstuddannelse\/kunst-for-boern#kindermuseum\"><img loading=\"lazy\" decoding=\"async\" width=\"809\" height=\"448\" src=\"https:\/\/www.kunstfuerangeln.de\/wp-content\/uploads\/2026\/03\/PRAeSENTERER-0ABOeRNENES-KUNSTMUSEUM.jpg\" alt=\"\" class=\"wp-image-11543\" srcset=\"https:\/\/www.kunstfuerangeln.de\/wp-content\/uploads\/2026\/03\/PRAeSENTERER-0ABOeRNENES-KUNSTMUSEUM.jpg 809w, https:\/\/www.kunstfuerangeln.de\/wp-content\/uploads\/2026\/03\/PRAeSENTERER-0ABOeRNENES-KUNSTMUSEUM-300x166.jpg 300w, https:\/\/www.kunstfuerangeln.de\/wp-content\/uploads\/2026\/03\/PRAeSENTERER-0ABOeRNENES-KUNSTMUSEUM-768x425.jpg 768w\" sizes=\"auto, (max-width: 809px) 100vw, 809px\" \/><\/a><\/figure>\n\n<\/div>\n\n\n\n <div id=\"slide-block_27dbe71fcb59bf413b31aa4d5dd21e63\" class=\"swiper-slide slide\">\n    \n\n<figure class=\"wp-block-image size-full\"><a href=\"https:\/\/www.kunstfuerangeln.de\/da\/doner\"><img loading=\"lazy\" decoding=\"async\" width=\"809\" height=\"448\" src=\"https:\/\/www.kunstfuerangeln.de\/wp-content\/uploads\/2026\/03\/NONPROFITFORENING.jpg\" alt=\"\" class=\"wp-image-11551\" srcset=\"https:\/\/www.kunstfuerangeln.de\/wp-content\/uploads\/2026\/03\/NONPROFITFORENING.jpg 809w, https:\/\/www.kunstfuerangeln.de\/wp-content\/uploads\/2026\/03\/NONPROFITFORENING-300x166.jpg 300w, https:\/\/www.kunstfuerangeln.de\/wp-content\/uploads\/2026\/03\/NONPROFITFORENING-768x425.jpg 768w\" sizes=\"auto, (max-width: 809px) 100vw, 809px\" \/><\/a><\/figure>\n\n<\/div>\n\n\n\n <div id=\"slide-block_27dbe71fcb59bf413b31aa4d5dd21e63\" class=\"swiper-slide slide\">\n    \n\n<figure class=\"wp-block-image size-full\"><a href=\"https:\/\/www.kunstfuerangeln.de\/da\/boernene-er-stjernerne#buch-d\"><img loading=\"lazy\" decoding=\"async\" width=\"809\" height=\"448\" src=\"https:\/\/www.kunstfuerangeln.de\/wp-content\/uploads\/2026\/03\/BOG.jpg\" alt=\"\" class=\"wp-image-11533\" srcset=\"https:\/\/www.kunstfuerangeln.de\/wp-content\/uploads\/2026\/03\/BOG.jpg 809w, https:\/\/www.kunstfuerangeln.de\/wp-content\/uploads\/2026\/03\/BOG-300x166.jpg 300w, https:\/\/www.kunstfuerangeln.de\/wp-content\/uploads\/2026\/03\/BOG-768x425.jpg 768w\" sizes=\"auto, (max-width: 809px) 100vw, 809px\" \/><\/a><\/figure>\n\n<\/div>\n\n\n\n <div id=\"slide-block_27dbe71fcb59bf413b31aa4d5dd21e63\" class=\"swiper-slide slide\">\n    \n\n<figure class=\"wp-block-image size-full\"><a href=\"https:\/\/www.kunstfuerangeln.de\/da\/boernene-er-stjernerne#gift-d\"><img loading=\"lazy\" decoding=\"async\" width=\"809\" height=\"448\" src=\"https:\/\/www.kunstfuerangeln.de\/wp-content\/uploads\/2026\/03\/Bestselleren.jpg\" alt=\"\" class=\"wp-image-11556\" srcset=\"https:\/\/www.kunstfuerangeln.de\/wp-content\/uploads\/2026\/03\/Bestselleren.jpg 809w, https:\/\/www.kunstfuerangeln.de\/wp-content\/uploads\/2026\/03\/Bestselleren-300x166.jpg 300w, https:\/\/www.kunstfuerangeln.de\/wp-content\/uploads\/2026\/03\/Bestselleren-768x425.jpg 768w\" sizes=\"auto, (max-width: 809px) 100vw, 809px\" \/><\/a><\/figure>\n\n<\/div>\n\n\n\n <div id=\"slide-block_27dbe71fcb59bf413b31aa4d5dd21e63\" class=\"swiper-slide slide\">\n    \n\n<figure class=\"wp-block-image size-full\"><a href=\"https:\/\/www.kunstpodcast.com\/1892588\/episodes\/13786218-ich-spreche-mit-der-sammlerin-ingrid-roosen-trinks\" target=\"_blank\" rel=\"noreferrer noopener\"><img loading=\"lazy\" decoding=\"async\" width=\"809\" height=\"448\" src=\"https:\/\/www.kunstfuerangeln.de\/wp-content\/uploads\/2026\/03\/KUNSTPODCASTEN-TALER-MED.jpg\" alt=\"\" class=\"wp-image-11561\" srcset=\"https:\/\/www.kunstfuerangeln.de\/wp-content\/uploads\/2026\/03\/KUNSTPODCASTEN-TALER-MED.jpg 809w, https:\/\/www.kunstfuerangeln.de\/wp-content\/uploads\/2026\/03\/KUNSTPODCASTEN-TALER-MED-300x166.jpg 300w, https:\/\/www.kunstfuerangeln.de\/wp-content\/uploads\/2026\/03\/KUNSTPODCASTEN-TALER-MED-768x425.jpg 768w\" sizes=\"auto, (max-width: 809px) 100vw, 809px\" \/><\/a><\/figure>\n\n<\/div>\n\n    <\/div>\n<\/div>\n<\/div>\n\n<script>\n\n<\/script>\n\n\n\n<p style=\"font-size:21px\"><strong><a href=\"https:\/\/www.kunstfuerangeln.de\/da\/jeg-er-en-drinnie\">JEG ER EN DRINNIE<\/a> \u2013 dette er titlen p\u00e5 den store for\u00e5rsudstilling.<\/strong><br \/>\u00c5bningen fandt sted den 19. april med mange kunstnere til stede!<\/p>\n\n\n\n<p style=\"font-size:21px\">Vi har bygget et hus inde i vores udstillingsrum! Det er malet og tapetseret!<\/p>\n\n\n\n<p style=\"font-size:21px\">\u201cHvis menneskerne ikke kan komme til kunsten, bringer vi kunsten til menneskerne!\u201d<br \/>\u2013 s\u00e5dan lyder credoet for foreningen <strong>KUNST F\u00dcR ANGELN<\/strong>, som samleren Ingrid Roosen-Trinks grundlagde for 4 \u00e5r siden. Siden da har hun beriget den nordligste region i Tyskland med flere udstillinger om \u00e5ret.<\/p>\n\n\n\n<p style=\"font-size:21px\">T\u00e6t p\u00e5 den danske gr\u00e6nse \u2013 midt i det gr\u00f8nne \u2013 tiltr\u00e6kker kunstv\u00e6rker fra Roosen-Trinks-samlingen samt nye v\u00e6rker af unge kunstnere fra regionen hvert \u00e5r tusindvis af bes\u00f8gende. De skiftende kunstudstillinger i lader og p\u00e5 g\u00e5rdanl\u00e6g besk\u00e6ftiger sig dels med aktuelle temaer og giver ogs\u00e5 de yngste \u2013 i B\u00f8rnekunstklub Angeln \u2013 mulighed for at udfolde deres kreativitet.<\/p>\n\n\n\n<p style=\"font-size:18px\">Ingrid Roosen-Trinks har beriget Berlins kunst- og kulturscene i 15 \u00e5r med sin samling af samtidskunst &#8211; og is\u00e6r gennem sine OPEN HOUSE-arrangementer. Siden 2022 har hun kurateret store udstillinger om forskellige temaer hvert for\u00e5r og efter\u00e5r p\u00e5 Wittkielhof, som hun opdagede p\u00e5 sine udflugter gennem regionen i det nordlige Slesvig-Holsten. Hun inviterer ogs\u00e5 b\u00f8rn til workshops. De finder sted p\u00e5 stedet og i daginstitutioner og skoler i regionen. Originale kunstv\u00e6rker fra samlingen bruges som modeller.    <\/p>\n\n\n\n<hr class=\"wp-block-separator has-alpha-channel-opacity\"\/>\n\n\n\n<div class=\"wp-block-columns is-layout-flex wp-container-core-columns-is-layout-9d6595d7 wp-block-columns-is-layout-flex\">\n<div class=\"wp-block-column is-layout-flow wp-block-column-is-layout-flow\">\n<h2 class=\"wp-block-heading\">Udstillinger 2026<\/h2>\n\n\n\n<figure class=\"wp-block-image size-full\"><a href=\"https:\/\/www.kunstfuerangeln.de\/da\/udstillinger\"><img loading=\"lazy\" decoding=\"async\" width=\"886\" height=\"666\" src=\"https:\/\/www.kunstfuerangeln.de\/wp-content\/uploads\/2025\/10\/866-ourlook.jpg\" alt=\"\" class=\"wp-image-9860\" srcset=\"https:\/\/www.kunstfuerangeln.de\/wp-content\/uploads\/2025\/10\/866-ourlook.jpg 886w, https:\/\/www.kunstfuerangeln.de\/wp-content\/uploads\/2025\/10\/866-ourlook-300x226.jpg 300w, https:\/\/www.kunstfuerangeln.de\/wp-content\/uploads\/2025\/10\/866-ourlook-768x577.jpg 768w\" sizes=\"auto, (max-width: 886px) 100vw, 886px\" \/><\/a><\/figure>\n\n\n\n<p><strong>\u201cDrinnie\u201d \u2013 fra ord til kunstv\u00e6rk.<\/strong><br \/>Det, der begyndte som et podcastf\u00e6nomen, bliver nu synligt:<br \/>Udstillingen \u201cJeg er en Drinnie\u201d overs\u00e6tter tilbagetr\u00e6kning, indre liv og komfortzone til samtidskunst.<br \/>Fra den 19. april 2026 p\u00e5 Wittkielhof ved Kappeln.<br \/>\u00c9t begreb. \u00c9n f\u00f8lelse. \u00c9n udstilling.<\/p>\n\n\n\n<p><strong>\u00c5BNINGSTIDER<\/strong><br \/><strong>Torsdag til s\u00f8ndag, dagligt fra kl. 12.00 til 17.00<br \/>19. april \u2013 17. maj 2026<br \/>hos Kunst f\u00fcr Angeln,<br \/>Wittkielhof<\/strong><\/p>\n\n\n\n<p>Og efter aftale p\u00e5:<br \/><a href=\"mailto:visit@kunstfuerangeln.de\">visit@kunstfuerangeln.de<\/a><\/p>\n\n\n\n<div class=\"wp-block-buttons is-layout-flex wp-block-buttons-is-layout-flex\">\n<div class=\"wp-block-button is-style-outline is-style-outline--1\"><a class=\"wp-block-button__link wp-element-button\" href=\"https:\/\/www.kunstfuerangeln.de\/da\/udstillinger\">L\u00c6S MERE<\/a><\/div>\n<\/div>\n<\/div>\n\n\n\n<div class=\"wp-block-column is-layout-flow wp-block-column-is-layout-flow\">\n<h2 class=\"wp-block-heading\">tilbageblik 2025<\/h2>\n\n\n\n<div style=\"height:39px\" aria-hidden=\"true\" class=\"wp-block-spacer\"><\/div>\n\n\n\n<figure class=\"wp-block-image size-full\"><a href=\"https:\/\/www.kunstfuerangeln.de\/da\/anmeldelse-2025\"><img loading=\"lazy\" decoding=\"async\" width=\"886\" height=\"666\" src=\"https:\/\/www.kunstfuerangeln.de\/wp-content\/uploads\/2025\/10\/866-rueckblick.jpg\" alt=\"\" class=\"wp-image-9862\" srcset=\"https:\/\/www.kunstfuerangeln.de\/wp-content\/uploads\/2025\/10\/866-rueckblick.jpg 886w, https:\/\/www.kunstfuerangeln.de\/wp-content\/uploads\/2025\/10\/866-rueckblick-300x226.jpg 300w, https:\/\/www.kunstfuerangeln.de\/wp-content\/uploads\/2025\/10\/866-rueckblick-768x577.jpg 768w\" sizes=\"auto, (max-width: 886px) 100vw, 886px\" \/><\/a><\/figure>\n\n\n\n<p>Kunst f\u00fcr Angeln bragte ogs\u00e5 kunsten til folket og folket til kunsten i 2025.<\/p>\n\n\n\n<div class=\"wp-block-buttons is-layout-flex wp-block-buttons-is-layout-flex\">\n<div class=\"wp-block-button is-style-outline is-style-outline--2\"><a class=\"wp-block-button__link wp-element-button\" href=\"https:\/\/www.kunstfuerangeln.de\/da\/anmeldelse-2025\">L\u00c6S MERE<\/a><\/div>\n<\/div>\n<\/div>\n\n\n\n<div class=\"wp-block-column is-layout-flow wp-block-column-is-layout-flow\">\n<h2 class=\"wp-block-heading\">WORKSHOPS FOR B\u00d8RN<\/h2>\n\n\n\n<figure class=\"wp-block-image size-full\"><a href=\"https:\/\/www.kunstfuerangeln.de\/da\/kunstuddannelse\/vaerksteder\"><img loading=\"lazy\" decoding=\"async\" width=\"886\" height=\"666\" src=\"https:\/\/www.kunstfuerangeln.de\/wp-content\/uploads\/2025\/10\/Kinderworkshop-BECKER.jpg\" alt=\"\" class=\"wp-image-9566\" srcset=\"https:\/\/www.kunstfuerangeln.de\/wp-content\/uploads\/2025\/10\/Kinderworkshop-BECKER.jpg 886w, https:\/\/www.kunstfuerangeln.de\/wp-content\/uploads\/2025\/10\/Kinderworkshop-BECKER-300x226.jpg 300w, https:\/\/www.kunstfuerangeln.de\/wp-content\/uploads\/2025\/10\/Kinderworkshop-BECKER-768x577.jpg 768w\" sizes=\"auto, (max-width: 886px) 100vw, 886px\" \/><\/a><\/figure>\n\n\n\n<p>April-workshoppen 2026 med Thomas Lunau var en begivenhed! Rigtig mange b\u00f8rn i alle aldersgrupper deltog.<\/p>\n\n\n\n<p><strong>N\u00c6STE B\u00d8RNEWORKSHOP<br \/>med Henrik Becker finder sted i<br \/>oktober 2026!<\/strong><\/p>\n\n\n\n<div class=\"wp-block-buttons is-layout-flex wp-block-buttons-is-layout-flex\">\n<div class=\"wp-block-button is-style-outline is-style-outline--3\"><a class=\"wp-block-button__link wp-element-button\" href=\"https:\/\/www.kunstfuerangeln.de\/da\/kunstuddannelse\/vaerksteder\">L\u00c6S MERE<\/a><\/div>\n<\/div>\n<\/div>\n<\/div>\n\n\n\n<div class=\"wp-block-columns is-layout-flex wp-container-core-columns-is-layout-9d6595d7 wp-block-columns-is-layout-flex\">\n<div class=\"wp-block-column is-layout-flow wp-block-column-is-layout-flow\">\n<h2 class=\"wp-block-heading\">KUNST I SKOLEN<\/h2>\n\n\n\n<div style=\"height:37px\" aria-hidden=\"true\" class=\"wp-block-spacer\"><\/div>\n\n\n\n<figure class=\"wp-block-image size-full\"><a href=\"https:\/\/www.kunstfuerangeln.de\/da\/kunst-i-skolen\"><img loading=\"lazy\" decoding=\"async\" width=\"886\" height=\"666\" src=\"https:\/\/www.kunstfuerangeln.de\/wp-content\/uploads\/2023\/05\/KunstSchule.jpg\" alt=\"\" class=\"wp-image-3843\" srcset=\"https:\/\/www.kunstfuerangeln.de\/wp-content\/uploads\/2023\/05\/KunstSchule.jpg 886w, https:\/\/www.kunstfuerangeln.de\/wp-content\/uploads\/2023\/05\/KunstSchule-300x226.jpg 300w, https:\/\/www.kunstfuerangeln.de\/wp-content\/uploads\/2023\/05\/KunstSchule-768x577.jpg 768w\" sizes=\"auto, (max-width: 886px) 100vw, 886px\" \/><\/a><\/figure>\n\n\n\n<p>&#8220;SECUNDA&#8221;: Kunst for anden gang p\u00e5 Nordlichtskolen<br \/>KUNST F\u00dcR ANGELN og Nordlichtskolen S\u00fcderbrarup \u00e5bnede den 26. april 2023 den anden kunstudstilling med billeder af samtidskunst fra ROOSEN- TRINKS-samlingen.<\/p>\n\n\n\n\n\n\n\n<div class=\"wp-block-buttons is-layout-flex wp-block-buttons-is-layout-flex\">\n<div class=\"wp-block-button is-style-outline is-style-outline--4\"><a class=\"wp-block-button__link wp-element-button\" href=\"https:\/\/www.kunstfuerangeln.de\/da\/kunst-i-skolen\">L\u00c6S MERE<\/a><\/div>\n<\/div>\n<\/div>\n\n\n\n<div class=\"wp-block-column is-layout-flow wp-block-column-is-layout-flow\">\n<h2 class=\"wp-block-heading\">Kunsten m\u00f8der b\u00f8rnene <br \/><\/h2>\n\n\n\n<figure class=\"wp-block-image size-full\"><a href=\"https:\/\/www.kunstfuerangeln.de\/da\/kunsten-kommer-til-daginstitutionen\"><img loading=\"lazy\" decoding=\"async\" width=\"886\" height=\"666\" src=\"https:\/\/www.kunstfuerangeln.de\/wp-content\/uploads\/2024\/01\/Thore-B-home866-1.jpg\" alt=\"\" class=\"wp-image-5889\" srcset=\"https:\/\/www.kunstfuerangeln.de\/wp-content\/uploads\/2024\/01\/Thore-B-home866-1.jpg 886w, https:\/\/www.kunstfuerangeln.de\/wp-content\/uploads\/2024\/01\/Thore-B-home866-1-300x226.jpg 300w, https:\/\/www.kunstfuerangeln.de\/wp-content\/uploads\/2024\/01\/Thore-B-home866-1-768x577.jpg 768w\" sizes=\"auto, (max-width: 886px) 100vw, 886px\" \/><\/a><\/figure>\n\n\n\n<p>Foreningen KUNST F\u00dcR ANGELN  og det protestantiske Kita Werk Schleswig-Holstein pr\u00e6senterer igen i 2025 de nyeste kunstv\u00e6rker af KITA-b\u00f8rn fra Flensborg, Gelting og Scheggerott: Kunsten vender tilbage til daginstitutionen og inspirerer b\u00f8rnene til at skabe deres egne kunstv\u00e6rker.<br \/>Resultaterne bliver udstillet i KINDER KUNST CLUB ANGELN p\u00e5 WITTKIELHOF, Slesvig-Holstens eneste museum for b\u00f8rnekunst!<\/p>\n\n\n\n<div class=\"wp-block-buttons is-layout-flex wp-block-buttons-is-layout-flex\">\n<div class=\"wp-block-button is-style-outline is-style-outline--5\"><a class=\"wp-block-button__link wp-element-button\" href=\"https:\/\/www.kunstfuerangeln.de\/da\/kunsten-kommer-til-daginstitutionen\">L\u00c6S MERE<\/a><\/div>\n<\/div>\n<\/div>\n\n\n\n<div class=\"wp-block-column is-layout-flow wp-block-column-is-layout-flow\">\n<h2 class=\"wp-block-heading\">MIXED<\/h2>\n\n\n\n<div style=\"height:37px\" aria-hidden=\"true\" class=\"wp-block-spacer\"><\/div>\n\n\n\n<figure class=\"wp-block-image size-full\"><a href=\"https:\/\/www.kunstfuerangeln.de\/da\/mixed\"><img loading=\"lazy\" decoding=\"async\" width=\"886\" height=\"666\" src=\"https:\/\/www.kunstfuerangeln.de\/wp-content\/uploads\/2023\/08\/BIRDnew.jpg\" alt=\"fugl\" class=\"wp-image-4681\" srcset=\"https:\/\/www.kunstfuerangeln.de\/wp-content\/uploads\/2023\/08\/BIRDnew.jpg 886w, https:\/\/www.kunstfuerangeln.de\/wp-content\/uploads\/2023\/08\/BIRDnew-300x226.jpg 300w, https:\/\/www.kunstfuerangeln.de\/wp-content\/uploads\/2023\/08\/BIRDnew-768x577.jpg 768w\" sizes=\"auto, (max-width: 886px) 100vw, 886px\" \/><\/a><\/figure>\n\n\n\n<p>Forskellige ting fra samlingen og fra kunstnerne.<\/p>\n\n\n\n<div class=\"wp-block-buttons is-layout-flex wp-block-buttons-is-layout-flex\">\n<div class=\"wp-block-button is-style-outline is-style-outline--6\"><a class=\"wp-block-button__link wp-element-button\" href=\"https:\/\/www.kunstfuerangeln.de\/da\/mixed\">L\u00c6S MERE<\/a><\/div>\n<\/div>\n<\/div>\n<\/div>\n\n\n\n<div class=\"wp-block-columns is-layout-flex wp-container-core-columns-is-layout-9d6595d7 wp-block-columns-is-layout-flex\">\n<div class=\"wp-block-column is-layout-flow wp-block-column-is-layout-flow\">\n<h2 class=\"wp-block-heading\">BES\u00d8G<\/h2>\n\n\n\n<figure class=\"wp-block-image size-large\"><a href=\"https:\/\/www.kunstfuerangeln.de\/da\/besoeg\"><img decoding=\"async\" src=\"https:\/\/www.kunstfuerangeln.de\/wp-content\/uploads\/2023\/04\/Besuch.jpg\" alt=\"\"\/><\/a><\/figure>\n\n\n\n<p>Ankomst, ture, omgivelser, registrering og meget mere.<\/p>\n\n\n\n<div class=\"wp-block-buttons is-layout-flex wp-block-buttons-is-layout-flex\">\n<div class=\"wp-block-button is-style-outline is-style-outline--7\"><a class=\"wp-block-button__link wp-element-button\" href=\"https:\/\/www.kunstfuerangeln.de\/da\/besoeg\">L\u00c6S MERE<\/a><\/div>\n<\/div>\n<\/div>\n\n\n\n<div class=\"wp-block-column is-layout-flow wp-block-column-is-layout-flow\">\n<h2 class=\"wp-block-heading\">ERKL\u00c6RINGER<\/h2>\n\n\n\n<figure class=\"wp-block-image size-large\"><a href=\"https:\/\/www.kunstfuerangeln.de\/da\/om-os\/udtalelser\"><img decoding=\"async\" src=\"https:\/\/www.kunstfuerangeln.de\/wp-content\/uploads\/2022\/06\/start_img_2statement.jpg\" alt=\"\"\/><\/a><\/figure>\n\n\n\n<p>Venskab, lidenskab, kunstnerisk forst\u00e5else &#8211; udtalelser fra ledsagere<br \/><\/p>\n\n\n\n<div class=\"wp-block-buttons is-layout-flex wp-block-buttons-is-layout-flex\">\n<div class=\"wp-block-button is-style-outline is-style-outline--8\"><a class=\"wp-block-button__link wp-element-button\" href=\"https:\/\/www.kunstfuerangeln.de\/da\/om-os\/udtalelser\">L\u00c6S MERE<\/a><\/div>\n<\/div>\n<\/div>\n\n\n\n<div class=\"wp-block-column is-layout-flow wp-block-column-is-layout-flow\">\n<h2 class=\"wp-block-heading\">IDEA<\/h2>\n\n\n\n<figure class=\"wp-block-image size-large\"><a href=\"https:\/\/www.kunstfuerangeln.de\/da\/om-os\/ide\"><img decoding=\"async\" src=\"https:\/\/www.kunstfuerangeln.de\/wp-content\/uploads\/2022\/07\/start_img_1aidee-1.jpg\" alt=\"\"\/><\/a><\/figure>\n\n\n\n<p>KUNST f\u00fcr ANGELN  har til form\u00e5l at berige regionen med samtidskunst.<\/p>\n\n\n\n<div class=\"wp-block-buttons is-layout-flex wp-block-buttons-is-layout-flex\">\n<div class=\"wp-block-button is-style-outline is-style-outline--9\"><a class=\"wp-block-button__link wp-element-button\" href=\"https:\/\/www.kunstfuerangeln.de\/da\/om-os\/ide\">L\u00c6S MERE<\/a><\/div>\n<\/div>\n<\/div>\n<\/div>\n\n\n\n<div class=\"wp-block-columns is-layout-flex wp-container-core-columns-is-layout-9d6595d7 wp-block-columns-is-layout-flex\">\n<div class=\"wp-block-column is-layout-flow wp-block-column-is-layout-flow\">\n<h2 class=\"wp-block-heading\">WITTKIELHOF<\/h2>\n\n\n\n<figure class=\"wp-block-image size-large\"><a href=\"https:\/\/www.kunstfuerangeln.de\/da\/wittkielhof\"><img decoding=\"async\" src=\"https:\/\/www.kunstfuerangeln.de\/wp-content\/uploads\/2022\/11\/Hof-Neu.jpg\" alt=\"\"\/><\/a><\/figure>\n\n\n\n<p>Wittkielhof er en typisk Angelit-g\u00e5rd med tre sider, en type g\u00e5rd, der er karakteristisk for Angeln-halv\u00f8en i det nordlige Slesvig-Holsten, og som udviklede sig i det 19. \u00e5rhundrede.<\/p>\n\n\n\n<div class=\"wp-block-buttons is-layout-flex wp-block-buttons-is-layout-flex\">\n<div class=\"wp-block-button is-style-outline is-style-outline--10\"><a class=\"wp-block-button__link wp-element-button\" href=\"https:\/\/www.kunstfuerangeln.de\/da\/wittkielhof\">L\u00c6S MERE<\/a><\/div>\n<\/div>\n<\/div>\n\n\n\n<div class=\"wp-block-column is-layout-flow wp-block-column-is-layout-flow\"><\/div>\n\n\n\n<div class=\"wp-block-column is-layout-flow wp-block-column-is-layout-flow\"><\/div>\n<\/div>\n\n\n\n\n","protected":false},"excerpt":{"rendered":"<p>JEG ER EN DRINNIE \u2013 dette er titlen p\u00e5 den store for\u00e5rsudstilling.\u00c5bningen fandt sted den 19. april med mange kunstnere til stede! Vi har bygget et hus inde i vores udstillingsrum! Det er malet og tapetseret! \u201cHvis menneskerne ikke kan komme til kunsten, bringer vi kunsten til menneskerne!\u201d\u2013 s\u00e5dan lyder credoet for foreningen KUNST F\u00dcR [&hellip;]<\/p>\n","protected":false},"author":1,"featured_media":0,"parent":0,"menu_order":0,"comment_status":"closed","ping_status":"closed","template":"","meta":{"_acf_changed":false,"footnotes":""},"class_list":["post-11278","page","type-page","status-publish","hentry"],"acf":[],"_links":{"self":[{"href":"https:\/\/www.kunstfuerangeln.de\/da\/wp-json\/wp\/v2\/pages\/11278","targetHints":{"allow":["GET"]}}],"collection":[{"href":"https:\/\/www.kunstfuerangeln.de\/da\/wp-json\/wp\/v2\/pages"}],"about":[{"href":"https:\/\/www.kunstfuerangeln.de\/da\/wp-json\/wp\/v2\/types\/page"}],"author":[{"embeddable":true,"href":"https:\/\/www.kunstfuerangeln.de\/da\/wp-json\/wp\/v2\/users\/1"}],"replies":[{"embeddable":true,"href":"https:\/\/www.kunstfuerangeln.de\/da\/wp-json\/wp\/v2\/comments?post=11278"}],"version-history":[{"count":10,"href":"https:\/\/www.kunstfuerangeln.de\/da\/wp-json\/wp\/v2\/pages\/11278\/revisions"}],"predecessor-version":[{"id":12030,"href":"https:\/\/www.kunstfuerangeln.de\/da\/wp-json\/wp\/v2\/pages\/11278\/revisions\/12030"}],"wp:attachment":[{"href":"https:\/\/www.kunstfuerangeln.de\/da\/wp-json\/wp\/v2\/media?parent=11278"}],"curies":[{"name":"wp","href":"https:\/\/api.w.org\/{rel}","templated":true}]}}